{"id":972,"date":"2023-05-08T17:45:33","date_gmt":"2023-05-08T22:45:33","guid":{"rendered":"https:\/\/ecologiasdigitales.org\/?page_id=972"},"modified":"2025-07-18T12:54:56","modified_gmt":"2025-07-18T17:54:56","slug":"memorias-9ed","status":"publish","type":"page","link":"https:\/\/ecologiasdigitales.org\/en\/memorias-9ed\/","title":{"rendered":"Memorias 9 Ecolog\u00edas Digitales"},"content":{"rendered":"<p>[et_pb_section fb_built=\u00bb1&#8243; admin_label=\u00bbHeader\u00bb _builder_version=\u00bb4.21.0&#8243; use_background_color_gradient=\u00bbon\u00bb background_color_gradient_direction=\u00bb124deg\u00bb background_color_gradient_stops=\u00bbrgba(255,255,255,0.1) 30%|#f2296b 90%\u00bb background_color_gradient_start=\u00bbrgba(255,255,255,0.1)\u00bb background_color_gradient_start_position=\u00bb30%\u00bb background_color_gradient_end=\u00bb#31d190&#8243; background_color_gradient_end_position=\u00bb90%\u00bb background_image=\u00bbhttps:\/\/ecologiasdigitales.org\/wp-content\/uploads\/2023\/06\/ebook-17-1.png\u00bb parallax=\u00bbon\u00bb parallax_method=\u00bboff\u00bb custom_padding=\u00bb3vw||3vw||true|false\u00bb da_disable_devices=\u00bboff|off|off\u00bb border_color_all=\u00bb#a0d955&#8243; border_width_left=\u00bb40px\u00bb locked=\u00bboff\u00bb global_colors_info=\u00bb{}\u00bb da_is_popup=\u00bboff\u00bb da_exit_intent=\u00bboff\u00bb da_has_close=\u00bbon\u00bb da_alt_close=\u00bboff\u00bb da_dark_close=\u00bboff\u00bb da_not_modal=\u00bbon\u00bb da_is_singular=\u00bboff\u00bb da_with_loader=\u00bboff\u00bb da_has_shadow=\u00bbon\u00bb][et_pb_row column_structure=\u00bb1_2,1_2&#8243; use_custom_gutter=\u00bbon\u00bb gutter_width=\u00bb4&#8243; _builder_version=\u00bb4.16&#8243; background_size=\u00bbcontain\u00bb background_position=\u00bbbottom_center\u00bb max_width=\u00bb1280px\u00bb global_colors_info=\u00bb{}\u00bb][et_pb_column type=\u00bb1_2&#8243; _builder_version=\u00bb4.16&#8243; custom_padding=\u00bb40px|||\u00bb custom_padding_tablet=\u00bb0vw|||\u00bb global_colors_info=\u00bb{}\u00bb custom_padding__hover=\u00bb|||\u00bb][et_pb_text _builder_version=\u00bb4.27.4&#8243; text_font_size=\u00bb1.2em\u00bb text_line_height=\u00bb1.5em\u00bb header_font=\u00bb&#8211;et_global_heading_font|||on|||||\u00bb header_text_color=\u00bb#e8316d\u00bb header_font_size=\u00bb68px\u00bb header_line_height=\u00bb0.8em\u00bb custom_margin=\u00bb-41px||34px|||\u00bb hover_enabled=\u00bb0&#8243; global_colors_info=\u00bb{}\u00bb sticky_enabled=\u00bb0&#8243;]<\/p>\n<h1><span style=\"color: #f2296b;\">Memorias\u00a0<\/span><\/h1>\n<h1><span style=\"color: #000000;\">9 Ecolog\u00edas digitales\u00a0<\/span><\/h1>\n<p>Esta cuarta edici\u00f3n de las Memorias Ecolog\u00edas Digitales integra las actividades realizadas en los componentes expositivo, investigativo y creativo de la novena versi\u00f3n del evento. Se divide en dos grandes secciones: la primera recoge el trabajo de exposici\u00f3n y co-creaci\u00f3n realizado bajo la figura de laboratorios y talleres, exposiciones presenciales y virtuales, residencias y conversatorios. La segunda re\u00fane las reflexiones expresadas en el seminario acad\u00e9mico.<\/p>\n<p>[\/et_pb_text][et_pb_button button_url=\u00bbhttps:\/\/ecologiasdigitales.org\/wp-content\/uploads\/2023\/06\/Ecologias-digitales-2021-2022_web_res.pdf\u00bb url_new_window=\u00bbon\u00bb button_text=\u00bbExplorar memorias *\u00bb disabled_on=\u00bboff|off|off\u00bb _builder_version=\u00bb4.27.4&#8243; custom_button=\u00bbon\u00bb button_text_size=\u00bb29px\u00bb button_text_color=\u00bb#FFFFFF\u00bb button_bg_color=\u00bb#f2296b\u00bb button_border_width=\u00bb0px\u00bb button_border_radius=\u00bb0px\u00bb button_icon=\u00bb&#xe022;||divi||400&#8243; button_icon_placement=\u00bbleft\u00bb button_on_hover=\u00bboff\u00bb custom_margin=\u00bb||30px|||\u00bb hover_enabled=\u00bb0&#8243; global_colors_info=\u00bb{}\u00bb button_bg_color__hover_enabled=\u00bbon|hover\u00bb button_bg_color__hover=\u00bb#a0d955&#8243; button_bg_enable_color__hover=\u00bbon\u00bb button_font=\u00bb&#8211;et_global_heading_font|||on|||||\u00bb sticky_enabled=\u00bb0&#8243;][\/et_pb_button][et_pb_button button_url=\u00bb#componentes\u00bb button_text=\u00bb\u00bfQu\u00e9 contienen las memorias?\u00bb _builder_version=\u00bb4.27.4&#8243; custom_button=\u00bbon\u00bb button_text_size=\u00bb21px\u00bb button_text_color=\u00bb#f2296b\u00bb button_bg_color=\u00bb#f9f9f9&#8243; button_border_width=\u00bb0px\u00bb button_border_color=\u00bb#FFFFFF\u00bb button_border_radius=\u00bb0px\u00bb button_use_icon=\u00bboff\u00bb custom_padding=\u00bb16px||16px||true|true\u00bb hover_enabled=\u00bb0&#8243; box_shadow_style=\u00bbpreset4&#8243; box_shadow_horizontal=\u00bb0px\u00bb box_shadow_vertical=\u00bb4px\u00bb box_shadow_color=\u00bb#f2296b\u00bb locked=\u00bboff\u00bb global_colors_info=\u00bb{}\u00bb button_bg_color__hover=\u00bb#31d190&#8243; button_text_color__hover_enabled=\u00bbon|hover\u00bb button_text_color__hover=\u00bb#a0d955&#8243; box_shadow_color__hover_enabled=\u00bbon|desktop\u00bb box_shadow_color__hover=\u00bb#a0d955&#8243; button_font=\u00bb&#8211;et_global_heading_font|||on|||||\u00bb sticky_enabled=\u00bb0&#8243;][\/et_pb_button][\/et_pb_column][et_pb_column type=\u00bb1_2&#8243; _builder_version=\u00bb4.16&#8243; custom_padding=\u00bb|||\u00bb global_colors_info=\u00bb{}\u00bb custom_padding__hover=\u00bb|||\u00bb][et_pb_image src=\u00bbhttps:\/\/ecologiasdigitales.org\/wp-content\/uploads\/2023\/06\/Soft_Cover_Book_Mockup_v01_web.png\u00bb title_text=\u00bbSoft_Cover_Book_Mockup_v01_web\u00bb _builder_version=\u00bb4.21.0&#8243; width=\u00bb800px\u00bb max_width=\u00bb800px\u00bb custom_margin=\u00bb-6%|||-25%|false|false\u00bb animation_direction=\u00bbbottom\u00bb always_center_on_mobile=\u00bboff\u00bb global_colors_info=\u00bb{}\u00bb][\/et_pb_image][\/et_pb_column][\/et_pb_row][\/et_pb_section][et_pb_section fb_built=\u00bb1&#8243; _builder_version=\u00bb4.21.0&#8243; _module_preset=\u00bbdefault\u00bb background_color=\u00bbrgba(255,255,255,0.57)\u00bb custom_margin=\u00bb-75px||0px||false|false\u00bb custom_padding=\u00bb0px||0px||true|false\u00bb da_disable_devices=\u00bboff|off|off\u00bb border_width_left=\u00bb40px\u00bb border_color_left=\u00bb#a0d955&#8243; global_colors_info=\u00bb{}\u00bb da_is_popup=\u00bboff\u00bb da_exit_intent=\u00bboff\u00bb da_has_close=\u00bbon\u00bb da_alt_close=\u00bboff\u00bb da_dark_close=\u00bboff\u00bb da_not_modal=\u00bbon\u00bb da_is_singular=\u00bboff\u00bb da_with_loader=\u00bboff\u00bb da_has_shadow=\u00bbon\u00bb][et_pb_row _builder_version=\u00bb4.21.0&#8243; _module_preset=\u00bbdefault\u00bb global_colors_info=\u00bb{}\u00bb][et_pb_column type=\u00bb4_4&#8243; _builder_version=\u00bb4.21.0&#8243; _module_preset=\u00bbdefault\u00bb global_colors_info=\u00bb{}\u00bb][et_pb_text disabled_on=\u00bboff|off|off\u00bb _builder_version=\u00bb4.21.0&#8243; _module_preset=\u00bbdefault\u00bb text_font=\u00bb|300|||||||\u00bb text_font_size=\u00bb1.2em\u00bb link_font=\u00bb||||on||||\u00bb link_text_color=\u00bb#f2296b\u00bb text_orientation=\u00bbcenter\u00bb global_colors_info=\u00bb{}\u00bb]<\/p>\n<p>*Las memorias tambien est\u00e1n disponibles en el <a href=\"https:\/\/bibliotecadigital.udea.edu.co\/handle\/10495\/35262\" target=\"_blank\" rel=\"noopener\" title=\"Repositorio Institucional de la Universidad de Antioquia.\">Repositorio Institucional de la Universidad de Antioquia.<\/a><\/p>\n<p>[\/et_pb_text][\/et_pb_column][\/et_pb_row][\/et_pb_section][et_pb_section fb_built=\u00bb1&#8243; admin_label=\u00bbtestimonials\u00bb module_id=\u00bbcomponentes\u00bb _builder_version=\u00bb4.21.0&#8243; background_color=\u00bb#FFFFFF\u00bb background_image=\u00bbhttps:\/\/ecologiasdigitales.org\/wp-content\/uploads\/2023\/06\/ebook-13.png\u00bb parallax=\u00bbon\u00bb parallax_method=\u00bboff\u00bb custom_padding=\u00bb17px|||||\u00bb da_popup_slug=\u00bbcomponentes\u00bb da_disable_devices=\u00bboff|off|off\u00bb border_width_left=\u00bb40px\u00bb border_color_left=\u00bb#5e1855&#8243; locked=\u00bboff\u00bb global_colors_info=\u00bb{}\u00bb da_is_popup=\u00bboff\u00bb da_exit_intent=\u00bboff\u00bb da_has_close=\u00bbon\u00bb da_alt_close=\u00bboff\u00bb da_dark_close=\u00bboff\u00bb da_not_modal=\u00bbon\u00bb da_is_singular=\u00bboff\u00bb da_with_loader=\u00bboff\u00bb da_has_shadow=\u00bbon\u00bb][et_pb_row _builder_version=\u00bb4.16&#8243; custom_padding=\u00bb13px||4px|||\u00bb global_colors_info=\u00bb{}\u00bb][et_pb_column type=\u00bb4_4&#8243; _builder_version=\u00bb4.16&#8243; custom_padding=\u00bb|||\u00bb global_colors_info=\u00bb{}\u00bb custom_padding__hover=\u00bb|||\u00bb][et_pb_image _builder_version=\u00bb4.21.0&#8243; always_center_on_mobile=\u00bboff\u00bb global_colors_info=\u00bb{}\u00bb][\/et_pb_image][et_pb_text _builder_version=\u00bb4.27.4&#8243; text_font=\u00bbWork Sans|300|||||||\u00bb text_text_color=\u00bb#000000&#8243; text_font_size=\u00bb1.4em\u00bb text_line_height=\u00bb1.5em\u00bb header_font=\u00bb&#8211;et_global_heading_font|700||on|||||\u00bb header_text_color=\u00bb#e8316d\u00bb header_font_size=\u00bb70px\u00bb header_line_height=\u00bb1.3em\u00bb custom_margin=\u00bb-41px||6px|||\u00bb hover_enabled=\u00bb0&#8243; locked=\u00bboff\u00bb global_colors_info=\u00bb{}\u00bb sticky_enabled=\u00bb0&#8243;]<\/p>\n<h1>Componentes<\/h1>\n<p>[\/et_pb_text][\/et_pb_column][\/et_pb_row][et_pb_row column_structure=\u00bb1_2,1_2&#8243; use_custom_gutter=\u00bbon\u00bb make_equal=\u00bbon\u00bb _builder_version=\u00bb4.16&#8243; _module_preset=\u00bbdefault\u00bb custom_padding=\u00bb21px|||||\u00bb global_colors_info=\u00bb{}\u00bb][et_pb_column type=\u00bb1_2&#8243; _builder_version=\u00bb4.16&#8243; _module_preset=\u00bbdefault\u00bb global_colors_info=\u00bb{}\u00bb][et_pb_blurb title=\u00bbLaboratorios\u00bb image=\u00bbhttps:\/\/ecologiasdigitales.org\/wp-content\/uploads\/2021\/09\/icon2-02-03.png\u00bb icon_placement=\u00bbleft\u00bb image_icon_width=\u00bb150px\u00bb content_max_width=\u00bb100%\u00bb _builder_version=\u00bb4.27.4&#8243; _module_preset=\u00bbdefault\u00bb header_font=\u00bb&#8211;et_global_heading_font|800||on|||||\u00bb header_text_align=\u00bbleft\u00bb header_text_color=\u00bb#444444&#8243; header_font_size=\u00bb19px\u00bb header_line_height=\u00bb22px\u00bb body_font=\u00bb|300|||||||\u00bb body_text_align=\u00bbleft\u00bb body_text_color=\u00bb#000000&#8243; body_font_size=\u00bb1.1em\u00bb hover_enabled=\u00bb0&#8243; image_max_width=\u00bb150px\u00bb global_colors_info=\u00bb{}\u00bb]<\/p>\n<p>Los laboratorios se configuraron como estrategias de co-creaci\u00f3n en espacios f\u00edsicos y virtuales. La virtualidad se present\u00f3 como un espacio de convergencia e interacci\u00f3n que sobrepas\u00f3 las problem\u00e1ticas del confinamiento derivadas de la pandemia.<\/p>\n<p>[\/et_pb_blurb][et_pb_blurb title=\u00bbTalleres\u00bb image=\u00bbhttps:\/\/ecologiasdigitales.org\/wp-content\/uploads\/2021\/09\/icon2-02-05.png\u00bb icon_placement=\u00bbleft\u00bb image_icon_width=\u00bb150px\u00bb content_max_width=\u00bb100%\u00bb _builder_version=\u00bb4.21.0&#8243; _module_preset=\u00bbdefault\u00bb header_font=\u00bb&#8211;et_global_heading_font|800||on|||||\u00bb header_text_align=\u00bbleft\u00bb header_text_color=\u00bb#444444&#8243; header_font_size=\u00bb19px\u00bb header_line_height=\u00bb22px\u00bb body_font=\u00bb|300|||||||\u00bb body_text_align=\u00bbleft\u00bb body_text_color=\u00bb#000000&#8243; body_font_size=\u00bb1.1em\u00bb hover_enabled=\u00bb0&#8243; image_max_width=\u00bb150px\u00bb global_colors_info=\u00bb{}\u00bb]<\/p>\n<p>Los talleres fueron propuestos como espacios que facilitaran el conocimiento de herramientas digitales para la creaci\u00f3n. Emplearon la virtualidad para sobrellevar los limitantes impuestos por la pandemia COVID-19.<\/p>\n<p>[\/et_pb_blurb][et_pb_blurb title=\u00bbExposici\u00f3n y co-creaci\u00f3n\u00bb image=\u00bbhttps:\/\/ecologiasdigitales.org\/wp-content\/uploads\/2021\/09\/icon2-02-01.png\u00bb icon_placement=\u00bbleft\u00bb image_icon_width=\u00bb150px\u00bb content_max_width=\u00bb100%\u00bb _builder_version=\u00bb4.21.0&#8243; _module_preset=\u00bbdefault\u00bb header_font=\u00bb&#8211;et_global_heading_font|800||on|||||\u00bb header_text_align=\u00bbleft\u00bb header_text_color=\u00bb#444444&#8243; header_font_size=\u00bb19px\u00bb header_line_height=\u00bb22px\u00bb body_font=\u00bb|300|||||||\u00bb body_text_align=\u00bbleft\u00bb body_text_color=\u00bb#000000&#8243; body_font_size=\u00bb1.1em\u00bb hover_enabled=\u00bb0&#8243; image_max_width=\u00bb150px\u00bb global_colors_info=\u00bb{}\u00bb]<\/p>\n<p>Las muestras creativas se propusieron como un espacio de intercambio dial\u00f3gico y creativo de la obra de arte con su convergencia en espacios museogr\u00e1ficos f\u00edsicos y virtuales.\u00a0<\/p>\n<p>[\/et_pb_blurb][\/et_pb_column][et_pb_column type=\u00bb1_2&#8243; _builder_version=\u00bb4.16&#8243; _module_preset=\u00bbdefault\u00bb global_colors_info=\u00bb{}\u00bb][et_pb_blurb title=\u00bbSeminario Acad\u00e9mico 9 Ecolog\u00edas Digitales: presencias y co-creaci\u00f3n en la virtualidad\u00bb image=\u00bbhttps:\/\/ecologiasdigitales.org\/wp-content\/uploads\/2021\/09\/icon2-02-02.png\u00bb icon_placement=\u00bbleft\u00bb image_icon_width=\u00bb150px\u00bb content_max_width=\u00bb100%\u00bb _builder_version=\u00bb4.27.4&#8243; _module_preset=\u00bbdefault\u00bb header_font=\u00bb&#8211;et_global_heading_font|800||on|||||\u00bb header_text_align=\u00bbleft\u00bb header_text_color=\u00bb#444444&#8243; header_font_size=\u00bb19px\u00bb header_line_height=\u00bb22px\u00bb body_font=\u00bb|300|||||||\u00bb body_text_align=\u00bbleft\u00bb body_text_color=\u00bb#000000&#8243; body_font_size=\u00bb1.1em\u00bb hover_enabled=\u00bb0&#8243; image_max_width=\u00bb150px\u00bb global_colors_info=\u00bb{}\u00bb sticky_enabled=\u00bb0&#8243;]<\/p>\n<p>Desde los inicios del evento, en el a\u00f1o 2008, Ecolog\u00edas Digitales plantea un proceso de reflexi\u00f3n y difusi\u00f3n de las tem\u00e1ticas y planteamientos conceptuales y creativos, abierto al p\u00fablico desde diferentes formatos, como una forma de potenciar la gesti\u00f3n y la transferencia social de conocimiento, y activar la participaci\u00f3n creativa de diversos actores sociales.<\/p>\n<p>[\/et_pb_blurb][et_pb_blurb title=\u00bbConversatorios\u00bb image=\u00bbhttps:\/\/ecologiasdigitales.org\/wp-content\/uploads\/2021\/09\/icon2-02-06.png\u00bb icon_placement=\u00bbleft\u00bb image_icon_width=\u00bb150px\u00bb content_max_width=\u00bb100%\u00bb _builder_version=\u00bb4.21.0&#8243; _module_preset=\u00bbdefault\u00bb header_font=\u00bb&#8211;et_global_heading_font|800||on|||||\u00bb header_text_align=\u00bbleft\u00bb header_text_color=\u00bb#444444&#8243; header_font_size=\u00bb19px\u00bb header_line_height=\u00bb22px\u00bb body_font=\u00bb|300|||||||\u00bb body_text_align=\u00bbleft\u00bb body_text_color=\u00bb#000000&#8243; body_font_size=\u00bb1.1em\u00bb hover_enabled=\u00bb0&#8243; image_max_width=\u00bb150px\u00bb global_colors_info=\u00bb{}\u00bb]<\/p>\n<p>Desde los inicios del evento, en el a\u00f1o 2008, Ecolog\u00edas Digitales plantea un proceso de reflexi\u00f3n y difusi\u00f3n de las tem\u00e1ticas y planteamientos conceptuales y creativos, abierto al p\u00fablico desde diferentes formatos, como una forma de potenciar la gesti\u00f3n y la transferencia social de conocimiento, y activar la participaci\u00f3n creativa de diversos actores sociales.<\/p>\n<p>[\/et_pb_blurb][\/et_pb_column][\/et_pb_row][\/et_pb_section][et_pb_section fb_built=\u00bb1&#8243; admin_label=\u00bbSecci\u00f3n\u00bb module_id=\u00bbmuestra_virtual\u00bb _builder_version=\u00bb4.21.0&#8243; _module_preset=\u00bbdefault\u00bb background_enable_color=\u00bboff\u00bb background_enable_image=\u00bboff\u00bb width=\u00bb100%\u00bb max_width=\u00bb100%\u00bb custom_margin=\u00bb||||false|false\u00bb custom_padding=\u00bb2px||0px|||\u00bb da_popup_slug=\u00bbmuestra_virtual\u00bb da_disable_devices=\u00bboff|off|off\u00bb border_color_bottom=\u00bb#f2296b\u00bb border_width_left=\u00bb40px\u00bb border_color_left=\u00bb#d62690&#8243; global_colors_info=\u00bb{}\u00bb da_is_popup=\u00bboff\u00bb da_exit_intent=\u00bboff\u00bb da_has_close=\u00bbon\u00bb da_alt_close=\u00bboff\u00bb da_dark_close=\u00bboff\u00bb da_not_modal=\u00bbon\u00bb da_is_singular=\u00bboff\u00bb da_with_loader=\u00bboff\u00bb da_has_shadow=\u00bbon\u00bb][\/et_pb_section][et_pb_section fb_built=\u00bb1&#8243; admin_label=\u00bbSection\u00bb module_id=\u00bbanteriores\u00bb _builder_version=\u00bb4.21.0&#8243; custom_margin=\u00bb-36px|||||\u00bb custom_padding=\u00bb81px||31px|||\u00bb da_popup_slug=\u00bbanteriores\u00bb da_disable_devices=\u00bboff|off|off\u00bb border_width_left=\u00bb40px\u00bb border_color_left=\u00bb#f2296b\u00bb locked=\u00bboff\u00bb global_colors_info=\u00bb{}\u00bb da_is_popup=\u00bboff\u00bb da_exit_intent=\u00bboff\u00bb da_has_close=\u00bbon\u00bb da_alt_close=\u00bboff\u00bb da_dark_close=\u00bboff\u00bb da_not_modal=\u00bbon\u00bb da_is_singular=\u00bboff\u00bb da_with_loader=\u00bboff\u00bb da_has_shadow=\u00bbon\u00bb][et_pb_row column_structure=\u00bb1_2,1_2&#8243; _builder_version=\u00bb4.16&#8243; custom_padding=\u00bb32px|||||\u00bb global_colors_info=\u00bb{}\u00bb][et_pb_column type=\u00bb1_2&#8243; _builder_version=\u00bb4.16&#8243; global_colors_info=\u00bb{}\u00bb][et_pb_text _builder_version=\u00bb4.27.4&#8243; text_font=\u00bb|300|||||||\u00bb text_text_color=\u00bb#666666&#8243; text_font_size=\u00bb1.1em\u00bb text_line_height=\u00bb1.4em\u00bb link_font=\u00bb||||||||\u00bb link_text_color=\u00bb#ffffff\u00bb header_text_color=\u00bb#f2296b\u00bb header_font_size=\u00bb42px\u00bb header_2_text_color=\u00bb#f2296b\u00bb header_2_font_size=\u00bb38px\u00bb header_3_text_color=\u00bb#f2296b\u00bb header_4_text_color=\u00bb#f2296b\u00bb background_size=\u00bbinitial\u00bb background_position=\u00bbtop_left\u00bb background_repeat=\u00bbrepeat\u00bb custom_margin=\u00bb-2px||-1px|||\u00bb custom_padding=\u00bb0px|||||\u00bb scroll_horizontal_motion=\u00bb0|73|73|100|4|0|-4&#8243; scroll_fade_enable=\u00bbon\u00bb scroll_fade=\u00bb0|58|58|100|0|100|100&#8243; motion_trigger_start=\u00bbtop\u00bb hover_enabled=\u00bb0&#8243; global_colors_info=\u00bb{}\u00bb header_4_font=\u00bb&#8211;et_global_body_font||||||||\u00bb header_3_font=\u00bb&#8211;et_global_body_font||||||||\u00bb header_2_font=\u00bb&#8211;et_global_heading_font||||||||\u00bb sticky_enabled=\u00bb0&#8243;]<\/p>\n<h2>M\u00e1s all\u00e1 de un concepto,<\/h2>\n<h2><strong>un espacio de intercambio y di\u00e1logo<\/strong><\/h2>\n<p><strong><\/strong><\/p>\n<p><strong><\/strong><\/p>\n<h4><span>El concepto <\/span><b><i>Ecolog\u00edas Digitales<\/i><\/b><span>:<\/span><\/h4>\n<ul>\n<li><span style=\"color: #000000;\">Se propone como \u00a0una met\u00e1fora referida a la constituci\u00f3n de entornos variables e infinitos en posibilidades formales, invitando a la comprensi\u00f3n de lo cambiante como fundamento de los ambientes digitales emergentes que habitamos.<\/span><\/li>\n<li><span style=\"color: #000000;\">Permite entender el potencial de lo digital para activar acciones diversas que integran sujetos, m\u00e1quinas y espacios, motivando con ello la pluralidad cultural y la participaci\u00f3n de m\u00faltiples agentes en la creaci\u00f3n art\u00edstica y en la construcci\u00f3n de conocimiento.El \u00a0evento<\/span><\/li>\n<\/ul>\n<p>&nbsp;<\/p>\n<h4>El evento\u00a0<b><i>Ecolog\u00edas Digitales<\/i><\/b><span>:<\/span><\/h4>\n<ul>\n<li><span style=\"color: #000000;\">Constituye un espacio para el di\u00e1logo acad\u00e9mico y la divulgaci\u00f3n frente a procesos investigativos, art\u00edsticos y educativos que relacionan el arte, la tecnolog\u00eda y la sociedad.<\/span><\/li>\n<\/ul>\n<p>[\/et_pb_text][\/et_pb_column][et_pb_column type=\u00bb1_2&#8243; _builder_version=\u00bb4.16&#8243; global_colors_info=\u00bb{}\u00bb][et_pb_blurb title=\u00bbMemorias 2019 \u00bb url=\u00bbhttps:\/\/ecologiasdigitales.org\/wp-content\/uploads\/2020\/07\/Ecologias-Digitales-2019-V-final3.pdf\u00bb url_new_window=\u00bbon\u00bb _builder_version=\u00bb4.21.0&#8243; header_font=\u00bbBarlow Condensed||||||||\u00bb header_font_size=\u00bb28px\u00bb body_font_size=\u00bb16px\u00bb body_line_height=\u00bb1em\u00bb background_color=\u00bb#339999&#8243; use_background_color_gradient=\u00bbon\u00bb background_color_gradient_direction=\u00bb90deg\u00bb background_color_gradient_stops=\u00bbrgba(204,51,102,0.75) 0%|rgba(96,22,57,0.75) 100%\u00bb background_color_gradient_overlays_image=\u00bbon\u00bb background_color_gradient_start=\u00bbrgba(204,51,102,0.75)\u00bb background_color_gradient_end=\u00bbrgba(96,22,57,0.75)\u00bb background_image=\u00bbhttps:\/\/ecologiasdigitales.org\/wp-content\/uploads\/2020\/07\/Convocatoria-e-invitados-311-scaled-1.jpg\u00bb text_orientation=\u00bbcenter\u00bb background_layout=\u00bbdark\u00bb custom_margin=\u00bb46px||0px|||\u00bb custom_padding=\u00bb40px||40px|||\u00bb animation_style=\u00bbflip\u00bb animation_direction=\u00bbtop\u00bb animation_delay=\u00bb300ms\u00bb link_option_url=\u00bbhttps:\/\/ecologiasdigitales.org\/wp-content\/uploads\/2020\/07\/Ecologias-Digitales-2019-V-final3.pdf\u00bb link_option_url_new_window=\u00bbon\u00bb box_shadow_style=\u00bbpreset4&#8243; box_shadow_horizontal=\u00bb5px\u00bb box_shadow_vertical=\u00bb7px\u00bb box_shadow_blur=\u00bb6px\u00bb box_shadow_spread=\u00bb-1px\u00bb global_colors_info=\u00bb{}\u00bb]<\/p>\n<p><em>Ex-presiones culturales\u00a0<\/em><\/p>\n<p>[\/et_pb_blurb][et_pb_blurb title=\u00bbMemorias 2017 \u00bb url=\u00bbhttps:\/\/ecologiasdigitales.org\/wp-content\/uploads\/2020\/07\/Memorias-2017_EcologiasDigitales.pdf\u00bb url_new_window=\u00bbon\u00bb _builder_version=\u00bb4.21.0&#8243; header_font=\u00bbBarlow Condensed||||||||\u00bb header_font_size=\u00bb28px\u00bb body_font_size=\u00bb16px\u00bb body_line_height=\u00bb1em\u00bb background_color=\u00bb#339999&#8243; use_background_color_gradient=\u00bbon\u00bb background_color_gradient_direction=\u00bb270deg\u00bb background_color_gradient_stops=\u00bbrgba(84,117,2,0.76) 0%|rgba(208,215,32,0.76) 100%\u00bb background_color_gradient_overlays_image=\u00bbon\u00bb background_color_gradient_start=\u00bbrgba(84,117,2,0.76)\u00bb background_color_gradient_end=\u00bbrgba(208,215,32,0.76)\u00bb background_image=\u00bbhttps:\/\/ecologiasdigitales.org\/wp-content\/uploads\/2020\/07\/Ecologias_digitales-2017_00-704&#215;1024-2.jpg\u00bb text_orientation=\u00bbcenter\u00bb background_layout=\u00bbdark\u00bb custom_margin=\u00bb26px||0px|||\u00bb custom_padding=\u00bb40px||40px|||\u00bb animation_style=\u00bbflip\u00bb animation_direction=\u00bbtop\u00bb animation_delay=\u00bb300ms\u00bb link_option_url=\u00bbhttps:\/\/ecologiasdigitales.org\/wp-content\/uploads\/2020\/07\/Memorias-2017_EcologiasDigitales.pdf\u00bb link_option_url_new_window=\u00bbon\u00bb box_shadow_style=\u00bbpreset4&#8243; box_shadow_horizontal=\u00bb5px\u00bb box_shadow_vertical=\u00bb7px\u00bb box_shadow_blur=\u00bb6px\u00bb box_shadow_spread=\u00bb-1px\u00bb global_colors_info=\u00bb{}\u00bb]<\/p>\n<p><em>Encuentros con la animaci\u00f3n<\/em><\/p>\n<p>[\/et_pb_blurb][et_pb_blurb title=\u00bbMemorias 2012&#8243; url=\u00bbhttps:\/\/ecologiasdigitales.org\/wp-content\/uploads\/2020\/07\/CardonaAna_2017_EcologiasdigitalesIdentidades.pdf\u00bb url_new_window=\u00bbon\u00bb _builder_version=\u00bb4.21.0&#8243; header_font=\u00bbBarlow Condensed||||||||\u00bb header_font_size=\u00bb28px\u00bb body_font_size=\u00bb16px\u00bb body_line_height=\u00bb1em\u00bb background_color=\u00bb#339999&#8243; use_background_color_gradient=\u00bbon\u00bb background_color_gradient_direction=\u00bb90deg\u00bb background_color_gradient_stops=\u00bbrgba(51,153,153,0.76) 0%|rgba(22,79,74,0.76) 100%\u00bb background_color_gradient_overlays_image=\u00bbon\u00bb background_color_gradient_start=\u00bbrgba(51,153,153,0.76)\u00bb background_color_gradient_end=\u00bbrgba(22,79,74,0.76)\u00bb background_image=\u00bbhttps:\/\/ecologiasdigitales.org\/wp-content\/uploads\/2020\/07\/Ecologias_digitales-2012_05-scaled-1.jpg\u00bb background_position=\u00bbtop_center\u00bb text_orientation=\u00bbcenter\u00bb background_layout=\u00bbdark\u00bb custom_margin=\u00bb26px||0px|||\u00bb custom_padding=\u00bb40px||40px|||\u00bb animation_style=\u00bbflip\u00bb animation_direction=\u00bbtop\u00bb animation_delay=\u00bb300ms\u00bb link_option_url=\u00bbhttps:\/\/ecologiasdigitales.org\/wp-content\/uploads\/2020\/07\/CardonaAna_2017_EcologiasdigitalesIdentidades.pdf\u00bb link_option_url_new_window=\u00bbon\u00bb box_shadow_style=\u00bbpreset4&#8243; box_shadow_horizontal=\u00bb5px\u00bb box_shadow_vertical=\u00bb7px\u00bb box_shadow_blur=\u00bb6px\u00bb box_shadow_spread=\u00bb-1px\u00bb global_colors_info=\u00bb{}\u00bb]<\/p>\n<p><em>Identidad_Es<\/em><\/p>\n<p>[\/et_pb_blurb][\/et_pb_column][\/et_pb_row][\/et_pb_section][et_pb_section fb_built=\u00bb1&#8243; admin_label=\u00bbSecci\u00f3n\u00bb _builder_version=\u00bb4.21.0&#8243; custom_padding=\u00bb23px||43px|||\u00bb da_disable_devices=\u00bboff|off|off\u00bb border_width_left=\u00bb40px\u00bb border_color_left=\u00bb#f2296b\u00bb global_colors_info=\u00bb{}\u00bb da_is_popup=\u00bboff\u00bb da_exit_intent=\u00bboff\u00bb da_has_close=\u00bbon\u00bb da_alt_close=\u00bboff\u00bb da_dark_close=\u00bboff\u00bb da_not_modal=\u00bbon\u00bb da_is_singular=\u00bboff\u00bb da_with_loader=\u00bboff\u00bb da_has_shadow=\u00bbon\u00bb][et_pb_row _builder_version=\u00bb4.16&#8243; _module_preset=\u00bbdefault\u00bb global_colors_info=\u00bb{}\u00bb][et_pb_column type=\u00bb4_4&#8243; _builder_version=\u00bb4.16&#8243; _module_preset=\u00bbdefault\u00bb global_colors_info=\u00bb{}\u00bb][et_pb_text _builder_version=\u00bb4.27.4&#8243; _module_preset=\u00bbdefault\u00bb text_font=\u00bb&#8211;et_global_heading_font||||||||\u00bb text_font_size=\u00bb20px\u00bb custom_margin=\u00bb||0px||false|false\u00bb hover_enabled=\u00bb0&#8243; global_colors_info=\u00bb{}\u00bb sticky_enabled=\u00bb0&#8243;]<\/p>\n<p style=\"text-align: center;\"><strong>Organizan:<\/strong><\/p>\n<p>[\/et_pb_text][et_pb_image src=\u00bbhttps:\/\/ecologiasdigitales.org\/wp-content\/uploads\/2021\/09\/logos_ED9-02.png\u00bb title_text=\u00bblogos_ED9-02&#8243; _builder_version=\u00bb4.21.0&#8243; _module_preset=\u00bbdefault\u00bb global_colors_info=\u00bb{}\u00bb][\/et_pb_image][et_pb_text _builder_version=\u00bb4.27.4&#8243; _module_preset=\u00bbdefault\u00bb text_font_size=\u00bb20px\u00bb custom_margin=\u00bb||0px||false|false\u00bb global_colors_info=\u00bb{}\u00bb sticky_enabled=\u00bb0&#8243; text_font=\u00bb&#8211;et_global_heading_font||||||||\u00bb]<\/p>\n<p style=\"text-align: center;\"><strong>Grupos de investigaci\u00f3n:<\/strong><\/p>\n<p>[\/et_pb_text][et_pb_text _builder_version=\u00bb4.27.4&#8243; _module_preset=\u00bbdefault\u00bb text_font=\u00bb|300|||||||\u00bb text_font_size=\u00bb16px\u00bb global_colors_info=\u00bb{}\u00bb]<\/p>\n<p style=\"text-align: center;\">| Hipertr\u00f3pico, convergencia entre arte y tecnolog\u00eda. Universidad de Antioquia | Artes y Humanidades. Instituci\u00f3n Universitaria ITM | Urbanitas. Universidad Cat\u00f3lica Luis Amig\u00f3. | PRACMA. Universidad de Caldas |<\/p>\n<p>[\/et_pb_text][\/et_pb_column][\/et_pb_row][\/et_pb_section][et_pb_section fb_built=\u00bb1&#8243; admin_label=\u00bbSecci\u00f3n\u00bb module_id=\u00bbcontacto\u00bb _builder_version=\u00bb4.21.0&#8243; background_enable_color=\u00bboff\u00bb custom_padding=\u00bb0px||29px|||\u00bb da_popup_slug=\u00bbcontacto\u00bb da_disable_devices=\u00bboff|off|off\u00bb border_color_top=\u00bb#339999&#8243; border_width_left=\u00bb40px\u00bb border_color_left=\u00bb#f2296b\u00bb global_colors_info=\u00bb{}\u00bb da_is_popup=\u00bboff\u00bb da_exit_intent=\u00bboff\u00bb da_has_close=\u00bbon\u00bb da_alt_close=\u00bboff\u00bb da_dark_close=\u00bboff\u00bb da_not_modal=\u00bbon\u00bb da_is_singular=\u00bboff\u00bb da_with_loader=\u00bboff\u00bb da_has_shadow=\u00bbon\u00bb][et_pb_row _builder_version=\u00bb4.16&#8243; global_colors_info=\u00bb{}\u00bb][et_pb_column type=\u00bb4_4&#8243; _builder_version=\u00bb4.16&#8243; global_colors_info=\u00bb{}\u00bb][et_pb_divider color=\u00bb#f2296b\u00bb divider_weight=\u00bb13px\u00bb _builder_version=\u00bb4.16&#8243; locked=\u00bboff\u00bb global_colors_info=\u00bb{}\u00bb][\/et_pb_divider][\/et_pb_column][\/et_pb_row][et_pb_row column_structure=\u00bb1_3,2_3&#8243; _builder_version=\u00bb4.16&#8243; custom_margin=\u00bb0px|auto||auto||\u00bb global_colors_info=\u00bb{}\u00bb][et_pb_column type=\u00bb1_3&#8243; _builder_version=\u00bb4.16&#8243; global_colors_info=\u00bb{}\u00bb][et_pb_text _builder_version=\u00bb4.21.0&#8243; text_font=\u00bb|300|||||||\u00bb text_text_color=\u00bb#666666&#8243; text_line_height=\u00bb1.4em\u00bb link_font=\u00bb||||||||\u00bb link_text_color=\u00bb#ffffff\u00bb header_font=\u00bbBarlow Condensed|700|||||||\u00bb header_text_color=\u00bb#f2296b\u00bb header_font_size=\u00bb34px\u00bb header_3_font=\u00bbMontserrat||||||||\u00bb header_3_text_color=\u00bb#339999&#8243; background_size=\u00bbinitial\u00bb background_position=\u00bbtop_left\u00bb background_repeat=\u00bbrepeat\u00bb custom_margin=\u00bb8px||24px|||\u00bb custom_padding=\u00bb0px|||||\u00bb header_font_size_last_edited=\u00bboff|desktop\u00bb global_colors_info=\u00bb{}\u00bb]<\/p>\n<h1>Contacto<\/h1>\n<p>[\/et_pb_text][et_pb_blurb use_icon=\u00bbon\u00bb font_icon=\u00bb&#xe01d;||divi||400&#8243; icon_color=\u00bb#f2296b\u00bb icon_placement=\u00bbleft\u00bb image_icon_width=\u00bb23px\u00bb _builder_version=\u00bb4.27.4&#8243; header_font=\u00bb&#8211;et_global_body_font|300|||||||\u00bb header_font_size=\u00bb16px\u00bb header_line_height=\u00bb20px\u00bb body_font=\u00bb|300|||||||\u00bb body_font_size=\u00bb15px\u00bb custom_margin=\u00bb||6px|||\u00bb icon_font_size=\u00bb23px\u00bb global_colors_info=\u00bb{}\u00bb]Universidad de Antioquia, Calle 67 N\u00ba 53-108, Bloque 24 oficina 321.<br \/>\nMedell\u00edn, Colombia[\/et_pb_blurb][et_pb_blurb use_icon=\u00bbon\u00bb font_icon=\u00bb&#xe090;||divi||400&#8243; icon_color=\u00bb#f2296b\u00bb icon_placement=\u00bbleft\u00bb image_icon_width=\u00bb23px\u00bb _builder_version=\u00bb4.27.4&#8243; header_font=\u00bb&#8211;et_global_body_font|300|||||||\u00bb header_font_size=\u00bb16px\u00bb header_line_height=\u00bb20px\u00bb body_font=\u00bb|300|||||||\u00bb body_font_size=\u00bb15px\u00bb custom_margin=\u00bb||6px|||\u00bb icon_font_size=\u00bb20px\u00bb global_colors_info=\u00bb{}\u00bb]<\/p>\n<p>(57 +604 ) 219 88 79<\/p>\n<p>[\/et_pb_blurb][et_pb_blurb use_icon=\u00bbon\u00bb font_icon=\u00bb&#xe010;||divi||400&#8243; icon_color=\u00bb#f2296b\u00bb icon_placement=\u00bbleft\u00bb image_icon_width=\u00bb23px\u00bb _builder_version=\u00bb4.27.4&#8243; header_font=\u00bb&#8211;et_global_body_font|300|||||||\u00bb header_font_size=\u00bb16px\u00bb header_line_height=\u00bb20px\u00bb body_font=\u00bb|300|||||||\u00bb body_font_size=\u00bb15px\u00bb custom_margin=\u00bb||6px|||\u00bb icon_font_size=\u00bb20px\u00bb global_colors_info=\u00bb{}\u00bb]<\/p>\n<p>grupohipertropico@udea.edu.co<\/p>\n<p>[\/et_pb_blurb][et_pb_blurb url=\u00bbhttp:\/\/www.udea.edu.co\/hipertropico\u00bb use_icon=\u00bbon\u00bb font_icon=\u00bb&#xe02b;||divi||400&#8243; icon_color=\u00bb#f2296b\u00bb icon_placement=\u00bbleft\u00bb image_icon_width=\u00bb23px\u00bb _builder_version=\u00bb4.27.4&#8243; header_font=\u00bb&#8211;et_global_body_font|300|||||||\u00bb header_font_size=\u00bb16px\u00bb header_line_height=\u00bb20px\u00bb body_font=\u00bb|300|||||||\u00bb body_font_size=\u00bb15px\u00bb custom_margin=\u00bb||6px|||\u00bb icon_font_size=\u00bb20px\u00bb global_colors_info=\u00bb{}\u00bb]<\/p>\n<p>www.udea.edu.co\/hipertropico<\/p>\n<p>[\/et_pb_blurb][\/et_pb_column][et_pb_column type=\u00bb2_3&#8243; _builder_version=\u00bb4.16&#8243; global_colors_info=\u00bb{}\u00bb][et_pb_contact_form email=\u00bbgrupohipertropico@udea.edu.co\u00bb _builder_version=\u00bb4.27.4&#8243; _unique_id=\u00bbba67f942-0847-482b-b503-460d3d77c02b\u00bb form_field_focus_text_color=\u00bb#339999&#8243; form_field_font=\u00bb|300|||||||\u00bb form_field_font_size=\u00bb14px\u00bb custom_button=\u00bbon\u00bb button_text_size=\u00bb16px\u00bb button_text_color=\u00bb#f2296b\u00bb button_border_radius=\u00bb77px\u00bb button_font=\u00bbWork Sans|300||on|||||\u00bb custom_margin=\u00bb15px|||||\u00bb global_colors_info=\u00bb{}\u00bb][et_pb_contact_field field_id=\u00bbName\u00bb field_title=\u00bbNombre\u00bb _builder_version=\u00bb4.16&#8243; global_colors_info=\u00bb{}\u00bb button_text_size__hover_enabled=\u00bboff\u00bb button_one_text_size__hover_enabled=\u00bboff\u00bb button_two_text_size__hover_enabled=\u00bboff\u00bb button_text_color__hover_enabled=\u00bboff\u00bb button_one_text_color__hover_enabled=\u00bboff\u00bb button_two_text_color__hover_enabled=\u00bboff\u00bb button_border_width__hover_enabled=\u00bboff\u00bb button_one_border_width__hover_enabled=\u00bboff\u00bb button_two_border_width__hover_enabled=\u00bboff\u00bb button_border_color__hover_enabled=\u00bboff\u00bb button_one_border_color__hover_enabled=\u00bboff\u00bb button_two_border_color__hover_enabled=\u00bboff\u00bb button_border_radius__hover_enabled=\u00bboff\u00bb button_one_border_radius__hover_enabled=\u00bboff\u00bb button_two_border_radius__hover_enabled=\u00bboff\u00bb button_letter_spacing__hover_enabled=\u00bboff\u00bb button_one_letter_spacing__hover_enabled=\u00bboff\u00bb button_two_letter_spacing__hover_enabled=\u00bboff\u00bb button_bg_color__hover_enabled=\u00bboff\u00bb button_one_bg_color__hover_enabled=\u00bboff\u00bb button_two_bg_color__hover_enabled=\u00bboff\u00bb][\/et_pb_contact_field][et_pb_contact_field field_id=\u00bbEmail\u00bb field_title=\u00bbDirecci\u00f3n de correo electr\u00f3nico\u00bb field_type=\u00bbemail\u00bb _builder_version=\u00bb4.16&#8243; global_colors_info=\u00bb{}\u00bb button_text_size__hover_enabled=\u00bboff\u00bb button_one_text_size__hover_enabled=\u00bboff\u00bb button_two_text_size__hover_enabled=\u00bboff\u00bb button_text_color__hover_enabled=\u00bboff\u00bb button_one_text_color__hover_enabled=\u00bboff\u00bb button_two_text_color__hover_enabled=\u00bboff\u00bb button_border_width__hover_enabled=\u00bboff\u00bb button_one_border_width__hover_enabled=\u00bboff\u00bb button_two_border_width__hover_enabled=\u00bboff\u00bb button_border_color__hover_enabled=\u00bboff\u00bb button_one_border_color__hover_enabled=\u00bboff\u00bb button_two_border_color__hover_enabled=\u00bboff\u00bb button_border_radius__hover_enabled=\u00bboff\u00bb button_one_border_radius__hover_enabled=\u00bboff\u00bb button_two_border_radius__hover_enabled=\u00bboff\u00bb button_letter_spacing__hover_enabled=\u00bboff\u00bb button_one_letter_spacing__hover_enabled=\u00bboff\u00bb button_two_letter_spacing__hover_enabled=\u00bboff\u00bb button_bg_color__hover_enabled=\u00bboff\u00bb button_one_bg_color__hover_enabled=\u00bboff\u00bb button_two_bg_color__hover_enabled=\u00bboff\u00bb][\/et_pb_contact_field][et_pb_contact_field field_id=\u00bbMessage\u00bb field_title=\u00bbMensaje\u00bb field_type=\u00bbtext\u00bb fullwidth_field=\u00bbon\u00bb _builder_version=\u00bb4.16&#8243; global_colors_info=\u00bb{}\u00bb button_text_size__hover_enabled=\u00bboff\u00bb button_one_text_size__hover_enabled=\u00bboff\u00bb button_two_text_size__hover_enabled=\u00bboff\u00bb button_text_color__hover_enabled=\u00bboff\u00bb button_one_text_color__hover_enabled=\u00bboff\u00bb button_two_text_color__hover_enabled=\u00bboff\u00bb button_border_width__hover_enabled=\u00bboff\u00bb button_one_border_width__hover_enabled=\u00bboff\u00bb button_two_border_width__hover_enabled=\u00bboff\u00bb button_border_color__hover_enabled=\u00bboff\u00bb button_one_border_color__hover_enabled=\u00bboff\u00bb button_two_border_color__hover_enabled=\u00bboff\u00bb button_border_radius__hover_enabled=\u00bboff\u00bb button_one_border_radius__hover_enabled=\u00bboff\u00bb button_two_border_radius__hover_enabled=\u00bboff\u00bb button_letter_spacing__hover_enabled=\u00bboff\u00bb button_one_letter_spacing__hover_enabled=\u00bboff\u00bb button_two_letter_spacing__hover_enabled=\u00bboff\u00bb button_bg_color__hover_enabled=\u00bboff\u00bb button_one_bg_color__hover_enabled=\u00bboff\u00bb button_two_bg_color__hover_enabled=\u00bboff\u00bb][\/et_pb_contact_field][\/et_pb_contact_form][\/et_pb_column][\/et_pb_row][\/et_pb_section]<\/p>\n","protected":false},"excerpt":{"rendered":"<p>Memorias\u00a0 9 Ecolog\u00edas digitales\u00a0 Esta cuarta edici\u00f3n de las Memorias Ecolog\u00edas Digitales integra las actividades realizadas en los componentes expositivo, investigativo y creativo de la novena versi\u00f3n del evento. Se divide en dos grandes secciones: la primera recoge el trabajo de exposici\u00f3n y co-creaci\u00f3n realizado bajo la figura de laboratorios y talleres, exposiciones presenciales y [&hellip;]<\/p>\n","protected":false},"author":1,"featured_media":0,"parent":0,"menu_order":0,"comment_status":"closed","ping_status":"closed","template":"","meta":{"_et_pb_use_builder":"on","_et_pb_old_content":"","_et_gb_content_width":"","_coblocks_attr":"","_coblocks_dimensions":"","_coblocks_responsive_height":"","_coblocks_accordion_ie_support":"","om_disable_all_campaigns":false,"_monsterinsights_skip_tracking":false,"_monsterinsights_sitenote_active":false,"_monsterinsights_sitenote_note":"","_monsterinsights_sitenote_category":0,"_uf_show_specific_survey":0,"_uf_disable_surveys":false,"footnotes":""},"class_list":["post-972","page","type-page","status-publish","hentry"],"aioseo_notices":[],"_links":{"self":[{"href":"https:\/\/ecologiasdigitales.org\/en\/wp-json\/wp\/v2\/pages\/972","targetHints":{"allow":["GET"]}}],"collection":[{"href":"https:\/\/ecologiasdigitales.org\/en\/wp-json\/wp\/v2\/pages"}],"about":[{"href":"https:\/\/ecologiasdigitales.org\/en\/wp-json\/wp\/v2\/types\/page"}],"author":[{"embeddable":true,"href":"https:\/\/ecologiasdigitales.org\/en\/wp-json\/wp\/v2\/users\/1"}],"replies":[{"embeddable":true,"href":"https:\/\/ecologiasdigitales.org\/en\/wp-json\/wp\/v2\/comments?post=972"}],"version-history":[{"count":47,"href":"https:\/\/ecologiasdigitales.org\/en\/wp-json\/wp\/v2\/pages\/972\/revisions"}],"predecessor-version":[{"id":1678,"href":"https:\/\/ecologiasdigitales.org\/en\/wp-json\/wp\/v2\/pages\/972\/revisions\/1678"}],"wp:attachment":[{"href":"https:\/\/ecologiasdigitales.org\/en\/wp-json\/wp\/v2\/media?parent=972"}],"curies":[{"name":"wp","href":"https:\/\/api.w.org\/{rel}","templated":true}]}}