{"id":680,"date":"2021-05-27T06:54:41","date_gmt":"2021-05-27T11:54:41","guid":{"rendered":"https:\/\/ecologiasdigitales.org\/?page_id=680"},"modified":"2023-05-09T15:37:21","modified_gmt":"2023-05-09T20:37:21","slug":"9-ecologias-digitales","status":"publish","type":"page","link":"https:\/\/ecologiasdigitales.org\/en\/9-ecologias-digitales\/","title":{"rendered":"9 Ecolog\u00edas Digitales"},"content":{"rendered":"<p>[et_pb_section fb_built=\u00bb1&#8243; disabled_on=\u00bboff|off|off\u00bb admin_label=\u00bbSecci\u00f3n\u00bb _builder_version=\u00bb4.17.3&#8243; _module_preset=\u00bbdefault\u00bb background_image=\u00bbhttps:\/\/ecologiasdigitales.org\/wp-content\/uploads\/2022\/04\/portada.webp\u00bb min_height=\u00bb85vh\u00bb height=\u00bb85vh\u00bb max_height=\u00bb85vh\u00bb da_disable_devices=\u00bboff|off|off\u00bb border_color_bottom=\u00bb#f2296b\u00bb global_colors_info=\u00bb{}\u00bb da_is_popup=\u00bboff\u00bb da_exit_intent=\u00bboff\u00bb da_has_close=\u00bbon\u00bb da_alt_close=\u00bboff\u00bb da_dark_close=\u00bboff\u00bb da_not_modal=\u00bbon\u00bb da_is_singular=\u00bboff\u00bb da_with_loader=\u00bboff\u00bb da_has_shadow=\u00bbon\u00bb][et_pb_row column_structure=\u00bb1_2,1_2&#8243; _builder_version=\u00bb4.16&#8243; _module_preset=\u00bbdefault\u00bb global_colors_info=\u00bb{}\u00bb custom_padding__hover_enabled=\u00bbon|desktop\u00bb][et_pb_column type=\u00bb1_2&#8243; _builder_version=\u00bb4.16&#8243; _module_preset=\u00bbdefault\u00bb global_colors_info=\u00bb{}\u00bb][\/et_pb_column][et_pb_column type=\u00bb1_2&#8243; _builder_version=\u00bb4.16&#8243; _module_preset=\u00bbdefault\u00bb global_colors_info=\u00bb{}\u00bb][et_pb_image src=\u00bbhttps:\/\/ecologiasdigitales.org\/wp-content\/uploads\/2021\/09\/Web-02.png\u00bb alt=\u00bb9 Ecolog\u00edas Digitales\u00bb title_text=\u00bb9 Ecolog\u00edas Digitales\u00bb force_fullwidth=\u00bbon\u00bb disabled_on=\u00bbon|on|off\u00bb _builder_version=\u00bb4.16&#8243; _module_preset=\u00bbdefault\u00bb module_alignment=\u00bbright\u00bb min_height_tablet=\u00bb\u00bb min_height_phone=\u00bb\u00bb min_height_last_edited=\u00bbon|phone\u00bb height_tablet=\u00bb\u00bb height_phone=\u00bb\u00bb height_last_edited=\u00bbon|phone\u00bb max_height_tablet=\u00bb\u00bb max_height_phone=\u00bb1000px\u00bb max_height_last_edited=\u00bbon|phone\u00bb animation_style=\u00bbfold\u00bb animation_duration=\u00bb950ms\u00bb animation_speed_curve=\u00bbease-out\u00bb scroll_vertical_motion=\u00bb0|87|87|100|4|0|-4&#8243; scroll_blur=\u00bb0|76|92|100|10|0|0&#8243; motion_trigger_start=\u00bbtop\u00bb global_colors_info=\u00bb{}\u00bb][\/et_pb_image][et_pb_text _builder_version=\u00bb4.16&#8243; _module_preset=\u00bbdefault\u00bb header_2_font=\u00bbWork Sans|300||||on|||\u00bb header_2_text_color=\u00bb#FFFFFF\u00bb header_2_font_size=\u00bb25px\u00bb background_color=\u00bbRGBA(0,0,0,0)\u00bb global_colors_info=\u00bb{}\u00bb]<\/p>\n<h2 style=\"text-align: center;\">\u2022 Septiembre 2021 \/ septiembre 2022 \u2022<\/h2>\n<p>[\/et_pb_text][\/et_pb_column][\/et_pb_row][\/et_pb_section][et_pb_section fb_built=\u00bb1&#8243; fullwidth=\u00bbon\u00bb admin_label=\u00bbSection\u00bb _builder_version=\u00bb4.16&#8243; _module_preset=\u00bbdefault\u00bb min_height=\u00bb10vh\u00bb height=\u00bb10vh\u00bb max_height=\u00bb10vh\u00bb da_disable_devices=\u00bboff|off|off\u00bb global_colors_info=\u00bb{}\u00bb da_is_popup=\u00bboff\u00bb da_exit_intent=\u00bboff\u00bb da_has_close=\u00bbon\u00bb da_alt_close=\u00bboff\u00bb da_dark_close=\u00bboff\u00bb da_not_modal=\u00bbon\u00bb da_is_singular=\u00bboff\u00bb da_with_loader=\u00bboff\u00bb da_has_shadow=\u00bbon\u00bb][et_pb_fullwidth_menu menu_id=\u00bb11&#8243; menu_style=\u00bbcentered\u00bb fullwidth_menu=\u00bboff\u00bb _builder_version=\u00bb4.17.3&#8243; _module_preset=\u00bbdefault\u00bb menu_font=\u00bbBarlow Condensed|||on|||||\u00bb menu_font_size=\u00bb18px\u00bb background_color=\u00bb#f2f2f2&#8243; menu_font_last_edited=\u00bboff|desktop\u00bb global_colors_info=\u00bb{}\u00bb menu_text_color__hover_enabled=\u00bbon|hover\u00bb menu_text_color__hover=\u00bb#f2296b\u00bb][\/et_pb_fullwidth_menu][\/et_pb_section][et_pb_section fb_built=\u00bb1&#8243; admin_label=\u00bbSection\u00bb module_id=\u00bbcomponentes\u00bb _builder_version=\u00bb4.16&#8243; _module_preset=\u00bbdefault\u00bb custom_padding=\u00bb||10px|||\u00bb da_popup_slug=\u00bbcomponentes\u00bb da_disable_devices=\u00bboff|off|off\u00bb global_colors_info=\u00bb{}\u00bb da_is_popup=\u00bboff\u00bb da_exit_intent=\u00bboff\u00bb da_has_close=\u00bbon\u00bb da_alt_close=\u00bboff\u00bb da_dark_close=\u00bboff\u00bb da_not_modal=\u00bbon\u00bb da_is_singular=\u00bboff\u00bb da_with_loader=\u00bboff\u00bb da_has_shadow=\u00bbon\u00bb][et_pb_row _builder_version=\u00bb4.16&#8243; _module_preset=\u00bbdefault\u00bb custom_margin=\u00bb0px||||false|false\u00bb custom_padding=\u00bb0px||||false|false\u00bb global_colors_info=\u00bb{}\u00bb][et_pb_column type=\u00bb4_4&#8243; _builder_version=\u00bb4.16&#8243; _module_preset=\u00bbdefault\u00bb global_colors_info=\u00bb{}\u00bb][et_pb_text _builder_version=\u00bb4.16&#8243; _module_preset=\u00bbdefault\u00bb text_font=\u00bbWork Sans|300|||||||\u00bb text_font_size=\u00bb16.5px\u00bb global_colors_info=\u00bb{}\u00bb]<\/p>\n<p style=\"text-align: center;\"><em>9 Ecolog\u00edas Digitales: Presencias y co-creaci\u00f3n en la virtualidad<\/em>, se presenta como\u00a0 posibilidad de expandir las preguntas entorno a la co-creaci\u00f3n en la virtualidad, en particular, por las relaciones dial\u00f3gicas y el tipo de presencia implicadas en la virtualidad que se ha erigido en \u00e1mbitos cotidianos y laborales debido a la pandemia. Por tanto, en esta versi\u00f3n buscamos que el evento, o m\u00e1s bien, el espacio de intercambio dial\u00f3gico y creativo, se convierta en un punto de convergencia para desarrollar discusiones y reflexiones acad\u00e9micas sobre c\u00f3mo interviene la virtualidad en la realizaci\u00f3n de procesos art\u00edsticos, al igual que, estimula la b\u00fasqueda y\/o desarrollo de metodolog\u00edas que medien entre varios actores acad\u00e9micos, investigativos y sociales en la creaci\u00f3n y difusi\u00f3n de obras y procesos creativos. Para esto, no solo es necesario abordar la pregunta a partir del uso de herramientas tecnol\u00f3gicas con las cuales se cuenta en la actualidad, sino tambi\u00e9n desde fundamentos te\u00f3ricos sobre la virtualizaci\u00f3n del artista, del proceso creativo, de la obra y del receptor.\u00a0<\/p>\n<p>[\/et_pb_text][\/et_pb_column][\/et_pb_row][\/et_pb_section][et_pb_section fb_built=\u00bb1&#8243; admin_label=\u00bbSection\u00bb _builder_version=\u00bb4.16&#8243; _module_preset=\u00bbdefault\u00bb custom_padding=\u00bb19px||35px|||\u00bb da_disable_devices=\u00bboff|off|off\u00bb global_colors_info=\u00bb{}\u00bb da_is_popup=\u00bboff\u00bb da_exit_intent=\u00bboff\u00bb da_has_close=\u00bbon\u00bb da_alt_close=\u00bboff\u00bb da_dark_close=\u00bboff\u00bb da_not_modal=\u00bbon\u00bb da_is_singular=\u00bboff\u00bb da_with_loader=\u00bboff\u00bb da_has_shadow=\u00bbon\u00bb][et_pb_row column_structure=\u00bb1_5,1_5,1_5,1_5,1_5&#8243; use_custom_gutter=\u00bbon\u00bb make_equal=\u00bbon\u00bb _builder_version=\u00bb4.16&#8243; _module_preset=\u00bbdefault\u00bb global_colors_info=\u00bb{}\u00bb][et_pb_column type=\u00bb1_5&#8243; _builder_version=\u00bb4.16&#8243; _module_preset=\u00bbdefault\u00bb global_colors_info=\u00bb{}\u00bb][et_pb_blurb title=\u00bbMuestras\u00bb image=\u00bbhttps:\/\/ecologiasdigitales.org\/wp-content\/uploads\/2021\/09\/icon2-02-01.png\u00bb image_icon_width=\u00bb150px\u00bb content_max_width=\u00bb150px\u00bb _builder_version=\u00bb4.16&#8243; _module_preset=\u00bbdefault\u00bb header_font=\u00bb|800|||||||\u00bb header_text_align=\u00bbcenter\u00bb header_text_color=\u00bb#444444&#8243; header_font_size=\u00bb19px\u00bb width=\u00bb150px\u00bb max_width=\u00bb150px\u00bb link_option_url=\u00bb#muestras\u00bb image_max_width=\u00bb150px\u00bb global_colors_info=\u00bb{}\u00bb][\/et_pb_blurb][\/et_pb_column][et_pb_column type=\u00bb1_5&#8243; _builder_version=\u00bb4.16&#8243; _module_preset=\u00bbdefault\u00bb global_colors_info=\u00bb{}\u00bb][et_pb_blurb title=\u00bbSeminario \u00bb image=\u00bbhttps:\/\/ecologiasdigitales.org\/wp-content\/uploads\/2021\/09\/icon2-02-02.png\u00bb image_icon_width=\u00bb150px\u00bb content_max_width=\u00bb150px\u00bb _builder_version=\u00bb4.16&#8243; _module_preset=\u00bbdefault\u00bb header_font=\u00bb|800|||||||\u00bb header_text_align=\u00bbcenter\u00bb header_text_color=\u00bb#444444&#8243; header_font_size=\u00bb19px\u00bb width=\u00bb150px\u00bb max_width=\u00bb150px\u00bb link_option_url=\u00bb#seminario\u00bb image_max_width=\u00bb150px\u00bb global_colors_info=\u00bb{}\u00bb][\/et_pb_blurb][\/et_pb_column][et_pb_column type=\u00bb1_5&#8243; _builder_version=\u00bb4.16&#8243; _module_preset=\u00bbdefault\u00bb global_colors_info=\u00bb{}\u00bb][et_pb_blurb title=\u00bbLaboratorios\u00bb image=\u00bbhttps:\/\/ecologiasdigitales.org\/wp-content\/uploads\/2021\/09\/icon2-02-03.png\u00bb image_icon_width=\u00bb150px\u00bb content_max_width=\u00bb150px\u00bb _builder_version=\u00bb4.16&#8243; _module_preset=\u00bbdefault\u00bb header_font=\u00bb|800|||||||\u00bb header_text_align=\u00bbcenter\u00bb header_text_color=\u00bb#444444&#8243; header_font_size=\u00bb19px\u00bb width=\u00bb150px\u00bb max_width=\u00bb150px\u00bb link_option_url=\u00bb#laboratorios\u00bb image_max_width=\u00bb150px\u00bb global_colors_info=\u00bb{}\u00bb][\/et_pb_blurb][\/et_pb_column][et_pb_column type=\u00bb1_5&#8243; _builder_version=\u00bb4.16&#8243; _module_preset=\u00bbdefault\u00bb global_colors_info=\u00bb{}\u00bb][et_pb_blurb title=\u00bbTalleres\u00bb image=\u00bbhttps:\/\/ecologiasdigitales.org\/wp-content\/uploads\/2021\/09\/icon2-02-05.png\u00bb image_icon_width=\u00bb150px\u00bb content_max_width=\u00bb150px\u00bb _builder_version=\u00bb4.16&#8243; _module_preset=\u00bbdefault\u00bb header_font=\u00bb|800|||||||\u00bb header_text_align=\u00bbcenter\u00bb header_text_color=\u00bb#444444&#8243; header_font_size=\u00bb19px\u00bb width=\u00bb150px\u00bb max_width=\u00bb150px\u00bb link_option_url=\u00bb#talleres\u00bb image_max_width=\u00bb150px\u00bb global_colors_info=\u00bb{}\u00bb][\/et_pb_blurb][\/et_pb_column][et_pb_column type=\u00bb1_5&#8243; _builder_version=\u00bb4.16&#8243; _module_preset=\u00bbdefault\u00bb global_colors_info=\u00bb{}\u00bb][et_pb_blurb title=\u00bbConversatorios\u00bb image=\u00bbhttps:\/\/ecologiasdigitales.org\/wp-content\/uploads\/2021\/09\/icon2-02-06.png\u00bb image_icon_width=\u00bb150px\u00bb content_max_width=\u00bb150px\u00bb _builder_version=\u00bb4.16&#8243; _module_preset=\u00bbdefault\u00bb header_font=\u00bb|800|||||||\u00bb header_text_align=\u00bbcenter\u00bb header_text_color=\u00bb#444444&#8243; header_font_size=\u00bb19px\u00bb width=\u00bb150px\u00bb max_width=\u00bb150px\u00bb link_option_url=\u00bb#conversatorio\u00bb image_max_width=\u00bb150px\u00bb global_colors_info=\u00bb{}\u00bb][\/et_pb_blurb][\/et_pb_column][\/et_pb_row][\/et_pb_section][et_pb_section fb_built=\u00bb1&#8243; admin_label=\u00bbSection\u00bb module_id=\u00bbseminario\u00bb _builder_version=\u00bb4.16&#8243; _module_preset=\u00bbdefault\u00bb background_color=\u00bb#f2f2f2&#8243; custom_padding=\u00bb35px||0px|||\u00bb da_popup_slug=\u00bbseminario\u00bb da_disable_devices=\u00bboff|off|off\u00bb global_colors_info=\u00bb{}\u00bb da_is_popup=\u00bboff\u00bb da_exit_intent=\u00bboff\u00bb da_has_close=\u00bbon\u00bb da_alt_close=\u00bboff\u00bb da_dark_close=\u00bboff\u00bb da_not_modal=\u00bbon\u00bb da_is_singular=\u00bboff\u00bb da_with_loader=\u00bboff\u00bb da_has_shadow=\u00bbon\u00bb][et_pb_row column_structure=\u00bb3_5,2_5&#8243; _builder_version=\u00bb4.16&#8243; _module_preset=\u00bbdefault\u00bb global_colors_info=\u00bb{}\u00bb][et_pb_column type=\u00bb3_5&#8243; _builder_version=\u00bb4.16&#8243; _module_preset=\u00bbdefault\u00bb global_colors_info=\u00bb{}\u00bb][et_pb_text _builder_version=\u00bb4.17.4&#8243; _module_preset=\u00bbdefault\u00bb text_font=\u00bbWork Sans|300|||||||\u00bb text_font_size=\u00bb16.5px\u00bb header_font=\u00bb|700|||||||\u00bb header_text_color=\u00bb#e8316d\u00bb global_colors_info=\u00bb{}\u00bb]<\/p>\n<h4 style=\"text-align: left;\">16 y 17 de junio de 2022<\/h4>\n<h1 style=\"text-align: left;\">Seminario Acad\u00e9mico 9 Ecolog\u00edas Digitales: Presencias y co-creaci\u00f3n en la virtualidad<\/h1>\n<p><strong>Biblioteca P\u00fablica Piloto de Medell\u00edn<\/strong><\/p>\n<p style=\"text-align: left;\">Invitaci\u00f3n a expandir el dialogo con Investigadores, creadores, acad\u00e9micos, gestores culturales, colectivos art\u00edsticos y personas interesadas en las reflexiones alrededor de las convergencias entre arte, tecnolog\u00eda y sociedad; en las l\u00edneas de <em>Pr\u00e1cticas de creaci\u00f3n virtual y en virtualidad, Procesos y metodolog\u00edas para la virtualizaci\u00f3n, Metodolog\u00edas para la co-creaci\u00f3n interdisciplinar en la virtualidad, Interconexiones mediales en las creaciones virtuales y virtualizadas.<\/em><\/p>\n<p>[\/et_pb_text][\/et_pb_column][et_pb_column type=\u00bb2_5&#8243; _builder_version=\u00bb4.16&#8243; _module_preset=\u00bbdefault\u00bb global_colors_info=\u00bb{}\u00bb][et_pb_image src=\u00bbhttps:\/\/ecologiasdigitales.org\/wp-content\/uploads\/2022\/06\/seminario-academico_instagram_1.jpg\u00bb title_text=\u00bbseminario academico_instagram_1&#8243; _builder_version=\u00bb4.17.4&#8243; _module_preset=\u00bbdefault\u00bb global_colors_info=\u00bb{}\u00bb][\/et_pb_image][\/et_pb_column][\/et_pb_row][et_pb_row column_structure=\u00bb1_3,1_3,1_3&#8243; use_custom_gutter=\u00bbon\u00bb gutter_width=\u00bb2&#8243; disabled_on=\u00bboff|off|off\u00bb _builder_version=\u00bb4.17.4&#8243; _module_preset=\u00bbdefault\u00bb width=\u00bb100%\u00bb custom_padding=\u00bb5px|||||\u00bb hover_enabled=\u00bb0&#8243; global_colors_info=\u00bb{}\u00bb sticky_enabled=\u00bb0&#8243;][et_pb_column type=\u00bb1_3&#8243; _builder_version=\u00bb4.16&#8243; _module_preset=\u00bbdefault\u00bb global_colors_info=\u00bb{}\u00bb][et_pb_button button_url=\u00bbhttps:\/\/youtube.com\/playlist?list=PLQaERaZgNV7q90tFY3inpF4-k185oiINq\u00bb url_new_window=\u00bbon\u00bb button_text=\u00bbTransmisi\u00f3n en vivo\u00bb button_alignment=\u00bbcenter\u00bb _builder_version=\u00bb4.17.4&#8243; _module_preset=\u00bbdefault\u00bb custom_button=\u00bbon\u00bb button_text_color=\u00bb#FFFFFF\u00bb button_bg_color=\u00bb#a2c859&#8243; button_border_width=\u00bb0px\u00bb button_border_radius=\u00bb0px\u00bb button_font=\u00bbBarlow Condensed|||on|||||\u00bb hover_enabled=\u00bb0&#8243; custom_css_main_element=\u00bbwidth:100%\u00bb global_colors_info=\u00bb{}\u00bb sticky_enabled=\u00bb0&#8243;][\/et_pb_button][\/et_pb_column][et_pb_column type=\u00bb1_3&#8243; _builder_version=\u00bb4.16&#8243; _module_preset=\u00bbdefault\u00bb global_colors_info=\u00bb{}\u00bb][et_pb_button button_url=\u00bbhttps:\/\/app.gather.town\/app\/fjuZRSglql1Fm1Lp\/Ecologias%20Digitales\u00bb url_new_window=\u00bbon\u00bb button_text=\u00bbEspacio virtual en Gather Town\u00bb button_alignment=\u00bbcenter\u00bb _builder_version=\u00bb4.17.4&#8243; _module_preset=\u00bbdefault\u00bb custom_button=\u00bbon\u00bb button_text_color=\u00bb#FFFFFF\u00bb button_bg_color=\u00bb#a2c859&#8243; button_border_width=\u00bb0px\u00bb button_border_radius=\u00bb0px\u00bb button_font=\u00bbBarlow Condensed|||on|||||\u00bb hover_enabled=\u00bb0&#8243; custom_css_main_element=\u00bbwidth:100%\u00bb global_colors_info=\u00bb{}\u00bb sticky_enabled=\u00bb0&#8243;][\/et_pb_button][\/et_pb_column][et_pb_column type=\u00bb1_3&#8243; _builder_version=\u00bb4.16&#8243; _module_preset=\u00bbdefault\u00bb global_colors_info=\u00bb{}\u00bb][et_pb_button button_url=\u00bbhttps:\/\/ecologiasdigitales.org\/wp-content\/uploads\/2022\/06\/Programacion-Seminario-academico-9ED_web.pdf\u00bb url_new_window=\u00bbon\u00bb button_text=\u00bbVer programaci\u00f3n\u00bb button_alignment=\u00bbcenter\u00bb _builder_version=\u00bb4.17.4&#8243; _module_preset=\u00bbdefault\u00bb custom_button=\u00bbon\u00bb button_text_color=\u00bb#FFFFFF\u00bb button_bg_color=\u00bb#f2296b\u00bb button_border_width=\u00bb0px\u00bb button_border_radius=\u00bb0px\u00bb button_font=\u00bbBarlow Condensed|||on|||||\u00bb custom_css_main_element=\u00bbwidth:100%\u00bb global_colors_info=\u00bb{}\u00bb][\/et_pb_button][\/et_pb_column][\/et_pb_row][et_pb_row _builder_version=\u00bb4.16&#8243; custom_padding=\u00bb||6px|||\u00bb locked=\u00bboff\u00bb global_colors_info=\u00bb{}\u00bb][et_pb_column type=\u00bb4_4&#8243; _builder_version=\u00bb4.16&#8243; global_colors_info=\u00bb{}\u00bb][et_pb_divider color=\u00bb#f2296b\u00bb divider_weight=\u00bb5px\u00bb _builder_version=\u00bb4.16&#8243; locked=\u00bboff\u00bb global_colors_info=\u00bb{}\u00bb][\/et_pb_divider][\/et_pb_column][\/et_pb_row][\/et_pb_section][et_pb_section fb_built=\u00bb1&#8243; admin_label=\u00bbSection\u00bb module_id=\u00bbconversatorio\u00bb _builder_version=\u00bb4.16&#8243; _module_preset=\u00bbdefault\u00bb background_color=\u00bb#f2f2f2&#8243; custom_padding=\u00bb14px||10px|||\u00bb da_popup_slug=\u00bbconversatorio\u00bb da_disable_devices=\u00bboff|off|off\u00bb global_colors_info=\u00bb{}\u00bb da_is_popup=\u00bboff\u00bb da_exit_intent=\u00bboff\u00bb da_has_close=\u00bbon\u00bb da_alt_close=\u00bboff\u00bb da_dark_close=\u00bboff\u00bb da_not_modal=\u00bbon\u00bb da_is_singular=\u00bboff\u00bb da_with_loader=\u00bboff\u00bb da_has_shadow=\u00bbon\u00bb][et_pb_row column_structure=\u00bb3_5,2_5&#8243; _builder_version=\u00bb4.16&#8243; _module_preset=\u00bbdefault\u00bb custom_margin=\u00bb0px||||false|false\u00bb custom_padding=\u00bb47px||||false|false\u00bb global_colors_info=\u00bb{}\u00bb][et_pb_column type=\u00bb3_5&#8243; _builder_version=\u00bb4.16&#8243; _module_preset=\u00bbdefault\u00bb global_colors_info=\u00bb{}\u00bb][et_pb_text _builder_version=\u00bb4.16&#8243; _module_preset=\u00bbdefault\u00bb text_font=\u00bbWork Sans|300|||||||\u00bb text_font_size=\u00bb16.5px\u00bb header_font=\u00bb|700|||||||\u00bb header_text_color=\u00bb#e8316d\u00bb global_colors_info=\u00bb{}\u00bb]<\/p>\n<h4 style=\"text-align: left;\">Conversatorio de Lanzamiento<\/h4>\n<h1 style=\"text-align: left;\">Presencias y co-creaci\u00f3n en la virtualidad<\/h1>\n<p>Viernes 24 de septiembre | 5:00 p.m.<\/p>\n<p style=\"text-align: left;\">Grupo Artes y Humanidades &#8211; ITM; Grupo Urbanitas &#8211; FUNLAM; Grupo PRACMA &#8211; UCaldas; Grupo Hipertr\u00f3pico, convergencia entre arte y tecnolog\u00eda &#8211; UdeA.<\/p>\n<p>[\/et_pb_text][et_pb_button button_url=\u00bbhttps:\/\/fb.watch\/8ekE8ZDlMZ\/\u00bb url_new_window=\u00bbon\u00bb button_text=\u00bbVer conversatorio en facebook\u00bb _builder_version=\u00bb4.16&#8243; _module_preset=\u00bbdefault\u00bb custom_button=\u00bbon\u00bb button_text_color=\u00bb#FFFFFF\u00bb button_bg_color=\u00bb#f2296b\u00bb button_border_width=\u00bb0px\u00bb button_border_radius=\u00bb0px\u00bb button_font=\u00bbBarlow Condensed|||on|||||\u00bb global_colors_info=\u00bb{}\u00bb][\/et_pb_button][\/et_pb_column][et_pb_column type=\u00bb2_5&#8243; _builder_version=\u00bb4.16&#8243; _module_preset=\u00bbdefault\u00bb global_colors_info=\u00bb{}\u00bb][et_pb_image src=\u00bbhttps:\/\/ecologiasdigitales.org\/wp-content\/uploads\/2021\/09\/conversatorio_web.jpg\u00bb title_text=\u00bbconversatorio_web\u00bb _builder_version=\u00bb4.16&#8243; _module_preset=\u00bbdefault\u00bb global_colors_info=\u00bb{}\u00bb][\/et_pb_image][\/et_pb_column][\/et_pb_row][et_pb_row _builder_version=\u00bb4.16&#8243; custom_padding=\u00bb3px||22px|||\u00bb locked=\u00bboff\u00bb global_colors_info=\u00bb{}\u00bb][et_pb_column type=\u00bb4_4&#8243; _builder_version=\u00bb4.16&#8243; global_colors_info=\u00bb{}\u00bb][et_pb_divider color=\u00bb#f2296b\u00bb divider_weight=\u00bb5px\u00bb _builder_version=\u00bb4.16&#8243; custom_margin=\u00bb39px|||||\u00bb locked=\u00bboff\u00bb global_colors_info=\u00bb{}\u00bb][\/et_pb_divider][\/et_pb_column][\/et_pb_row][\/et_pb_section][et_pb_section fb_built=\u00bb1&#8243; admin_label=\u00bbSection\u00bb module_id=\u00bbmuestras\u00bb _builder_version=\u00bb4.16&#8243; _module_preset=\u00bbdefault\u00bb background_color=\u00bb#f2f2f2&#8243; custom_padding=\u00bb35px||0px|||\u00bb da_popup_slug=\u00bbmuestras\u00bb da_disable_devices=\u00bboff|off|off\u00bb global_colors_info=\u00bb{}\u00bb da_is_popup=\u00bboff\u00bb da_exit_intent=\u00bboff\u00bb da_has_close=\u00bbon\u00bb da_alt_close=\u00bboff\u00bb da_dark_close=\u00bboff\u00bb da_not_modal=\u00bbon\u00bb da_is_singular=\u00bboff\u00bb da_with_loader=\u00bboff\u00bb da_has_shadow=\u00bbon\u00bb][et_pb_row column_structure=\u00bb2_5,3_5&#8243; _builder_version=\u00bb4.16&#8243; _module_preset=\u00bbdefault\u00bb global_colors_info=\u00bb{}\u00bb][et_pb_column type=\u00bb2_5&#8243; _builder_version=\u00bb4.16&#8243; _module_preset=\u00bbdefault\u00bb global_colors_info=\u00bb{}\u00bb][et_pb_image src=\u00bbhttps:\/\/ecologiasdigitales.org\/wp-content\/uploads\/2022\/03\/9ED-verde_Mesa-de-trabajo-1.jpg\u00bb title_text=\u00bb9ED verde_Mesa de trabajo 1&#8243; _builder_version=\u00bb4.16&#8243; _module_preset=\u00bbdefault\u00bb global_colors_info=\u00bb{}\u00bb][\/et_pb_image][\/et_pb_column][et_pb_column type=\u00bb3_5&#8243; _builder_version=\u00bb4.16&#8243; _module_preset=\u00bbdefault\u00bb global_colors_info=\u00bb{}\u00bb][et_pb_text _builder_version=\u00bb4.16&#8243; _module_preset=\u00bbdefault\u00bb text_font=\u00bbWork Sans|300|||||||\u00bb text_font_size=\u00bb16.5px\u00bb header_font=\u00bb|700|||||||\u00bb header_text_color=\u00bb#e8316d\u00bb global_colors_info=\u00bb{}\u00bb]<\/p>\n<h4 style=\"text-align: left;\"><span>Exposiciones presenciales<\/span><\/h4>\n<h1 style=\"text-align: left;\">Muestra de propuestas creativas<\/h1>\n<p>Palacio de la Cultura Rafael Uribe Uribe | 1 de abril al 1 de junio de 2022<\/p>\n<p style=\"text-align: left;\"><strong>Inauguraci\u00f3n:<\/strong> Viernes 1 de abril &#8211; 4:00 p.m.<\/p>\n<p style=\"text-align: left;\">\n<p style=\"text-align: left;\">\n<h1 style=\"text-align: left;\">Muestra Acad\u00e9mica<\/h1>\n<p>Centro Cultural Facultad de Artes | 31 de marzo al 29 de abril de 2022<\/p>\n<p><strong>Inauguraci\u00f3n:<\/strong> Jueves 31 de marzo &#8211; 4:00 p.m.<\/p>\n<p style=\"text-align: left;\">\n<p>[\/et_pb_text][\/et_pb_column][\/et_pb_row][et_pb_row _builder_version=\u00bb4.16&#8243; custom_padding=\u00bb||6px|||\u00bb locked=\u00bboff\u00bb global_colors_info=\u00bb{}\u00bb][et_pb_column type=\u00bb4_4&#8243; _builder_version=\u00bb4.16&#8243; global_colors_info=\u00bb{}\u00bb][et_pb_divider color=\u00bb#f2296b\u00bb divider_weight=\u00bb5px\u00bb _builder_version=\u00bb4.16&#8243; locked=\u00bboff\u00bb global_colors_info=\u00bb{}\u00bb][\/et_pb_divider][\/et_pb_column][\/et_pb_row][\/et_pb_section][et_pb_section fb_built=\u00bb1&#8243; admin_label=\u00bbSection\u00bb _builder_version=\u00bb4.16&#8243; _module_preset=\u00bbdefault\u00bb background_color=\u00bb#f2f2f2&#8243; custom_padding=\u00bb0px||0px|||\u00bb da_popup_slug=\u00bbmuestras\u00bb da_disable_devices=\u00bboff|off|off\u00bb global_colors_info=\u00bb{}\u00bb da_is_popup=\u00bboff\u00bb da_exit_intent=\u00bboff\u00bb da_has_close=\u00bbon\u00bb da_alt_close=\u00bboff\u00bb da_dark_close=\u00bboff\u00bb da_not_modal=\u00bbon\u00bb da_is_singular=\u00bboff\u00bb da_with_loader=\u00bboff\u00bb da_has_shadow=\u00bbon\u00bb][et_pb_row column_structure=\u00bb2_5,3_5&#8243; _builder_version=\u00bb4.16&#8243; _module_preset=\u00bbdefault\u00bb global_colors_info=\u00bb{}\u00bb][et_pb_column type=\u00bb2_5&#8243; _builder_version=\u00bb4.16&#8243; _module_preset=\u00bbdefault\u00bb global_colors_info=\u00bb{}\u00bb][et_pb_image src=\u00bbhttps:\/\/ecologiasdigitales.org\/wp-content\/uploads\/2022\/05\/muestra-virtual.jpg\u00bb title_text=\u00bbmuestra-virtual\u00bb _builder_version=\u00bb4.17.3&#8243; _module_preset=\u00bbdefault\u00bb global_colors_info=\u00bb{}\u00bb][\/et_pb_image][\/et_pb_column][et_pb_column type=\u00bb3_5&#8243; _builder_version=\u00bb4.16&#8243; _module_preset=\u00bbdefault\u00bb global_colors_info=\u00bb{}\u00bb][et_pb_text _builder_version=\u00bb4.17.3&#8243; _module_preset=\u00bbdefault\u00bb text_font=\u00bbWork Sans|300|||||||\u00bb text_font_size=\u00bb16.5px\u00bb header_font=\u00bb|700|||||||\u00bb header_text_color=\u00bb#e8316d\u00bb global_colors_info=\u00bb{}\u00bb]<\/p>\n<h4 style=\"text-align: left;\">Muestra virtual<\/h4>\n<h1 style=\"text-align: left;\">Exposici\u00f3n de propuestas creativas<\/h1>\n<p>Desde el 12 de abril de 2022<\/p>\n<p style=\"text-align: left;\">Se convoc\u00f3 a artistas y creativos a pensar la virtualizaci\u00f3n de la obra de arte, desde tres conceptos iniciales motivacionales, a saber, traducciones documentales, traducciones creativas y creaci\u00f3n virtual. Fue as\u00ed como se seleccionaron ocho (8) propuestas desarrolladas por artistas y comunicadores que dan cuenta de distintos procesos de experimentaci\u00f3n t\u00e9cnica, est\u00e9tica y conceptual. Metodol\u00f3gicamente estas propuestas constituyeron el punto de partida para actualizar las ideas en funci\u00f3n de un trabajo interdisciplinar y dial\u00f3gico en el que investigadores de la novena Ecolog\u00edas Digitales y artistas trabajaron en conjunto para construir una propuesta museogr\u00e1fica en la virtualidad. En particular, se propuso un giro museogr\u00e1fico que denominamos \u00abdel espacio recorrido en el museo, al espacio navegado en la red\u00bb. Esperamos disfruten este recorrido de propuestas creativas en la virtualidad.<\/p>\n<p style=\"text-align: left;\"><strong><b><\/b><\/strong><\/p>\n<p>[\/et_pb_text][\/et_pb_column][\/et_pb_row][et_pb_row column_structure=\u00bb1_2,1_2&#8243; use_custom_gutter=\u00bbon\u00bb gutter_width=\u00bb2&#8243; _builder_version=\u00bb4.16&#8243; _module_preset=\u00bbdefault\u00bb width=\u00bb100%\u00bb custom_padding=\u00bb5px|||||\u00bb global_colors_info=\u00bb{}\u00bb][et_pb_column type=\u00bb1_2&#8243; _builder_version=\u00bb4.16&#8243; _module_preset=\u00bbdefault\u00bb global_colors_info=\u00bb{}\u00bb][et_pb_button button_url=\u00bbhttps:\/\/fb.watch\/9NN0BT4zSI\/\u00bb url_new_window=\u00bbon\u00bb button_text=\u00bbVer lanzamiento\u00bb button_alignment=\u00bbcenter\u00bb _builder_version=\u00bb4.16&#8243; _module_preset=\u00bbdefault\u00bb custom_button=\u00bbon\u00bb button_text_color=\u00bb#FFFFFF\u00bb button_bg_color=\u00bb#f2296b\u00bb button_border_width=\u00bb0px\u00bb button_border_radius=\u00bb0px\u00bb button_font=\u00bbBarlow Condensed|||on|||||\u00bb custom_css_main_element=\u00bbwidth:100%\u00bb global_colors_info=\u00bb{}\u00bb][\/et_pb_button][\/et_pb_column][et_pb_column type=\u00bb1_2&#8243; _builder_version=\u00bb4.16&#8243; _module_preset=\u00bbdefault\u00bb global_colors_info=\u00bb{}\u00bb][et_pb_button button_url=\u00bbhttps:\/\/ecologiasdigitales.org\/wp-content\/uploads\/2022\/02\/Acta-de-seleccion.docx.pdf\u00bb url_new_window=\u00bbon\u00bb button_text=\u00bbActa de selecci\u00f3n\u00bb button_alignment=\u00bbcenter\u00bb _builder_version=\u00bb4.16&#8243; _module_preset=\u00bbdefault\u00bb custom_button=\u00bbon\u00bb button_text_color=\u00bb#FFFFFF\u00bb button_bg_color=\u00bb#a2c859&#8243; button_border_width=\u00bb0px\u00bb button_border_radius=\u00bb0px\u00bb button_font=\u00bbBarlow Condensed|||on|||||\u00bb button_icon=\u00bb&#xf091;||fa||900&#8243; button_on_hover=\u00bboff\u00bb custom_css_main_element=\u00bbwidth:100%\u00bb global_colors_info=\u00bb{}\u00bb][\/et_pb_button][\/et_pb_column][\/et_pb_row][\/et_pb_section][et_pb_section fb_built=\u00bb1&#8243; admin_label=\u00bbSecci\u00f3n\u00bb module_id=\u00bbmuestra-virtual\u00bb _builder_version=\u00bb4.17.3&#8243; _module_preset=\u00bbdefault\u00bb background_color=\u00bb#f2f2f2&#8243; background_enable_image=\u00bboff\u00bb min_height=\u00bb85vh\u00bb height=\u00bb85vh\u00bb max_height=\u00bb85vh\u00bb custom_padding=\u00bb2px|||||\u00bb da_popup_slug=\u00bbmuestra-virtual\u00bb da_disable_devices=\u00bboff|off|off\u00bb border_color_bottom=\u00bb#f2296b\u00bb global_colors_info=\u00bb{}\u00bb da_is_popup=\u00bboff\u00bb da_exit_intent=\u00bboff\u00bb da_has_close=\u00bbon\u00bb da_alt_close=\u00bboff\u00bb da_dark_close=\u00bboff\u00bb da_not_modal=\u00bbon\u00bb da_is_singular=\u00bboff\u00bb da_with_loader=\u00bboff\u00bb da_has_shadow=\u00bbon\u00bb][et_pb_row _builder_version=\u00bb4.17.3&#8243; _module_preset=\u00bbdefault\u00bb custom_margin=\u00bb0px||||false|false\u00bb custom_padding=\u00bb0px||||false|false\u00bb global_colors_info=\u00bb{}\u00bb custom_padding__hover_enabled=\u00bbon|desktop\u00bb custom_padding__hover=\u00bb0px||||false|false\u00bb][et_pb_column type=\u00bb4_4&#8243; _builder_version=\u00bb4.16&#8243; _module_preset=\u00bbdefault\u00bb global_colors_info=\u00bb{}\u00bb][et_pb_code _builder_version=\u00bb4.17.3&#8243; _module_preset=\u00bbdefault\u00bb global_colors_info=\u00bb{}\u00bb]<iframe loading=\"lazy\" src=\"https:\/\/Bellas-Artes.vr-360-tour.com\/e\/fsIBgL_t8fk\/e\" allowfullscreen allow=\"clipboard-write; microphone; camera; gyroscope; accelerometer; vr; xr; magnetometer; webvr; webxr;\" height=\"590px\" width=\"100%\"><\/iframe>[\/et_pb_code][\/et_pb_column][\/et_pb_row][\/et_pb_section][et_pb_section fb_built=\u00bb1&#8243; admin_label=\u00bbSection\u00bb module_id=\u00bbmuestras\u00bb _builder_version=\u00bb4.16&#8243; _module_preset=\u00bbdefault\u00bb background_color=\u00bb#f2f2f2&#8243; custom_padding=\u00bb30px||10px|||\u00bb da_popup_slug=\u00bbmuestras\u00bb da_disable_devices=\u00bboff|off|off\u00bb global_colors_info=\u00bb{}\u00bb da_is_popup=\u00bboff\u00bb da_exit_intent=\u00bboff\u00bb da_has_close=\u00bbon\u00bb da_alt_close=\u00bboff\u00bb da_dark_close=\u00bboff\u00bb da_not_modal=\u00bbon\u00bb da_is_singular=\u00bboff\u00bb da_with_loader=\u00bboff\u00bb da_has_shadow=\u00bbon\u00bb][et_pb_row _builder_version=\u00bb4.16&#8243; custom_padding=\u00bb||6px|||\u00bb locked=\u00bboff\u00bb global_colors_info=\u00bb{}\u00bb][et_pb_column type=\u00bb4_4&#8243; _builder_version=\u00bb4.16&#8243; global_colors_info=\u00bb{}\u00bb][et_pb_divider color=\u00bb#f2296b\u00bb divider_weight=\u00bb5px\u00bb _builder_version=\u00bb4.16&#8243; custom_margin=\u00bb||8px|||\u00bb locked=\u00bboff\u00bb global_colors_info=\u00bb{}\u00bb][\/et_pb_divider][\/et_pb_column][\/et_pb_row][et_pb_row column_structure=\u00bb2_5,3_5&#8243; _builder_version=\u00bb4.16&#8243; _module_preset=\u00bbdefault\u00bb custom_margin=\u00bb0px||||false|false\u00bb custom_padding=\u00bb0px||||false|false\u00bb custom_css_main_element=\u00bbwidth:100% ;\u00bb global_colors_info=\u00bb{}\u00bb][et_pb_column type=\u00bb2_5&#8243; _builder_version=\u00bb4.16&#8243; _module_preset=\u00bbdefault\u00bb global_colors_info=\u00bb{}\u00bb][et_pb_image src=\u00bbhttps:\/\/ecologiasdigitales.org\/wp-content\/uploads\/2021\/10\/expo.jpg\u00bb title_text=\u00bbexpo\u00bb _builder_version=\u00bb4.16&#8243; _module_preset=\u00bbdefault\u00bb global_colors_info=\u00bb{}\u00bb][\/et_pb_image][\/et_pb_column][et_pb_column type=\u00bb3_5&#8243; _builder_version=\u00bb4.16&#8243; _module_preset=\u00bbdefault\u00bb global_colors_info=\u00bb{}\u00bb][et_pb_text _builder_version=\u00bb4.16&#8243; _module_preset=\u00bbdefault\u00bb text_font=\u00bbWork Sans|300|||||||\u00bb text_font_size=\u00bb16.5px\u00bb header_font=\u00bb|700|||||||\u00bb header_text_color=\u00bb#e8316d\u00bb global_colors_info=\u00bb{}\u00bb]<\/p>\n<h4 style=\"text-align: left;\">Muestra virtual<\/h4>\n<h1 style=\"text-align: left;\">Residir y resistir en la virtualidad: 1\u00aa Muestra de creaci\u00f3n de semilleros de investigaci\u00f3n en arte, dise\u00f1o y comunicaci\u00f3n:<\/h1>\n<p>Las propuestas que conforman la muestra, evidencian c\u00f3mo los semilleros de investigaci\u00f3n en arte, dise\u00f1o y comunicaci\u00f3n de universidades nacionales, pueden estar presentes en un espacio de co-creaci\u00f3n en la virtualidad, habitando y resistiendo en un contexto acad\u00e9mico-cultural, afectado por la pandemia y marcado por la comunicaci\u00f3n digital. Las obras abarcan t\u00e9cnicas de ilustraci\u00f3n, fotograf\u00eda digital, video arte, animaci\u00f3n, escultura, modelado 3D y relatos interactivos.<\/p>\n<p>Para esta primera edici\u00f3n, la convocatoria tendr\u00e1 como sedes expositivas la Pinacoteca Virtual de la Universidad de Caldas y la sala virtual y f\u00edsica de Bellas Artes de la Universidad Tecnol\u00f3gica de Pereira.<\/p>\n<p>[\/et_pb_text][\/et_pb_column][\/et_pb_row][et_pb_row column_structure=\u00bb1_3,1_3,1_3&#8243; use_custom_gutter=\u00bbon\u00bb gutter_width=\u00bb2&#8243; _builder_version=\u00bb4.16&#8243; _module_preset=\u00bbdefault\u00bb width=\u00bb100%\u00bb custom_margin=\u00bb|auto|33px|auto||\u00bb custom_padding=\u00bb5px|||||\u00bb locked=\u00bboff\u00bb global_colors_info=\u00bb{}\u00bb][et_pb_column type=\u00bb1_3&#8243; saved_specialty_column_type=\u00bb2_3&#8243; _builder_version=\u00bb4.16&#8243; _module_preset=\u00bbdefault\u00bb global_colors_info=\u00bb{}\u00bb][et_pb_button button_url=\u00bbhttps:\/\/ecologiasdigitales.org\/wp-content\/uploads\/2021\/12\/ACTA-SELECCION-DE-OBRAS-DE-CREACION.pdf\u00bb url_new_window=\u00bbon\u00bb button_text=\u00bbActa de selecci\u00f3n\u00bb button_alignment=\u00bbcenter\u00bb _builder_version=\u00bb4.16&#8243; _module_preset=\u00bbdefault\u00bb custom_button=\u00bbon\u00bb button_text_color=\u00bb#FFFFFF\u00bb button_bg_color=\u00bb#f2296b\u00bb button_border_width=\u00bb0px\u00bb button_border_radius=\u00bb0px\u00bb button_font=\u00bbBarlow Condensed|||on|||||\u00bb custom_css_main_element=\u00bbwidth:100%\u00bb global_colors_info=\u00bb{}\u00bb][\/et_pb_button][\/et_pb_column][et_pb_column type=\u00bb1_3&#8243; saved_specialty_column_type=\u00bb2_3&#8243; _builder_version=\u00bb4.16&#8243; _module_preset=\u00bbdefault\u00bb global_colors_info=\u00bb{}\u00bb][et_pb_button button_url=\u00bbhttps:\/\/bellas-artes.vr-360-tour.com\/e\/fsIBfZcAm04\/e\u00bb url_new_window=\u00bbon\u00bb button_text=\u00bbPinacoteca virtual\u00bb button_alignment=\u00bbcenter\u00bb _builder_version=\u00bb4.16&#8243; _module_preset=\u00bbdefault\u00bb custom_button=\u00bbon\u00bb button_text_color=\u00bb#FFFFFF\u00bb button_bg_color=\u00bb#a2c859&#8243; button_border_width=\u00bb0px\u00bb button_border_radius=\u00bb0px\u00bb button_font=\u00bbBarlow Condensed|||on|||||\u00bb custom_css_main_element=\u00bbwidth:100%\u00bb global_colors_info=\u00bb{}\u00bb][\/et_pb_button][\/et_pb_column][et_pb_column type=\u00bb1_3&#8243; saved_specialty_column_type=\u00bb2_3&#8243; _builder_version=\u00bb4.16&#8243; _module_preset=\u00bbdefault\u00bb global_colors_info=\u00bb{}\u00bb][et_pb_button button_url=\u00bbhttps:\/\/bellas-artes.vr-360-tour.com\/e\/fsIBfZcBa6Q\/e\u00bb url_new_window=\u00bbon\u00bb button_text=\u00bbBellas Artes UTP\u00bb button_alignment=\u00bbcenter\u00bb _builder_version=\u00bb4.16&#8243; _module_preset=\u00bbdefault\u00bb custom_button=\u00bbon\u00bb button_text_color=\u00bb#FFFFFF\u00bb button_bg_color=\u00bb#a2c859&#8243; button_border_width=\u00bb0px\u00bb button_border_radius=\u00bb0px\u00bb button_font=\u00bbBarlow Condensed|||on|||||\u00bb custom_css_main_element=\u00bbwidth:100%\u00bb global_colors_info=\u00bb{}\u00bb][\/et_pb_button][\/et_pb_column][\/et_pb_row][et_pb_row column_structure=\u00bb3_5,2_5&#8243; _builder_version=\u00bb4.16&#8243; _module_preset=\u00bbdefault\u00bb custom_margin=\u00bb0px||||false|false\u00bb custom_padding=\u00bb0px||||false|false\u00bb custom_css_main_element=\u00bbwidth:100% ;\u00bb global_colors_info=\u00bb{}\u00bb][et_pb_column type=\u00bb3_5&#8243; _builder_version=\u00bb4.16&#8243; _module_preset=\u00bbdefault\u00bb global_colors_info=\u00bb{}\u00bb][et_pb_text _builder_version=\u00bb4.16&#8243; _module_preset=\u00bbdefault\u00bb text_font=\u00bbWork Sans|300|||||||\u00bb text_font_size=\u00bb16.5px\u00bb header_font=\u00bb|700|||||||\u00bb header_text_color=\u00bb#e8316d\u00bb global_colors_info=\u00bb{}\u00bb]<\/p>\n<h4 style=\"text-align: left;\">Muestra virtual<\/h4>\n<h1 style=\"text-align: left;\"><span>6\u00aa Muestra Universitaria de Fotograf\u00eda An\u00e1loga<\/span><\/h1>\n<p>La <strong>6\u00aa Muestra Universitaria de Fotograf\u00eda An\u00e1loga<\/strong> es un proyecto desarrollado por el Departamento de Artes Pl\u00e1sticas de la Universidad de Caldas. Esta nueva versi\u00f3n realizada en convenio con <strong>9 Ecolog\u00edas Digitales, presencias y co-creaci\u00f3n en la virtualidad<\/strong>, tiene el objetivo de mostrar c\u00f3mo los proyectos de creaci\u00f3n fotogr\u00e1fica universitaria traspasan el umbral de los procesos fotoqu\u00edmicos a trav\u00e9s del espectro de la imagen digital.<\/p>\n<p>La esencia creativa de estas propuestas fotogr\u00e1ficas tiene un rasgo particular: la fusi\u00f3n de procesos fotoqu\u00edmicos con la edici\u00f3n digital.\u00a0<\/p>\n<p>[\/et_pb_text][et_pb_button button_url=\u00bbhttps:\/\/bellas-artes.vr-360-tour.com\/e\/fsIBfXMPVBo\/e?fbclid=IwAR3clBbIVi34TNhrsoogLvZoNEyvhVlOJXbebx0guHUs8jpySZxnE-o-7yQ\u00bb url_new_window=\u00bbon\u00bb button_text=\u00bbIr a la muestra\u00bb _builder_version=\u00bb4.16&#8243; _module_preset=\u00bbdefault\u00bb custom_button=\u00bbon\u00bb button_text_color=\u00bb#FFFFFF\u00bb button_bg_color=\u00bb#f2296b\u00bb button_border_width=\u00bb0px\u00bb button_border_radius=\u00bb0px\u00bb button_font=\u00bbBarlow Condensed|||on|||||\u00bb locked=\u00bboff\u00bb global_colors_info=\u00bb{}\u00bb][\/et_pb_button][\/et_pb_column][et_pb_column type=\u00bb2_5&#8243; _builder_version=\u00bb4.16&#8243; _module_preset=\u00bbdefault\u00bb global_colors_info=\u00bb{}\u00bb][et_pb_image src=\u00bbhttps:\/\/ecologiasdigitales.org\/wp-content\/uploads\/2021\/12\/fotografia-analoga-01.jpg\u00bb title_text=\u00bbfotografia analoga-01&#8243; _builder_version=\u00bb4.16&#8243; _module_preset=\u00bbdefault\u00bb global_colors_info=\u00bb{}\u00bb][\/et_pb_image][\/et_pb_column][\/et_pb_row][et_pb_row _builder_version=\u00bb4.16&#8243; custom_padding=\u00bb||6px|||\u00bb locked=\u00bboff\u00bb global_colors_info=\u00bb{}\u00bb][et_pb_column type=\u00bb4_4&#8243; _builder_version=\u00bb4.16&#8243; global_colors_info=\u00bb{}\u00bb][et_pb_divider color=\u00bb#f2296b\u00bb divider_weight=\u00bb5px\u00bb _builder_version=\u00bb4.16&#8243; locked=\u00bboff\u00bb global_colors_info=\u00bb{}\u00bb][\/et_pb_divider][\/et_pb_column][\/et_pb_row][\/et_pb_section][et_pb_section fb_built=\u00bb1&#8243; admin_label=\u00bbSection\u00bb module_id=\u00bblaboratorios\u00bb _builder_version=\u00bb4.16&#8243; _module_preset=\u00bbdefault\u00bb background_color=\u00bb#f2f2f2&#8243; custom_padding=\u00bb41px||10px|||\u00bb da_popup_slug=\u00bblaboratorios\u00bb da_disable_devices=\u00bboff|off|off\u00bb global_colors_info=\u00bb{}\u00bb da_is_popup=\u00bboff\u00bb da_exit_intent=\u00bboff\u00bb da_has_close=\u00bbon\u00bb da_alt_close=\u00bboff\u00bb da_dark_close=\u00bboff\u00bb da_not_modal=\u00bbon\u00bb da_is_singular=\u00bboff\u00bb da_with_loader=\u00bboff\u00bb da_has_shadow=\u00bbon\u00bb][et_pb_row column_structure=\u00bb2_5,3_5&#8243; _builder_version=\u00bb4.16&#8243; _module_preset=\u00bbdefault\u00bb custom_margin=\u00bb0px||||false|false\u00bb custom_padding=\u00bb0px||||false|false\u00bb global_colors_info=\u00bb{}\u00bb][et_pb_column type=\u00bb2_5&#8243; _builder_version=\u00bb4.16&#8243; _module_preset=\u00bbdefault\u00bb global_colors_info=\u00bb{}\u00bb][et_pb_video src=\u00bbhttps:\/\/ecologiasdigitales.org\/wp-content\/uploads\/2021\/09\/Teratos.mp4&#8243; _builder_version=\u00bb4.16&#8243; _module_preset=\u00bbdefault\u00bb global_colors_info=\u00bb{}\u00bb][\/et_pb_video][\/et_pb_column][et_pb_column type=\u00bb3_5&#8243; _builder_version=\u00bb4.16&#8243; _module_preset=\u00bbdefault\u00bb global_colors_info=\u00bb{}\u00bb][et_pb_text _builder_version=\u00bb4.16&#8243; _module_preset=\u00bbdefault\u00bb text_font=\u00bbWork Sans|300|||||||\u00bb text_font_size=\u00bb16.5px\u00bb header_font=\u00bb|700|||||||\u00bb header_text_color=\u00bb#e8316d\u00bb global_colors_info=\u00bb{}\u00bb]<\/p>\n<h4 style=\"text-align: left;\">Laboratorio<\/h4>\n<h1 style=\"text-align: left;\">Teratos y distop\u00eda en el Antropoceno<\/h1>\n<p style=\"text-align: left;\">Un<strong> laboratorio de co-creaci\u00f3n<\/strong> que explora los futuros dist\u00f3picos que se proyectan en la era actual. En nuestros encuentros dise\u00f1aremos personajes digitales con un alto valor simb\u00f3lico que ser\u00e1n animados para ser expuestos en el Museo de Ciencias Naturales de la Salle.<\/p>\n<p>[\/et_pb_text][\/et_pb_column][\/et_pb_row][et_pb_row _builder_version=\u00bb4.16&#8243; _module_preset=\u00bbdefault\u00bb custom_margin=\u00bb0px||0px||false|false\u00bb custom_padding=\u00bb0px||21px||false|false\u00bb global_colors_info=\u00bb{}\u00bb][et_pb_column type=\u00bb4_4&#8243; _builder_version=\u00bb4.16&#8243; _module_preset=\u00bbdefault\u00bb global_colors_info=\u00bb{}\u00bb][\/et_pb_column][\/et_pb_row][et_pb_row column_structure=\u00bb3_5,2_5&#8243; _builder_version=\u00bb4.16&#8243; _module_preset=\u00bbdefault\u00bb custom_margin=\u00bb0px||||false|false\u00bb custom_padding=\u00bb0px||||false|false\u00bb global_colors_info=\u00bb{}\u00bb][et_pb_column type=\u00bb3_5&#8243; _builder_version=\u00bb4.16&#8243; _module_preset=\u00bbdefault\u00bb global_colors_info=\u00bb{}\u00bb][et_pb_text _builder_version=\u00bb4.16&#8243; _module_preset=\u00bbdefault\u00bb text_font=\u00bbWork Sans|300|||||||\u00bb text_font_size=\u00bb16.5px\u00bb header_font=\u00bb|700|||||||\u00bb header_text_color=\u00bb#e8316d\u00bb global_colors_info=\u00bb{}\u00bb]<\/p>\n<h4 style=\"text-align: left;\">Laboratorio<\/h4>\n<h1 style=\"text-align: left;\"><span>CO.META: Cultura digital y procesos de co-creaci\u00f3n desde la nube<\/span><\/h1>\n<p style=\"text-align: left;\"><span>Es un <strong>espacio de aterrizaje del trabajo digital contempor\u00e1neo<\/strong> hacia realidades offline, un ritual de transici\u00f3n de la nube digital hacia el espacio f\u00edsico donde cada artista participa en la creaci\u00f3n de posibles paisajes digitales, utilizando conceptos e im\u00e1genes representativas de nuestra cultura inspiradas en la internet y el uso de tecnolog\u00edas que materializan paisajes digitales. <\/span><\/p>\n<p>[\/et_pb_text][et_pb_text _builder_version=\u00bb4.16&#8243; _module_preset=\u00bbdefault\u00bb text_font=\u00bbWork Sans|300|||||||\u00bb header_font=\u00bb|700|||||||\u00bb header_text_color=\u00bb#e8316d\u00bb background_color=\u00bb#FFFFFF\u00bb custom_padding=\u00bb10px|30px|10px|30px|true|true\u00bb border_radii=\u00bbon|20px|20px|20px|20px\u00bb locked=\u00bboff\u00bb global_colors_info=\u00bb{}\u00bb]<\/p>\n<p><span style=\"font-weight: 400;\">Modalidad Virtual |\u00a0<\/span><span style=\"font-weight: 400;\">Profesores: <\/span><span style=\"font-weight: 400;\">Sebastian Rivera, <\/span><span style=\"font-weight: 400;\">Chales Westerman<\/span><\/p>\n<p><span style=\"font-weight: 400;\">Intensidad: 24 horas | I<\/span><span style=\"font-weight: 400;\">nicio: 27 de Octubre | <\/span><span style=\"font-weight: 400;\">Hasta el 01 de Diciembre<\/span><\/p>\n<p>[\/et_pb_text][\/et_pb_column][et_pb_column type=\u00bb2_5&#8243; _builder_version=\u00bb4.16&#8243; _module_preset=\u00bbdefault\u00bb global_colors_info=\u00bb{}\u00bb][et_pb_video src=\u00bbhttps:\/\/ecologiasdigitales.org\/wp-content\/uploads\/2021\/09\/co-meta.mp4&#8243; _builder_version=\u00bb4.16&#8243; _module_preset=\u00bbdefault\u00bb global_colors_info=\u00bb{}\u00bb][\/et_pb_video][\/et_pb_column][\/et_pb_row][et_pb_row _builder_version=\u00bb4.16&#8243; _module_preset=\u00bbdefault\u00bb custom_margin=\u00bb0px||0px||false|false\u00bb custom_padding=\u00bb0px||21px||false|false\u00bb global_colors_info=\u00bb{}\u00bb][et_pb_column type=\u00bb4_4&#8243; _builder_version=\u00bb4.16&#8243; _module_preset=\u00bbdefault\u00bb global_colors_info=\u00bb{}\u00bb][\/et_pb_column][\/et_pb_row][et_pb_row column_structure=\u00bb2_5,3_5&#8243; _builder_version=\u00bb4.16&#8243; _module_preset=\u00bbdefault\u00bb custom_margin=\u00bb0px||||false|false\u00bb custom_padding=\u00bb0px||||false|false\u00bb global_colors_info=\u00bb{}\u00bb][et_pb_column type=\u00bb2_5&#8243; _builder_version=\u00bb4.16&#8243; _module_preset=\u00bbdefault\u00bb global_colors_info=\u00bb{}\u00bb][et_pb_video src=\u00bbhttps:\/\/ecologiasdigitales.org\/wp-content\/uploads\/2021\/09\/Autoreferencias.mp4&#8243; _builder_version=\u00bb4.16&#8243; _module_preset=\u00bbdefault\u00bb global_colors_info=\u00bb{}\u00bb][\/et_pb_video][\/et_pb_column][et_pb_column type=\u00bb3_5&#8243; _builder_version=\u00bb4.16&#8243; _module_preset=\u00bbdefault\u00bb global_colors_info=\u00bb{}\u00bb][et_pb_text _builder_version=\u00bb4.16&#8243; _module_preset=\u00bbdefault\u00bb text_font=\u00bbWork Sans|300|||||||\u00bb text_font_size=\u00bb16.5px\u00bb header_font=\u00bb|700|||||||\u00bb header_text_color=\u00bb#e8316d\u00bb global_colors_info=\u00bb{}\u00bb]<\/p>\n<h4 style=\"text-align: left;\">Laboratorio<\/h4>\n<h1 style=\"text-align: left;\"><span>Autorreferencias fotogr\u00e1ficas y procesos fotoqu\u00edmicos desde la virtualidad<\/span><\/h1>\n<div class=\"freebirdFormviewerViewHeaderHeaderBody\">\n<div class=\"freebirdFormviewerViewHeaderDescription\" dir=\"auto\">Este <strong>laboratorio de creaci\u00f3n<\/strong> busca abordar el retrato fotogr\u00e1fico a trav\u00e9s de la autorreferencialidad. Mediante la ense\u00f1anza remota de procesos fotoqu\u00edmicos se busca explorar, registrar, comunicar y exponer met\u00e1foras visuales capaces de interiorizar la naturaleza humana en aspectos como la identidad, la memoria, los objetos, los recuerdos y las percepciones sobre s\u00ed mismos.<\/div>\n<\/div>\n<p>[\/et_pb_text][et_pb_text _builder_version=\u00bb4.16&#8243; _module_preset=\u00bbdefault\u00bb text_font=\u00bbWork Sans|300|||||||\u00bb header_font=\u00bb|700|||||||\u00bb header_text_color=\u00bb#e8316d\u00bb background_color=\u00bb#FFFFFF\u00bb custom_padding=\u00bb10px|30px|10px|30px|true|true\u00bb border_radii=\u00bbon|20px|20px|20px|20px\u00bb locked=\u00bboff\u00bb global_colors_info=\u00bb{}\u00bb]<\/p>\n<p><span style=\"font-weight: 400;\">Modalidad Virtual |\u00a0 <\/span><span style=\"font-weight: 400;\">Andr\u00e9s Uriel P\u00e9rez Vallejo, <\/span><span style=\"font-weight: 400;\">Isys Cielo Lucero Luna | <\/span><span style=\"font-weight: 400;\">Intensidad: 20 horas |\u00a0<\/span><span style=\"font-weight: 400;\">Inicio: 05 de noviembre | Hasta el 03 de diciembre |\u00a0<\/span><span style=\"font-weight: 400;\">Costo del kit $60.000<\/span><\/p>\n<p>[\/et_pb_text][\/et_pb_column][\/et_pb_row][et_pb_row _builder_version=\u00bb4.16&#8243; _module_preset=\u00bbdefault\u00bb custom_margin=\u00bb0px||0px||false|false\u00bb custom_padding=\u00bb0px||21px||false|false\u00bb global_colors_info=\u00bb{}\u00bb][et_pb_column type=\u00bb4_4&#8243; _builder_version=\u00bb4.16&#8243; _module_preset=\u00bbdefault\u00bb global_colors_info=\u00bb{}\u00bb][\/et_pb_column][\/et_pb_row][et_pb_row column_structure=\u00bb3_5,2_5&#8243; _builder_version=\u00bb4.16&#8243; _module_preset=\u00bbdefault\u00bb custom_margin=\u00bb0px||||false|false\u00bb custom_padding=\u00bb0px||||false|false\u00bb locked=\u00bboff\u00bb global_colors_info=\u00bb{}\u00bb][et_pb_column type=\u00bb3_5&#8243; _builder_version=\u00bb4.16&#8243; _module_preset=\u00bbdefault\u00bb global_colors_info=\u00bb{}\u00bb][et_pb_text _builder_version=\u00bb4.16&#8243; _module_preset=\u00bbdefault\u00bb text_font=\u00bbWork Sans|300|||||||\u00bb text_font_size=\u00bb16.5px\u00bb header_font=\u00bb|700|||||||\u00bb header_text_color=\u00bb#e8316d\u00bb global_colors_info=\u00bb{}\u00bb]<\/p>\n<h4 style=\"text-align: left;\">Laboratorio<\/h4>\n<h1><b>Laboratorio programaci\u00f3n de relatos digitales en Twine: Narraciones hipermediales<\/b><\/h1>\n<p><span style=\"font-weight: 400;\">El laboratorio <strong>experimenta el arte narrativo dentro de los formatos digitales hipermediales<\/strong>, por medio del software Twine. Los participantes aprender\u00e1n a programar los relatos y a integrar recursos gr\u00e1ficos, sonoros y visuales de su autor\u00eda en las narraciones que se construyan.<\/span><\/p>\n<p>[\/et_pb_text][et_pb_text _builder_version=\u00bb4.16&#8243; _module_preset=\u00bbdefault\u00bb text_font=\u00bbWork Sans|300|||||||\u00bb header_font=\u00bb|700|||||||\u00bb header_text_color=\u00bb#e8316d\u00bb background_color=\u00bb#FFFFFF\u00bb custom_padding=\u00bb10px|30px|10px|30px|true|true\u00bb border_radii=\u00bbon|20px|20px|20px|20px\u00bb locked=\u00bboff\u00bb global_colors_info=\u00bb{}\u00bb]<\/p>\n<p><span style=\"font-weight: 400;\">Modalidad Virtual |\u00a0<\/span><span style=\"font-weight: 400;\">Mg. Carlos Suarez Quiceno |\u00a0<\/span><span style=\"font-weight: 400;\">Intensidad: 14 horas | I<\/span><span style=\"font-weight: 400;\">nicio: 13 de octubre | Hasta el 24 de noviembre<\/span><\/p>\n<p>[\/et_pb_text][\/et_pb_column][et_pb_column type=\u00bb2_5&#8243; _builder_version=\u00bb4.16&#8243; _module_preset=\u00bbdefault\u00bb global_colors_info=\u00bb{}\u00bb][et_pb_video src=\u00bbhttps:\/\/ecologiasdigitales.org\/wp-content\/uploads\/2021\/09\/Video1_laboratorio_relatos.mp4&#8243; _builder_version=\u00bb4.16&#8243; _module_preset=\u00bbdefault\u00bb global_colors_info=\u00bb{}\u00bb][\/et_pb_video][\/et_pb_column][\/et_pb_row][\/et_pb_section][et_pb_section fb_built=\u00bb1&#8243; admin_label=\u00bbSection\u00bb module_id=\u00bbtalleres\u00bb _builder_version=\u00bb4.16&#8243; _module_preset=\u00bbdefault\u00bb background_color=\u00bb#f2f2f2&#8243; custom_padding=\u00bb41px||10px|||\u00bb da_popup_slug=\u00bbtalleres\u00bb da_disable_devices=\u00bboff|off|off\u00bb locked=\u00bboff\u00bb global_colors_info=\u00bb{}\u00bb da_is_popup=\u00bboff\u00bb da_exit_intent=\u00bboff\u00bb da_has_close=\u00bbon\u00bb da_alt_close=\u00bboff\u00bb da_dark_close=\u00bboff\u00bb da_not_modal=\u00bbon\u00bb da_is_singular=\u00bboff\u00bb da_with_loader=\u00bboff\u00bb da_has_shadow=\u00bbon\u00bb][et_pb_row column_structure=\u00bb1_4,3_4&#8243; _builder_version=\u00bb4.16&#8243; _module_preset=\u00bbdefault\u00bb custom_margin=\u00bb0px||||false|false\u00bb custom_padding=\u00bb0px||||false|false\u00bb locked=\u00bboff\u00bb global_colors_info=\u00bb{}\u00bb][et_pb_column type=\u00bb1_4&#8243; _builder_version=\u00bb4.16&#8243; _module_preset=\u00bbdefault\u00bb global_colors_info=\u00bb{}\u00bb][et_pb_video src=\u00bbhttps:\/\/ecologiasdigitales.org\/wp-content\/uploads\/2021\/10\/taller-ilustracion.mp4&#8243; _builder_version=\u00bb4.16&#8243; _module_preset=\u00bbdefault\u00bb global_colors_info=\u00bb{}\u00bb][\/et_pb_video][\/et_pb_column][et_pb_column type=\u00bb3_4&#8243; _builder_version=\u00bb4.16&#8243; _module_preset=\u00bbdefault\u00bb global_colors_info=\u00bb{}\u00bb][et_pb_text _builder_version=\u00bb4.16&#8243; _module_preset=\u00bbdefault\u00bb text_font=\u00bbWork Sans|300|||||||\u00bb text_font_size=\u00bb16.5px\u00bb header_font=\u00bb|700|||||||\u00bb header_text_color=\u00bb#e8316d\u00bb global_colors_info=\u00bb{}\u00bb]<\/p>\n<h4 style=\"text-align: left;\">Taller<\/h4>\n<h1><b>Taller de Creaci\u00f3n en Ilustraci\u00f3n Digital 2D y 3D \u00a0 <\/b><\/h1>\n<p><span style=\"font-weight: 400;\">El taller de creaci\u00f3n en ilustraci\u00f3n 2D y 3D se deriva en la<strong> integraci\u00f3n de elementos digitales que permitan facilidades en cuanto al \u00e1mbito creativo<\/strong>, se busca que el participante tenga un acercamiento a elementos como Adobe photoshop y blender para la creaci\u00f3n digital en campos como creaci\u00f3n de personajes y environment.\u00a0<\/span><\/p>\n<p>[\/et_pb_text][et_pb_text _builder_version=\u00bb4.16&#8243; _module_preset=\u00bbdefault\u00bb text_font=\u00bbWork Sans|300|||||||\u00bb header_font=\u00bb|700|||||||\u00bb header_text_color=\u00bb#e8316d\u00bb background_color=\u00bb#FFFFFF\u00bb custom_padding=\u00bb10px|30px|10px|30px|true|true\u00bb border_radii=\u00bbon|20px|20px|20px|20px\u00bb locked=\u00bboff\u00bb global_colors_info=\u00bb{}\u00bb]<\/p>\n<p><span style=\"font-weight: 400;\">Modalidad Virtual |\u00a0<\/span><span style=\"font-weight: 400;\">Profesor: Jhon Isaac Eregua | <\/span><span style=\"font-weight: 400;\">Intensidad: 4 horas semanales |\u00a0<\/span><span style=\"font-weight: 400;\">Horario: Mi\u00e9rcoles 2:00 &#8211; 6:00 pm |\u00a0<\/span><span style=\"font-weight: 400;\">Inicio: 13 de octubre\u00a0 | <\/span><span style=\"font-weight: 400;\">Termina:\u00a0 03 de noviembre<\/span><\/p>\n<p>[\/et_pb_text][\/et_pb_column][\/et_pb_row][\/et_pb_section][et_pb_section fb_built=\u00bb1&#8243; admin_label=\u00bbSecci\u00f3n\u00bb _builder_version=\u00bb4.16&#8243; custom_padding=\u00bb23px||43px|||\u00bb da_disable_devices=\u00bboff|off|off\u00bb global_colors_info=\u00bb{}\u00bb da_is_popup=\u00bboff\u00bb da_exit_intent=\u00bboff\u00bb da_has_close=\u00bbon\u00bb da_alt_close=\u00bboff\u00bb da_dark_close=\u00bboff\u00bb da_not_modal=\u00bbon\u00bb da_is_singular=\u00bboff\u00bb da_with_loader=\u00bboff\u00bb da_has_shadow=\u00bbon\u00bb][et_pb_row _builder_version=\u00bb4.16&#8243; _module_preset=\u00bbdefault\u00bb global_colors_info=\u00bb{}\u00bb][et_pb_column type=\u00bb4_4&#8243; _builder_version=\u00bb4.16&#8243; _module_preset=\u00bbdefault\u00bb global_colors_info=\u00bb{}\u00bb][et_pb_text _builder_version=\u00bb4.16&#8243; _module_preset=\u00bbdefault\u00bb custom_margin=\u00bb||0px||false|false\u00bb global_colors_info=\u00bb{}\u00bb]<\/p>\n<p style=\"text-align: center;\"><strong>Organizan:<\/strong><\/p>\n<p>[\/et_pb_text][et_pb_image src=\u00bbhttps:\/\/ecologiasdigitales.org\/wp-content\/uploads\/2021\/09\/logos_ED9-02.png\u00bb title_text=\u00bblogos_ED9-02&#8243; _builder_version=\u00bb4.16&#8243; _module_preset=\u00bbdefault\u00bb global_colors_info=\u00bb{}\u00bb][\/et_pb_image][et_pb_text _builder_version=\u00bb4.16&#8243; _module_preset=\u00bbdefault\u00bb custom_margin=\u00bb||0px||false|false\u00bb global_colors_info=\u00bb{}\u00bb]<\/p>\n<p style=\"text-align: center;\"><strong>Grupos de investigaci\u00f3n:<\/strong><\/p>\n<p>[\/et_pb_text][et_pb_text _builder_version=\u00bb4.16&#8243; _module_preset=\u00bbdefault\u00bb text_font=\u00bbWork Sans|300|||||||\u00bb text_font_size=\u00bb17px\u00bb global_colors_info=\u00bb{}\u00bb]<\/p>\n<p style=\"text-align: center;\">| Hipertr\u00f3pico, convergencia entre arte y tecnolog\u00eda.Universidad de Antioquia | Artes y Humanidades. Instituci\u00f3n Universitaria ITM | Urbanitas. Universidad Cat\u00f3lica Luis Amig\u00f3. | PRACMA. Universidad de Caldas |<\/p>\n<p>[\/et_pb_text][\/et_pb_column][\/et_pb_row][\/et_pb_section][et_pb_section fb_built=\u00bb1&#8243; admin_label=\u00bbSecci\u00f3n\u00bb module_id=\u00bbcontacto\u00bb _builder_version=\u00bb4.16&#8243; background_enable_color=\u00bboff\u00bb custom_padding=\u00bb0px||29px|||\u00bb da_popup_slug=\u00bbcontacto\u00bb da_disable_devices=\u00bboff|off|off\u00bb border_color_top=\u00bb#339999&#8243; global_colors_info=\u00bb{}\u00bb da_is_popup=\u00bboff\u00bb da_exit_intent=\u00bboff\u00bb da_has_close=\u00bbon\u00bb da_alt_close=\u00bboff\u00bb da_dark_close=\u00bboff\u00bb da_not_modal=\u00bbon\u00bb da_is_singular=\u00bboff\u00bb da_with_loader=\u00bboff\u00bb da_has_shadow=\u00bbon\u00bb][et_pb_row _builder_version=\u00bb4.16&#8243; global_colors_info=\u00bb{}\u00bb][et_pb_column type=\u00bb4_4&#8243; _builder_version=\u00bb4.16&#8243; global_colors_info=\u00bb{}\u00bb][et_pb_divider color=\u00bb#f2296b\u00bb divider_weight=\u00bb13px\u00bb _builder_version=\u00bb4.16&#8243; locked=\u00bboff\u00bb global_colors_info=\u00bb{}\u00bb][\/et_pb_divider][\/et_pb_column][\/et_pb_row][et_pb_row column_structure=\u00bb1_3,2_3&#8243; _builder_version=\u00bb4.16&#8243; custom_margin=\u00bb0px|auto||auto||\u00bb global_colors_info=\u00bb{}\u00bb][et_pb_column type=\u00bb1_3&#8243; _builder_version=\u00bb4.16&#8243; global_colors_info=\u00bb{}\u00bb][et_pb_text _builder_version=\u00bb4.16&#8243; text_font=\u00bb|300|||||||\u00bb text_text_color=\u00bb#666666&#8243; text_line_height=\u00bb1.4em\u00bb link_font=\u00bb||||||||\u00bb link_text_color=\u00bb#ffffff\u00bb header_font=\u00bbWork Sans|700|||||||\u00bb header_text_color=\u00bb#f2296b\u00bb header_font_size=\u00bb34px\u00bb header_3_font=\u00bbMontserrat||||||||\u00bb header_3_text_color=\u00bb#339999&#8243; background_size=\u00bbinitial\u00bb background_position=\u00bbtop_left\u00bb background_repeat=\u00bbrepeat\u00bb custom_margin=\u00bb8px||24px|||\u00bb custom_padding=\u00bb0px|||||\u00bb header_font_size_last_edited=\u00bboff|desktop\u00bb global_colors_info=\u00bb{}\u00bb]<\/p>\n<h1>Contacto<\/h1>\n<p>[\/et_pb_text][et_pb_blurb title=\u00bbUniversidad de Antioquia, Calle 67 N\u00ba 53-108, Bloque 24 oficina 321. Medell\u00edn , Colombia\u00bb use_icon=\u00bbon\u00bb font_icon=\u00bb&#xe01d;||divi||400&#8243; icon_color=\u00bb#f2296b\u00bb icon_placement=\u00bbleft\u00bb image_icon_width=\u00bb23px\u00bb _builder_version=\u00bb4.16&#8243; header_font=\u00bbWork Sans|300|||||||\u00bb header_font_size=\u00bb16px\u00bb body_font=\u00bbWork Sans||||||||\u00bb custom_margin=\u00bb||6px|||\u00bb icon_font_size=\u00bb23px\u00bb global_colors_info=\u00bb{}\u00bb][\/et_pb_blurb][et_pb_blurb title=\u00bb(+57 4 ) 219 88 79&#8243; use_icon=\u00bbon\u00bb font_icon=\u00bb&#xe090;||divi||400&#8243; icon_color=\u00bb#f2296b\u00bb icon_placement=\u00bbleft\u00bb image_icon_width=\u00bb20px\u00bb _builder_version=\u00bb4.16&#8243; header_font=\u00bbWork Sans|300|||||||\u00bb header_font_size=\u00bb16px\u00bb custom_margin=\u00bb||9px|||\u00bb icon_font_size=\u00bb20px\u00bb global_colors_info=\u00bb{}\u00bb][\/et_pb_blurb][et_pb_blurb title=\u00bbgrupohipertropico@udea.edu.co\u00bb use_icon=\u00bbon\u00bb font_icon=\u00bb&#xe010;||divi||400&#8243; icon_color=\u00bb#f2296b\u00bb icon_placement=\u00bbleft\u00bb image_icon_width=\u00bb20px\u00bb _builder_version=\u00bb4.16&#8243; header_font=\u00bbWork Sans|300|||||||\u00bb header_font_size=\u00bb16px\u00bb custom_margin=\u00bb||10px|||\u00bb icon_font_size=\u00bb20px\u00bb global_colors_info=\u00bb{}\u00bb][\/et_pb_blurb][et_pb_blurb title=\u00bbwww.udea.edu.co\/hipertropico\u00bb url=\u00bbhttp:\/\/www.udea.edu.co\/hipertropico\u00bb use_icon=\u00bbon\u00bb font_icon=\u00bb&#xe02b;||divi||400&#8243; icon_color=\u00bb#f2296b\u00bb icon_placement=\u00bbleft\u00bb image_icon_width=\u00bb20px\u00bb _builder_version=\u00bb4.16&#8243; header_font=\u00bbWork Sans|300|||||||\u00bb header_font_size=\u00bb16px\u00bb custom_margin=\u00bb-1px|||||\u00bb icon_font_size=\u00bb20px\u00bb global_colors_info=\u00bb{}\u00bb][\/et_pb_blurb][\/et_pb_column][et_pb_column type=\u00bb2_3&#8243; _builder_version=\u00bb4.16&#8243; global_colors_info=\u00bb{}\u00bb][et_pb_contact_form email=\u00bbgrupohipertropico@udea.edu.co\u00bb _builder_version=\u00bb4.16&#8243; _unique_id=\u00bbba67f942-0847-482b-b503-460d3d77c02b\u00bb form_field_focus_text_color=\u00bb#339999&#8243; title_font=\u00bbWork Sans||||||||\u00bb form_field_font=\u00bbWork Sans|300|||||||\u00bb form_field_font_size=\u00bb14px\u00bb custom_button=\u00bbon\u00bb button_text_size=\u00bb16px\u00bb button_text_color=\u00bb#f2296b\u00bb button_border_radius=\u00bb77px\u00bb button_font=\u00bbWork Sans|300||on|||||\u00bb custom_margin=\u00bb15px|||||\u00bb global_colors_info=\u00bb{}\u00bb][et_pb_contact_field field_id=\u00bbName\u00bb field_title=\u00bbNombre\u00bb _builder_version=\u00bb4.16&#8243; global_colors_info=\u00bb{}\u00bb button_text_size__hover_enabled=\u00bboff\u00bb button_one_text_size__hover_enabled=\u00bboff\u00bb button_two_text_size__hover_enabled=\u00bboff\u00bb button_text_color__hover_enabled=\u00bboff\u00bb button_one_text_color__hover_enabled=\u00bboff\u00bb button_two_text_color__hover_enabled=\u00bboff\u00bb button_border_width__hover_enabled=\u00bboff\u00bb button_one_border_width__hover_enabled=\u00bboff\u00bb button_two_border_width__hover_enabled=\u00bboff\u00bb button_border_color__hover_enabled=\u00bboff\u00bb button_one_border_color__hover_enabled=\u00bboff\u00bb button_two_border_color__hover_enabled=\u00bboff\u00bb button_border_radius__hover_enabled=\u00bboff\u00bb button_one_border_radius__hover_enabled=\u00bboff\u00bb button_two_border_radius__hover_enabled=\u00bboff\u00bb button_letter_spacing__hover_enabled=\u00bboff\u00bb button_one_letter_spacing__hover_enabled=\u00bboff\u00bb button_two_letter_spacing__hover_enabled=\u00bboff\u00bb button_bg_color__hover_enabled=\u00bboff\u00bb button_one_bg_color__hover_enabled=\u00bboff\u00bb button_two_bg_color__hover_enabled=\u00bboff\u00bb][\/et_pb_contact_field][et_pb_contact_field field_id=\u00bbEmail\u00bb field_title=\u00bbDirecci\u00f3n de correo electr\u00f3nico\u00bb field_type=\u00bbemail\u00bb _builder_version=\u00bb4.16&#8243; global_colors_info=\u00bb{}\u00bb button_text_size__hover_enabled=\u00bboff\u00bb button_one_text_size__hover_enabled=\u00bboff\u00bb button_two_text_size__hover_enabled=\u00bboff\u00bb button_text_color__hover_enabled=\u00bboff\u00bb button_one_text_color__hover_enabled=\u00bboff\u00bb button_two_text_color__hover_enabled=\u00bboff\u00bb button_border_width__hover_enabled=\u00bboff\u00bb button_one_border_width__hover_enabled=\u00bboff\u00bb button_two_border_width__hover_enabled=\u00bboff\u00bb button_border_color__hover_enabled=\u00bboff\u00bb button_one_border_color__hover_enabled=\u00bboff\u00bb button_two_border_color__hover_enabled=\u00bboff\u00bb button_border_radius__hover_enabled=\u00bboff\u00bb button_one_border_radius__hover_enabled=\u00bboff\u00bb button_two_border_radius__hover_enabled=\u00bboff\u00bb button_letter_spacing__hover_enabled=\u00bboff\u00bb button_one_letter_spacing__hover_enabled=\u00bboff\u00bb button_two_letter_spacing__hover_enabled=\u00bboff\u00bb button_bg_color__hover_enabled=\u00bboff\u00bb button_one_bg_color__hover_enabled=\u00bboff\u00bb button_two_bg_color__hover_enabled=\u00bboff\u00bb][\/et_pb_contact_field][et_pb_contact_field field_id=\u00bbMessage\u00bb field_title=\u00bbMensaje\u00bb field_type=\u00bbtext\u00bb fullwidth_field=\u00bbon\u00bb _builder_version=\u00bb4.16&#8243; global_colors_info=\u00bb{}\u00bb button_text_size__hover_enabled=\u00bboff\u00bb button_one_text_size__hover_enabled=\u00bboff\u00bb button_two_text_size__hover_enabled=\u00bboff\u00bb button_text_color__hover_enabled=\u00bboff\u00bb button_one_text_color__hover_enabled=\u00bboff\u00bb button_two_text_color__hover_enabled=\u00bboff\u00bb button_border_width__hover_enabled=\u00bboff\u00bb button_one_border_width__hover_enabled=\u00bboff\u00bb button_two_border_width__hover_enabled=\u00bboff\u00bb button_border_color__hover_enabled=\u00bboff\u00bb button_one_border_color__hover_enabled=\u00bboff\u00bb button_two_border_color__hover_enabled=\u00bboff\u00bb button_border_radius__hover_enabled=\u00bboff\u00bb button_one_border_radius__hover_enabled=\u00bboff\u00bb button_two_border_radius__hover_enabled=\u00bboff\u00bb button_letter_spacing__hover_enabled=\u00bboff\u00bb button_one_letter_spacing__hover_enabled=\u00bboff\u00bb button_two_letter_spacing__hover_enabled=\u00bboff\u00bb button_bg_color__hover_enabled=\u00bboff\u00bb button_one_bg_color__hover_enabled=\u00bboff\u00bb button_two_bg_color__hover_enabled=\u00bboff\u00bb][\/et_pb_contact_field][\/et_pb_contact_form][\/et_pb_column][\/et_pb_row][\/et_pb_section]<\/p>\n","protected":false},"excerpt":{"rendered":"<p>\u2022 Septiembre 2021 \/ septiembre 2022 \u20229 Ecolog\u00edas Digitales: Presencias y co-creaci\u00f3n en la virtualidad, se presenta como\u00a0 posibilidad de expandir las preguntas entorno a la co-creaci\u00f3n en la virtualidad, en particular, por las relaciones dial\u00f3gicas y el tipo de presencia implicadas en la virtualidad que se ha erigido en \u00e1mbitos cotidianos y laborales debido [&hellip;]<\/p>\n","protected":false},"author":1,"featured_media":0,"parent":0,"menu_order":0,"comment_status":"closed","ping_status":"closed","template":"","meta":{"_et_pb_use_builder":"on","_et_pb_old_content":"","_et_gb_content_width":"","_coblocks_attr":"","_coblocks_dimensions":"","_coblocks_responsive_height":"","_coblocks_accordion_ie_support":"","om_disable_all_campaigns":false,"_monsterinsights_skip_tracking":false,"_monsterinsights_sitenote_active":false,"_monsterinsights_sitenote_note":"","_monsterinsights_sitenote_category":0,"_uf_show_specific_survey":0,"_uf_disable_surveys":false,"footnotes":""},"class_list":["post-680","page","type-page","status-publish","hentry"],"aioseo_notices":[],"_links":{"self":[{"href":"https:\/\/ecologiasdigitales.org\/en\/wp-json\/wp\/v2\/pages\/680","targetHints":{"allow":["GET"]}}],"collection":[{"href":"https:\/\/ecologiasdigitales.org\/en\/wp-json\/wp\/v2\/pages"}],"about":[{"href":"https:\/\/ecologiasdigitales.org\/en\/wp-json\/wp\/v2\/types\/page"}],"author":[{"embeddable":true,"href":"https:\/\/ecologiasdigitales.org\/en\/wp-json\/wp\/v2\/users\/1"}],"replies":[{"embeddable":true,"href":"https:\/\/ecologiasdigitales.org\/en\/wp-json\/wp\/v2\/comments?post=680"}],"version-history":[{"count":3,"href":"https:\/\/ecologiasdigitales.org\/en\/wp-json\/wp\/v2\/pages\/680\/revisions"}],"predecessor-version":[{"id":975,"href":"https:\/\/ecologiasdigitales.org\/en\/wp-json\/wp\/v2\/pages\/680\/revisions\/975"}],"wp:attachment":[{"href":"https:\/\/ecologiasdigitales.org\/en\/wp-json\/wp\/v2\/media?parent=680"}],"curies":[{"name":"wp","href":"https:\/\/api.w.org\/{rel}","templated":true}]}}