{"id":643,"date":"2020-12-09T08:58:45","date_gmt":"2020-12-09T13:58:45","guid":{"rendered":"https:\/\/ecologiasdigitales.org\/?page_id=643"},"modified":"2023-06-09T21:01:36","modified_gmt":"2023-06-10T02:01:36","slug":"muestra-academica-2020","status":"publish","type":"page","link":"https:\/\/ecologiasdigitales.org\/en\/muestra-academica-2020\/","title":{"rendered":"Muestra Acad\u00e9mica 2020"},"content":{"rendered":"<p>[et_pb_section fb_built=\u00bb1&#8243; specialty=\u00bbon\u00bb admin_label=\u00bbPopup &#8211; #undefined\u00bb _builder_version=\u00bb4.0.6&#8243; custom_padding=\u00bb4px||80px|||\u00bb da_disable_devices=\u00bboff|off|off\u00bb da_is_popup=\u00bboff\u00bb da_exit_intent=\u00bboff\u00bb da_has_close=\u00bbon\u00bb da_alt_close=\u00bboff\u00bb da_dark_close=\u00bboff\u00bb da_not_modal=\u00bbon\u00bb da_is_singular=\u00bboff\u00bb da_with_loader=\u00bboff\u00bb da_has_shadow=\u00bbon\u00bb][et_pb_column type=\u00bb1_2&#8243; _builder_version=\u00bb3.25&#8243; custom_padding=\u00bb|||\u00bb custom_padding__hover=\u00bb|||\u00bb][et_pb_divider color=\u00bb#cc3366&#8243; divider_weight=\u00bb4px\u00bb disabled_on=\u00bbon|on|off\u00bb _builder_version=\u00bb3.23.4&#8243; background_size=\u00bbinitial\u00bb background_position=\u00bbtop_left\u00bb background_repeat=\u00bbrepeat\u00bb max_width=\u00bb40px\u00bb module_alignment=\u00bbleft\u00bb height=\u00bb0px\u00bb custom_margin=\u00bb||10px|\u00bb animation_style=\u00bbzoom\u00bb animation_direction=\u00bbleft\u00bb saved_tabs=\u00bball\u00bb locked=\u00bboff\u00bb][\/et_pb_divider][et_pb_blurb use_icon=\u00bbon\u00bb font_icon=\u00bb%%363%%\u00bb use_circle=\u00bbon\u00bb circle_color=\u00bb#ffffff\u00bb use_circle_border=\u00bbon\u00bb icon_placement=\u00bbleft\u00bb _builder_version=\u00bb3.24&#8243;][\/et_pb_blurb][et_pb_text _builder_version=\u00bb4.7.4&#8243; text_font=\u00bbBarlow|300|||||||\u00bb text_text_color=\u00bb#666666&#8243; text_line_height=\u00bb1.4em\u00bb link_font=\u00bb||||||||\u00bb link_text_color=\u00bb#ffffff\u00bb header_font=\u00bbBarlow|700|||||||\u00bb header_font_size=\u00bb45px\u00bb header_2_font=\u00bbBarlow|800|||||||\u00bb header_2_font_size=\u00bb60px\u00bb header_3_font=\u00bbBarlow||||||||\u00bb header_3_text_color=\u00bb#339999&#8243; background_size=\u00bbinitial\u00bb background_position=\u00bbtop_left\u00bb background_repeat=\u00bbrepeat\u00bb custom_margin=\u00bb-20px|5px|-4px|||\u00bb custom_padding=\u00bb0px|1px||||\u00bb header_font_size_last_edited=\u00bboff|desktop\u00bb locked=\u00bboff\u00bb inline_fonts=\u00bbTHE BOLD FONT\u00bb]<\/p>\n<h1 style=\"text-align: center;\"><strong><span style=\"color: #000000;\">Muestra <\/span><span style=\"color: #cc3366;\"><span style=\"color: #000000;\">acade\u0301mica\u00a0<\/span><\/span><span style=\"color: #cc3366;\">2020<\/span><\/strong><\/h1>\n<p>[\/et_pb_text][et_pb_divider divider_style=\u00bbdotted\u00bb divider_position=\u00bbcenter\u00bb _builder_version=\u00bb4.0.6&#8243; custom_margin=\u00bb17px||18px|||\u00bb][\/et_pb_divider][et_pb_text _builder_version=\u00bb4.7.4&#8243; _module_preset=\u00bbdefault\u00bb header_text_color=\u00bb#339999&#8243; header_3_font=\u00bbBarlow Condensed|||on|||||\u00bb header_3_text_color=\u00bb#339999&#8243; header_3_font_size=\u00bb27px\u00bb custom_margin=\u00bb-7px||-11px|||\u00bb]<\/p>\n<h3 style=\"text-align: left;\"><b>Procesos y resultados de pr\u00e1cticas<\/b><\/h3>\n<p>[\/et_pb_text][et_pb_divider divider_style=\u00bbdotted\u00bb divider_position=\u00bbcenter\u00bb _builder_version=\u00bb4.0.6&#8243; custom_margin=\u00bb17px||18px|||\u00bb][\/et_pb_divider][et_pb_text _builder_version=\u00bb4.7.4&#8243; _module_preset=\u00bbdefault\u00bb custom_margin=\u00bb|4px||||\u00bb]<\/p>\n<p>En el marco del evento Ecolog\u00edas Digitales se lleva a cabo la Muestra Acad\u00e9mica, una estrategia para la socializaci\u00f3n de procesos y resultados de talleres y laboratorios de creaci\u00f3n realizados en diversos espacios de formaci\u00f3n y encuentro experimental, en los que se descubren, exploran y proponen convergencias entre arte, tecnolog\u00eda, educaci\u00f3n, cultura y sociedad. En estos ambientes creativos se moviliza el hacer a partir de conceptos, reflexiones te\u00f3ricas, problematizaciones alrededor de las artes, experiencias de vida o inquietudes t\u00e9cnicas, entre otros asuntos de inter\u00e9s para los docentes, estudiantes, artistas, creativos, investigadores y dem\u00e1s integrantes de dichos equipos de trabajo. Tales experiencias son convocadas a la Muestra Acad\u00e9mica a trav\u00e9s de invitaciones abiertas o directas, perfiladas de acuerdo a los t\u00f3picos o reflexiones que para el momento de la participaci\u00f3n sean transversales a la versi\u00f3n del evento que se encuentre en ejecuci\u00f3n.<\/p>\n<p> Siendo una iniciativa para la divulgaci\u00f3n acad\u00e9mica y art\u00edstica, la Muestra abre, a partir del a\u00f1o 2020, una secci\u00f3n especial para compartir con la comunidad en general los procesos y resultados de las pr\u00e1cticas investigativas, pedag\u00f3gicas, art\u00edsticas y culturales, desarrolladas por estudiantes de la Facultad de Artes de la Universidad de Antioquia.<\/p>\n<p> Teniendo en cuenta la actual contingencia por COVID-19, Ecolog\u00edas Digitales ha desplegado la pregunta por las formas de potenciar la cocreaci\u00f3n en la virtualidad. En tal sentido, los proyectos de pr\u00e1ctica aqu\u00ed compartidos, bien pueden orientar sus objetivos hacia el desarrollo de procesos y la formalizaci\u00f3n de piezas en las que la mediaci\u00f3n tecnol\u00f3gica es determinante, o bien pueden ser proyectos que durante su puesta en marcha en tiempos de pandemia, demandan el uso o apropiaci\u00f3n de tecnolog\u00edas para el fortalecimiento de una etapa, proceso o finalizaci\u00f3n de la investigaci\u00f3n.<\/p>\n<p> En tal sentido, esta secci\u00f3n de la Muestra Acad\u00e9mica presenta a continuaci\u00f3n las experiencias que han tenido algunos de los estudiantes a lo largo de su ejercicio investigativo, art\u00edstico, creativo y pedag\u00f3gico como practicantes en confinamiento.<\/p>\n<p>[\/et_pb_text][et_pb_divider divider_style=\u00bbdotted\u00bb divider_position=\u00bbcenter\u00bb _builder_version=\u00bb4.0.6&#8243; custom_margin=\u00bb17px||18px|||\u00bb][\/et_pb_divider][\/et_pb_column][et_pb_column type=\u00bb1_2&#8243; specialty_columns=\u00bb2&#8243; _builder_version=\u00bb3.25&#8243; custom_padding=\u00bb|||\u00bb custom_padding__hover=\u00bb|||\u00bb][et_pb_row_inner _builder_version=\u00bb4.7.4&#8243; _module_preset=\u00bbdefault\u00bb background_color=\u00bb#e2e2e2&#8243; custom_margin=\u00bb63px|||||\u00bb custom_padding=\u00bb|22px||22px|false|false\u00bb link_option_url=\u00bb#juego-drama-convivencia\u00bb border_radii=\u00bbon|16px|16px|16px|16px\u00bb][et_pb_column_inner saved_specialty_column_type=\u00bb1_2&#8243; _builder_version=\u00bb4.7.4&#8243; _module_preset=\u00bbdefault\u00bb][et_pb_image src=\u00bbhttps:\/\/ecologiasdigitales.org\/wp-content\/uploads\/2020\/12\/Reflexiones-de-pequenos.png\u00bb title_text=\u00bbReflexiones de peque\u00f1os\u00bb _builder_version=\u00bb4.7.4&#8243; _module_preset=\u00bbdefault\u00bb custom_margin=\u00bb||8px|||\u00bb][\/et_pb_image][et_pb_text _builder_version=\u00bb4.7.4&#8243; _module_preset=\u00bbdefault\u00bb text_font=\u00bbBarlow||||||||\u00bb quote_font=\u00bbBarlow||||||||\u00bb quote_text_color=\u00bb#339999&#8243; quote_font_size=\u00bb20px\u00bb header_font=\u00bbBarlow Condensed||||||||\u00bb header_text_color=\u00bb#000000&#8243; header_font_size=\u00bb33px\u00bb header_3_font=\u00bbBarlow Condensed||||||||\u00bb header_3_text_color=\u00bb#cc3366&#8243; header_3_font_size=\u00bb24px\u00bb header_4_font=\u00bbBarlow Condensed||||||||\u00bb header_4_text_color=\u00bb#686868&#8243; custom_margin=\u00bb0px||13px|||\u00bb custom_padding=\u00bb|51px||||\u00bb]<\/p>\n<h1><strong><em>Juego, Drama y Convivencia. Reflexiones de peque\u00f1os<\/em><\/strong><\/h1>\n<h3><em>Estrategia Pedag\u00f3gica\u00a0para contribuir a la sana convivencia en ambientes escolares<\/em><\/h3>\n<h4><strong>Jhennyfer Alegr\u00eda Casta\u00f1o |\u00a0<\/strong><strong>Lic. En Teatro<\/strong><\/h4>\n<p>[\/et_pb_text][et_pb_button button_text=\u00bbVer m\u00e1s\u00bb button_alignment=\u00bbright\u00bb _builder_version=\u00bb4.7.4&#8243; _module_preset=\u00bbdefault\u00bb custom_button=\u00bbon\u00bb button_text_size=\u00bb18px\u00bb button_text_color=\u00bb#ffffff\u00bb button_bg_color=\u00bb#339999&#8243; button_border_width=\u00bb0px\u00bb button_border_radius=\u00bb22px\u00bb button_font=\u00bbBarlow Condensed|||on|||||\u00bb custom_margin=\u00bb-8px|||||\u00bb][\/et_pb_button][\/et_pb_column_inner][\/et_pb_row_inner][et_pb_row_inner _builder_version=\u00bb4.7.4&#8243; _module_preset=\u00bbdefault\u00bb background_color=\u00bb#e2e2e2&#8243; custom_margin=\u00bb22px|||||\u00bb custom_padding=\u00bb|22px||22px|false|false\u00bb link_option_url=\u00bb#radiografias-textuales\u00bb border_radii=\u00bbon|16px|16px|16px|16px\u00bb][et_pb_column_inner saved_specialty_column_type=\u00bb1_2&#8243; _builder_version=\u00bb4.7.4&#8243; _module_preset=\u00bbdefault\u00bb][et_pb_image src=\u00bbhttps:\/\/ecologiasdigitales.org\/wp-content\/uploads\/2020\/12\/radiografias_textuales_Moment.jpg\u00bb title_text=\u00bbradiografias_textuales_Moment\u00bb _builder_version=\u00bb4.7.4&#8243; _module_preset=\u00bbdefault\u00bb custom_margin=\u00bb||8px|||\u00bb][\/et_pb_image][et_pb_text _builder_version=\u00bb4.7.4&#8243; _module_preset=\u00bbdefault\u00bb text_font=\u00bbBarlow||||||||\u00bb quote_font=\u00bbBarlow||||||||\u00bb quote_text_color=\u00bb#339999&#8243; quote_font_size=\u00bb20px\u00bb header_font=\u00bbBarlow Condensed||||||||\u00bb header_text_color=\u00bb#000000&#8243; header_font_size=\u00bb33px\u00bb header_3_font=\u00bbBarlow Condensed||||||||\u00bb header_3_text_color=\u00bb#cc3366&#8243; header_3_font_size=\u00bb24px\u00bb header_4_font=\u00bbBarlow Condensed||||||||\u00bb header_4_text_color=\u00bb#686868&#8243; custom_margin=\u00bb-1px||7px|||\u00bb custom_padding=\u00bb|90px||||\u00bb]<\/p>\n<h1><em><strong>Radiograf\u00edas Textuales<\/strong><\/em><\/h1>\n<h3><em>Pr\u00e1ctica docente de la licenciatura en teatro<\/em><\/h3>\n<h4><strong>Marisol Graciano Opina |\u00a0<\/strong><strong>Lic. En Teatro\u00a0<\/strong><\/h4>\n<p>[\/et_pb_text][et_pb_button button_text=\u00bbVer m\u00e1s\u00bb button_alignment=\u00bbright\u00bb _builder_version=\u00bb4.7.4&#8243; _module_preset=\u00bbdefault\u00bb custom_button=\u00bbon\u00bb button_text_size=\u00bb18px\u00bb button_text_color=\u00bb#ffffff\u00bb button_bg_color=\u00bb#339999&#8243; button_border_width=\u00bb0px\u00bb button_border_radius=\u00bb22px\u00bb button_font=\u00bbBarlow Condensed|||on|||||\u00bb custom_margin=\u00bb-8px|||||\u00bb][\/et_pb_button][\/et_pb_column_inner][\/et_pb_row_inner][\/et_pb_column][\/et_pb_section][et_pb_section fb_built=\u00bb1&#8243; admin_label=\u00bbPopup &#8211; #Radiograf-as-textuales\u00bb module_id=\u00bbjuego-drama-convivencia\u00bb module_class=\u00bbpopup\u00bb _builder_version=\u00bb4.7.4&#8243; _module_preset=\u00bbdefault\u00bb da_is_popup=\u00bbon\u00bb da_popup_slug=\u00bbjuego-drama-convivencia\u00bb da_disable_devices=\u00bboff|off|off\u00bb da_exit_intent=\u00bboff\u00bb da_has_close=\u00bbon\u00bb da_alt_close=\u00bboff\u00bb da_dark_close=\u00bboff\u00bb da_not_modal=\u00bbon\u00bb da_is_singular=\u00bboff\u00bb da_with_loader=\u00bboff\u00bb da_has_shadow=\u00bbon\u00bb][et_pb_row _builder_version=\u00bb4.7.4&#8243; _module_preset=\u00bbdefault\u00bb custom_padding=\u00bb16px||0px|||\u00bb][et_pb_column type=\u00bb4_4&#8243; _builder_version=\u00bb4.7.4&#8243; _module_preset=\u00bbdefault\u00bb][et_pb_text _builder_version=\u00bb4.7.4&#8243; _module_preset=\u00bbdefault\u00bb text_font=\u00bbBarlow||||||||\u00bb quote_font=\u00bbBarlow||||||||\u00bb quote_text_color=\u00bb#339999&#8243; quote_font_size=\u00bb20px\u00bb header_font=\u00bbBarlow Condensed||||||||\u00bb header_text_color=\u00bb#000000&#8243; header_font_size=\u00bb33px\u00bb header_3_font=\u00bbBarlow Condensed||||||||\u00bb header_3_text_color=\u00bb#cc3366&#8243; header_3_font_size=\u00bb24px\u00bb header_4_font=\u00bbBarlow Condensed||||||||\u00bb header_4_text_color=\u00bb#686868&#8243; custom_margin=\u00bb-1px|||||\u00bb custom_padding=\u00bb|127px||||\u00bb]<\/p>\n<h1><strong><em>Juego, Drama y Convivencia<\/em><\/strong><\/h1>\n<h3><em>Estrategia Pedag\u00f3gica\u00a0para contribuir a la sana convivencia en ambientes escolares<\/em><\/h3>\n<h4><strong>Jhennyfer Alegr\u00eda Casta\u00f1o |\u00a0<\/strong><strong>Lic. En Teatro |\u00a0<\/strong><strong>Asesor: Maritza Ch\u00e1vez<\/strong><\/h4>\n<blockquote>\n<p><em>\u00bfC\u00f3mo contribuir a la sana convivencia en los ni\u00f1os y las ni\u00f1as de 8 a 12 a\u00f1os de edad, de la Fundaci\u00f3n Solidaria la Visitaci\u00f3n a partir de una estrategia pedag\u00f3gica basada en el juego dram\u00e1tico?<\/em><\/p>\n<\/blockquote>\n<p>[\/et_pb_text][\/et_pb_column][\/et_pb_row][et_pb_row column_structure=\u00bb3_5,2_5&#8243; _builder_version=\u00bb4.7.4&#8243; _module_preset=\u00bbdefault\u00bb custom_margin=\u00bb-21px|auto||auto||\u00bb custom_padding=\u00bb20px|||||\u00bb][et_pb_column type=\u00bb3_5&#8243; _builder_version=\u00bb4.7.4&#8243; _module_preset=\u00bbdefault\u00bb background_color=\u00bb#e2e2e2&#8243; custom_padding=\u00bb24px|19px|26px|16px|false|false\u00bb border_radii=\u00bbon|26px|26px|26px|26px\u00bb][et_pb_video src=\u00bbhttps:\/\/youtu.be\/aimqH12G3Hk\u00bb _builder_version=\u00bb4.7.4&#8243; _module_preset=\u00bbdefault\u00bb module_alignment=\u00bbcenter\u00bb border_radii=\u00bbon|8px|8px|8px|8px\u00bb][\/et_pb_video][et_pb_text _builder_version=\u00bb4.7.4&#8243; _module_preset=\u00bbdefault\u00bb text_font=\u00bbBarlow Condensed|300|||||||\u00bb text_text_color=\u00bb#000000&#8243; text_font_size=\u00bb21px\u00bb header_3_font=\u00bbBarlow Condensed|700|||||||\u00bb header_3_text_color=\u00bb#339999&#8243; header_3_font_size=\u00bb24px\u00bb]<\/p>\n<h3>Reflexiones de peque\u00f1os<\/h3>\n<p>Video realizado con los ni\u00f1os y ni\u00f1as de la Fundaci\u00f3n Solidaria la Visitaci\u00f3n, sede del Picacho. Sus reflexiones responden a unas preguntas b\u00e1sicas c\u00f3mo lo es: \u00bfpara ustedes que es la convivencia?, El video se realiz\u00f3 en noviembre del 2020, a\u00f1o en el que estamos viviendo una pandemia inesperada.<\/p>\n<p>[\/et_pb_text][\/et_pb_column][et_pb_column type=\u00bb2_5&#8243; _builder_version=\u00bb4.7.4&#8243; _module_preset=\u00bbdefault\u00bb][et_pb_text _builder_version=\u00bb4.7.4&#8243; _module_preset=\u00bbdefault\u00bb min_height=\u00bb337.8px\u00bb custom_margin=\u00bb5px||||false|false\u00bb custom_padding=\u00bb0px|||||\u00bb]<\/p>\n<p>El presente proyecto aplicado busc\u00f3 proporcionar una herramienta pedag\u00f3gica de interacci\u00f3n aplicando el juego dram\u00e1tico, con el objetivo principal de contribuir a las problem\u00e1ticas causadas por los conflictos de convivencia en ni\u00f1os y ni\u00f1as con edades entre los 8 y 12 a\u00f1os de la Fundaci\u00f3n Solidara la Visitaci\u00f3n de la ciudad de Medell\u00edn.<br \/><em><\/em><\/p>\n<p>Se enfatiza en la intervenci\u00f3n la aplicaci\u00f3n de juegos teatrales o dram\u00e1ticos como herramienta did\u00e1ctica que permite a los ni\u00f1os y ni\u00f1as activar habilidades importantes como la atenci\u00f3n, concentraci\u00f3n, imaginaci\u00f3n, memoria, observaci\u00f3n, iniciativa, voluntad y sobre todo autoconfianza y autoestima, lo cual fortalece el concepto positivo de s\u00ed mismos generando un mejoramiento en sus relaciones interpersonales.<\/p>\n<p>[\/et_pb_text][et_pb_video src=\u00bbhttps:\/\/youtu.be\/wG6KJ4q0Yj4&#8243; _builder_version=\u00bb4.7.4&#8243; _module_preset=\u00bbdefault\u00bb custom_padding=\u00bb|44px||||\u00bb][\/et_pb_video][\/et_pb_column][\/et_pb_row][\/et_pb_section][et_pb_section fb_built=\u00bb1&#8243; admin_label=\u00bbPopup &#8211; #Radiograf-as-textuales\u00bb module_id=\u00bbradiografias-textuales\u00bb module_class=\u00bbpopup\u00bb _builder_version=\u00bb4.7.4&#8243; _module_preset=\u00bbdefault\u00bb da_is_popup=\u00bbon\u00bb da_popup_slug=\u00bbradiografias-textuales\u00bb da_disable_devices=\u00bboff|off|off\u00bb da_exit_intent=\u00bboff\u00bb da_has_close=\u00bbon\u00bb da_alt_close=\u00bboff\u00bb da_dark_close=\u00bboff\u00bb da_not_modal=\u00bbon\u00bb da_is_singular=\u00bboff\u00bb da_with_loader=\u00bboff\u00bb da_has_shadow=\u00bbon\u00bb][et_pb_row _builder_version=\u00bb4.7.4&#8243; _module_preset=\u00bbdefault\u00bb custom_padding=\u00bb16px||0px|||\u00bb][et_pb_column type=\u00bb4_4&#8243; _builder_version=\u00bb4.7.4&#8243; _module_preset=\u00bbdefault\u00bb][et_pb_text _builder_version=\u00bb4.7.4&#8243; _module_preset=\u00bbdefault\u00bb text_font=\u00bbBarlow||||||||\u00bb quote_font=\u00bbBarlow||||||||\u00bb quote_text_color=\u00bb#339999&#8243; quote_font_size=\u00bb20px\u00bb header_font=\u00bbBarlow Condensed||||||||\u00bb header_text_color=\u00bb#000000&#8243; header_font_size=\u00bb33px\u00bb header_3_font=\u00bbBarlow Condensed||||||||\u00bb header_3_text_color=\u00bb#cc3366&#8243; header_3_font_size=\u00bb24px\u00bb header_4_font=\u00bbBarlow Condensed||||||||\u00bb header_4_text_color=\u00bb#686868&#8243; custom_margin=\u00bb-1px|||||\u00bb custom_padding=\u00bb|167px||||\u00bb]<\/p>\n<h1><em><strong>Radiograf\u00edas Textuales<\/strong><\/em><\/h1>\n<h3><em>Pr\u00e1ctica docente de la licenciatura en teatro<\/em><\/h3>\n<h4><strong>Marisol Graciano Opina |\u00a0<\/strong><strong>Lic. En Teatro\u00a0<\/strong><\/h4>\n<blockquote>\n<p><em>\u00bfC\u00f3mo potenciar el pensamiento cr\u00edtico-reflexivo desde la prosaica del estudiante universitario, que nos lleve a un ejercicio escrito y esc\u00e9nico?<\/em><\/p>\n<\/blockquote>\n<p>[\/et_pb_text][\/et_pb_column][\/et_pb_row][et_pb_row column_structure=\u00bb3_5,2_5&#8243; _builder_version=\u00bb4.7.4&#8243; _module_preset=\u00bbdefault\u00bb custom_margin=\u00bb-21px|auto||auto||\u00bb custom_padding=\u00bb20px|||||\u00bb][et_pb_column type=\u00bb3_5&#8243; _builder_version=\u00bb4.7.4&#8243; _module_preset=\u00bbdefault\u00bb background_color=\u00bb#e2e2e2&#8243; custom_padding=\u00bb24px|19px|26px|16px|false|false\u00bb border_radii=\u00bbon|26px|26px|26px|26px\u00bb][et_pb_video src=\u00bbhttps:\/\/ecologiasdigitales.org\/wp-content\/uploads\/2020\/12\/radiografias_textuales.mp4&#8243; image_src=\u00bbhttps:\/\/ecologiasdigitales.org\/wp-content\/uploads\/2020\/12\/radiografias_textuales_Moment.jpg\u00bb thumbnail_overlay_color=\u00bbrgba(0,0,0,0.6)\u00bb _builder_version=\u00bb4.7.4&#8243; _module_preset=\u00bbdefault\u00bb module_alignment=\u00bbcenter\u00bb border_radii=\u00bbon|8px|8px|8px|8px\u00bb][\/et_pb_video][et_pb_text _builder_version=\u00bb4.7.4&#8243; _module_preset=\u00bbdefault\u00bb text_font=\u00bbBarlow Condensed|300|||||||\u00bb text_text_color=\u00bb#000000&#8243; text_font_size=\u00bb21px\u00bb header_3_font=\u00bbBarlow Condensed|700|||||||\u00bb header_3_text_color=\u00bb#339999&#8243; header_3_font_size=\u00bb24px\u00bb custom_padding=\u00bb|8px||||\u00bb]<\/p>\n<h3>Radiograf\u00edas Textuales<\/h3>\n<p>Este video es el resultado o muestra final del proceso que se vivi\u00f3 en la pr\u00e1ctica docente realizada en la Universidad de Antioquia, Facultad de Artes a trav\u00e9s de Bienestar de Artes, donde los estudiantes realizan una composici\u00f3n final tanto escrita como audiovisual que sale de todos los ejercicios de escritura creativa realizados en los encuentros, dicha composici\u00f3n habla de sus miedos, de su infancia, de sus alegr\u00edas y de la reflexi\u00f3n que hacen de ellos mismos en aspectos particulares e \u00edntimos. De esta manera se visualiza el cumplimiento del objetivo del curso que se refiere a Potenciar el pensamiento cr\u00edtico y reflexivo desde la prosaica del estudiante universitario que propicie un ejercicio escrito y esc\u00e9nico, en este sentido lo esc\u00e9nico se traslada a una narrativa audiovisual, por razones de covid-19.<\/p>\n<p>[\/et_pb_text][\/et_pb_column][et_pb_column type=\u00bb2_5&#8243; _builder_version=\u00bb4.7.4&#8243; _module_preset=\u00bbdefault\u00bb][et_pb_text _builder_version=\u00bb4.7.4&#8243; _module_preset=\u00bbdefault\u00bb min_height=\u00bb308.8px\u00bb custom_margin=\u00bb4px||29px||false|false\u00bb custom_padding=\u00bb0px|||||\u00bb]<\/p>\n<p>La realizaci\u00f3n del presente proyecto tiene como pilar fundamental incentivar el pensamiento cr\u00edtico reflexivo a trav\u00e9s de la creatividad escritural y el arte esc\u00e9nico mediante de lo audiovisual, ya que evidencia otras alternativas de expresi\u00f3n que permiten descubrir formas de pensamiento por medio de un discurso est\u00e9tico y art\u00edstico. Adem\u00e1s se estimula el autorreconocimiento y el mejoramiento de sus capacidades para relacionarse con \u00e9l mismo, y su entorno, partiendo de un concepto propio que devela su manera de ver el mundo, como una especie de radiograf\u00eda an\u00edmica y moral de s\u00ed mismos, que permite un salto po\u00e9tico inesperado de imaginaci\u00f3n y conciencia, a partir de sus propias experiencias.<\/p>\n<p>[\/et_pb_text][et_pb_video src=\u00bbhttps:\/\/ecologiasdigitales.org\/wp-content\/uploads\/2020\/12\/Marisol_Graciano.mp4&#8243; image_src=\u00bbhttps:\/\/ecologiasdigitales.org\/wp-content\/uploads\/2020\/12\/Marisol_Graciano_Moment.jpg\u00bb thumbnail_overlay_color=\u00bbrgba(0,0,0,0.6)\u00bb _builder_version=\u00bb4.7.4&#8243; _module_preset=\u00bbdefault\u00bb custom_margin=\u00bb0px|23px||||\u00bb custom_padding=\u00bb|32px||||\u00bb][\/et_pb_video][\/et_pb_column][\/et_pb_row][\/et_pb_section]<\/p>\n","protected":false},"excerpt":{"rendered":"<p>Muestra acade\u0301mica\u00a02020Procesos y resultados de pr\u00e1cticasEn el marco del evento Ecolog\u00edas Digitales se lleva a cabo la Muestra Acad\u00e9mica, una estrategia para la socializaci\u00f3n de procesos y resultados de talleres y laboratorios de creaci\u00f3n realizados en diversos espacios de formaci\u00f3n y encuentro experimental, en los que se descubren, exploran y proponen convergencias entre arte, tecnolog\u00eda, [&hellip;]<\/p>\n","protected":false},"author":1,"featured_media":0,"parent":0,"menu_order":0,"comment_status":"closed","ping_status":"closed","template":"","meta":{"_et_pb_use_builder":"on","_et_pb_old_content":"","_et_gb_content_width":"","_coblocks_attr":"","_coblocks_dimensions":"","_coblocks_responsive_height":"","_coblocks_accordion_ie_support":"","om_disable_all_campaigns":false,"_monsterinsights_skip_tracking":false,"_monsterinsights_sitenote_active":false,"_monsterinsights_sitenote_note":"","_monsterinsights_sitenote_category":0,"_uf_show_specific_survey":0,"_uf_disable_surveys":false,"footnotes":""},"class_list":["post-643","page","type-page","status-publish","hentry"],"aioseo_notices":[],"_links":{"self":[{"href":"https:\/\/ecologiasdigitales.org\/en\/wp-json\/wp\/v2\/pages\/643","targetHints":{"allow":["GET"]}}],"collection":[{"href":"https:\/\/ecologiasdigitales.org\/en\/wp-json\/wp\/v2\/pages"}],"about":[{"href":"https:\/\/ecologiasdigitales.org\/en\/wp-json\/wp\/v2\/types\/page"}],"author":[{"embeddable":true,"href":"https:\/\/ecologiasdigitales.org\/en\/wp-json\/wp\/v2\/users\/1"}],"replies":[{"embeddable":true,"href":"https:\/\/ecologiasdigitales.org\/en\/wp-json\/wp\/v2\/comments?post=643"}],"version-history":[{"count":1,"href":"https:\/\/ecologiasdigitales.org\/en\/wp-json\/wp\/v2\/pages\/643\/revisions"}],"predecessor-version":[{"id":1130,"href":"https:\/\/ecologiasdigitales.org\/en\/wp-json\/wp\/v2\/pages\/643\/revisions\/1130"}],"wp:attachment":[{"href":"https:\/\/ecologiasdigitales.org\/en\/wp-json\/wp\/v2\/media?parent=643"}],"curies":[{"name":"wp","href":"https:\/\/api.w.org\/{rel}","templated":true}]}}