{"id":195,"date":"2020-07-07T18:52:13","date_gmt":"2020-07-07T18:52:13","guid":{"rendered":"https:\/\/ecologiasdigitales.org\/?page_id=195"},"modified":"2020-07-07T18:52:13","modified_gmt":"2020-07-07T18:52:13","slug":"invitro","status":"publish","type":"page","link":"https:\/\/ecologiasdigitales.org\/en\/invitro\/","title":{"rendered":"Ecolog\u00edas Digitales en InVitro"},"content":{"rendered":"<p>[et_pb_section fb_built=\u00bb1&#8243; specialty=\u00bbon\u00bb _builder_version=\u00bb4.0.6&#8243; custom_padding=\u00bb3px||0px|||\u00bb da_is_popup=\u00bboff\u00bb da_exit_intent=\u00bboff\u00bb da_has_close=\u00bbon\u00bb da_alt_close=\u00bboff\u00bb da_dark_close=\u00bboff\u00bb da_not_modal=\u00bbon\u00bb da_is_singular=\u00bboff\u00bb da_with_loader=\u00bboff\u00bb da_has_shadow=\u00bbon\u00bb da_disable_devices=\u00bboff|off|off\u00bb][et_pb_column type=\u00bb1_2&#8243; _builder_version=\u00bb3.25&#8243; custom_padding=\u00bb|||\u00bb custom_padding__hover=\u00bb|||\u00bb][et_pb_divider color=\u00bb#cc3366&#8243; divider_weight=\u00bb4px\u00bb disabled_on=\u00bbon|on|off\u00bb _builder_version=\u00bb3.23.4&#8243; background_size=\u00bbinitial\u00bb background_position=\u00bbtop_left\u00bb background_repeat=\u00bbrepeat\u00bb max_width=\u00bb40px\u00bb module_alignment=\u00bbleft\u00bb height=\u00bb0px\u00bb custom_margin=\u00bb||10px|\u00bb animation_style=\u00bbzoom\u00bb animation_direction=\u00bbleft\u00bb saved_tabs=\u00bball\u00bb locked=\u00bboff\u00bb][\/et_pb_divider][et_pb_blurb use_icon=\u00bbon\u00bb font_icon=\u00bb%%363%%\u00bb use_circle=\u00bbon\u00bb circle_color=\u00bb#ffffff\u00bb use_circle_border=\u00bbon\u00bb icon_placement=\u00bbleft\u00bb _builder_version=\u00bb3.24&#8243;][\/et_pb_blurb][et_pb_text text_font=\u00bb|300|||||||\u00bb text_text_color=\u00bb#666666&#8243; text_line_height=\u00bb1.4em\u00bb link_font=\u00bb||||||||\u00bb link_text_color=\u00bb#ffffff\u00bb header_font=\u00bbMontserrat|700|||||||\u00bb header_font_size=\u00bb42px\u00bb background_size=\u00bbinitial\u00bb background_position=\u00bbtop_left\u00bb background_repeat=\u00bbrepeat\u00bb custom_margin=\u00bb-20px||-1px|||\u00bb custom_padding=\u00bb0px|||||\u00bb header_font_size_last_edited=\u00bboff|desktop\u00bb header_3_font=\u00bbMontserrat||||||||\u00bb header_3_text_color=\u00bb#339999&#8243; _builder_version=\u00bb4.0.6&#8243; locked=\u00bboff\u00bb inline_fonts=\u00bbTHE BOLD FONT\u00bb]<\/p>\n<h1>Ecolog\u00edas Digitales en <span style=\"color: #cc3366;\">InVitro<\/span><\/h1>\n<p>[\/et_pb_text][et_pb_accordion closed_toggle_text_color=\u00bb#339999&#8243; icon_color=\u00bb#cc3366&#8243; use_icon_font_size=\u00bbon\u00bb icon_font_size=\u00bb18px\u00bb _builder_version=\u00bb4.0.6&#8243; toggle_text_color=\u00bb#339999&#8243; toggle_level=\u00bbh1&#8243; toggle_font=\u00bbMontserrat|600|||||||\u00bb toggle_font_size=\u00bb20px\u00bb closed_toggle_font=\u00bbMontserrat|600|||||||\u00bb closed_toggle_font_size=\u00bb20px\u00bb min_height=\u00bb264px\u00bb custom_margin=\u00bb22px|||||\u00bb][et_pb_accordion_item title=\u00bbPresentaci\u00f3n\u00bb open=\u00bbon\u00bb _builder_version=\u00bb4.0.6&#8243; toggle_text_color=\u00bb#339999&#8243;]<\/p>\n<p>El Grupo de Investigaci\u00f3n <a href=\"http:\/\/www.udea.edu.co\/wps\/portal\/udea\/web\/inicio\/investigacion\/grupos-investigacion\/humanidades\/grupo-hipertropico\"><em>Hipertr\u00f3pico, convergencia entre arte y tecnolog\u00eda<\/em><\/a> de la Facultad de Artes de la Universidad de Antioquia<em>, <\/em>lidera desde el a\u00f1o 2008 la organizaci\u00f3n del evento acad\u00e9mico y expositivo <a href=\"http:\/\/www.udea.edu.co\/wps\/portal\/udea\/web\/inicio\/investigacion\/grupos-investigacion\/humanidades\/grupo-hipertropico\/extension\/contenido\/asmenulateral\/ecologias%20digitales\/!ut\/p\/z1\/1VfbcqJAEP2V5CGP1PQwXIZHgngXgmJUXlIDjDobBaPEZPfrd0xSsbxEs5VQtdGHATl9uud0T7egCA1RlLG1mLBC5BmbyftRZNx5ge5i1YF2zb81IehRt6HblTa4gAYvAGo5KrY1aEML62AH7o0X-s5Npami6DP28MHHhs_ZbwE1XwIcH_u9StdqtbUX-_fwatQ2ZHhdO9RIVaV1Dd2iCEVJViyKKRot8mXBZo8pZ1fAVrt303zOX69FtuarQmqUiMuEXMYku4LJ8nGRry5SfnHs6fRxzjKRspSv3qAXU7Hgy2L5ClmIJL8C_lzwbLW1SvJM_iDSfON-zrPHGSv4ks0kMsln-UQw6VBMhAySrzbbWCQiRSMOEMeAuaJb3FQ0wg3FIlaqpJgYydiK1UQ7SNuhLtE_pZ0CrUr7sO1q_c4mcedkP5Z2G6676jUBoAH5nP2JAKPTVTXY6LXDYIYW2O4NmBoJPNsw9wE-BLKyO55Wva417JaqvwHeg_QrvgQYFbceYkIcrO4D9kTyDxiOHJ5z-zjtAuAow67QezocHKCRlNr8KBe-p6LBWvAn1M_y5Vx2jN62EnGq6yq3TCVNrbGiUTxWYp2mSjxmhprqTNNSQHXY9wCdvi09eF7DBwdTjXzRwyv9-w5pg7hyhyQk7brZC6vG99LXnBaBQDO6Ng57jVagfgv9Vn4IKrLKoNYyvVuo3UC50eMyo6fwVe2b5_qEnF_i18NDZMsmv2mnzwUa_pQu_yTuxYzFBynaPaGVExUA1KImg1iJqZXIUUB0hTIihwLoCY9jTjUM5-jxN9PvdOpaB5cafViuOKFaLn3J4pBS6Um52pNytSdfFad5bq7-b63p9EmFvvaxIJ_6y3mGXi-VHkO59Ea59CWLY5ZKX8dfpG-eexv5yVP-2Luc3I-67DidiZSJFVNFZOMcDd850HCHAw2PcSzm_X5_TslvIYRy33Xllz6F4-lkftdxib67zNZzJ948PrkMlFFz_efaO7K0-cC2L_8CE4bS1A!!\/dz\/d5\/L2dBISEvZ0FBIS9nQSEh\/?urile=wcm%3Apath%3A%2FPortalUdeA%2FasPortalUdeA%2FasHomeUdeA%2FInvestigaci!c3!b3n%2FGrupos%20de%20investigaci!c3!b3n%2FHumanidades%2FGrupo%20Hipertr!c3!b3pico%2FExtensi!c3!b3n%2FContenido%2FasMenuLateral%2FEcologias%20Digitales\"><em>Ecolog\u00edas Digitales<\/em><\/a>, que se ha constituido como un espacio para el di\u00e1logo y la divulgaci\u00f3n sobre\u00a0 procesos culturales en los que confluyen el arte y la tecnolog\u00eda, dimensionando el potencial de lo tecnol\u00f3gico para activar acciones diversas que integran sujetos, m\u00e1quinas y espacios, y motivando la pluralidad cultural a trav\u00e9s de la participaci\u00f3n de m\u00faltiples agentes en procesos creativos y de construcci\u00f3n de conocimiento.<\/p>\n<p>En la octava versi\u00f3n de Ecolog\u00edas Digitales, se propone la met\u00e1fora de <em>Ex-presiones Culturales<\/em>, para abordar propuestas creativas y est\u00e9ticas que, tras superar los usos instrumentales de lo tecnol\u00f3gico, evidencian formas de trascender estereotipos, determinismos e imposiciones sociales y pol\u00edticas, favoreciendo procesos de transformaci\u00f3n social a trav\u00e9s de la participaci\u00f3n, el intercambio y el trabajo colaborativo.<\/p>\n<p>En esta ocasi\u00f3n la plataforma InVitro acoge las exploraciones de Jos\u00e9 Santamar\u00eda, Esteban Betancur e Hipertr\u00f3pico, propuestas que retoman al computador como soporte de experimentaci\u00f3n, creaci\u00f3n y proyecci\u00f3n de sonidos e im\u00e1genes, en las que la interpretaci\u00f3n en tiempo real suscita reflexiones autorreferenciales del arte digital.<\/p>\n<p>[\/et_pb_accordion_item][et_pb_accordion_item title=\u00bbBARDO &#8211; Jose Santamar\u00eda \/ %91neuma%93&#8243; _builder_version=\u00bb4.0.6&#8243; open=\u00bboff\u00bb]<\/p>\n<p>\u00bfDe la misma forma que el prisma logra descomponer la luz blanca en colores, es posible descomponer el ruido blanco en sonidos arm\u00f3nicos, notas temperadas y as\u00ed crear un disco que use \u00fanica y exclusivamente los sonidos del r\u00edo?<\/p>\n<p>La escucha y la composici\u00f3n musical deben convivir en un delicado balance, m\u00e1s a\u00fan si la m\u00fasica en cuesti\u00f3n, requiere la exploraci\u00f3n de nuevos caminos y de otras pr\u00e1cticas sonoras. Este trabajo de investigaci\u00f3n-creaci\u00f3n busca indagar, reconocer y difundir el acto de escuchar, m\u00e1s all\u00e1 de un simple ejercicio intuitivo, espont\u00e1neo y mec\u00e1nico, desde una perspectiva reflexiva, atenta y consciente. Un enfoque que nos lleve a lo sutil, et\u00e9reo y delicado que es el entorno, que nos muestre la influencia que ejerce todo lo que escuchamos en nuestro diario vivir.<\/p>\n<p>A partir de una paleta sonora limitada que compele el trabajo de s\u00edntesis a su m\u00e1xima expresi\u00f3n y con una t\u00e9cnica depurada durante algo m\u00e1s de veinte a\u00f1os de trabajo en m\u00fasica electr\u00f3nica, BARDO busca extraer del sonido del r\u00edo, texturas y timbres que permitan el proceso creativo. As\u00ed, he desarrollado un disco que prescinde del uso de instrumentos musicales y busca ahondar, desde una perspectiva un tanto menos ruidista, en ese viejo concepto de la m\u00fasica electr\u00f3nica, que habla de encontrar musicalidad en sonidos aparentemente no musicales.<\/p>\n<p>[\/et_pb_accordion_item][et_pb_accordion_item title=\u00bbRastros y Derivas &#8211; HIPERTR\u00d3PICO: \u00bb _builder_version=\u00bb4.0.6&#8243; open=\u00bboff\u00bb]<\/p>\n<p>El grupo de investigaci\u00f3n Hipertr\u00f3pico en su eje de extensi\u00f3n ha adelantado la propuesta art\u00edstica de arte interactivo \u201crastros y derivas\u201d, cuyos objetivos son la puesta en pr\u00e1ctica de resultados de sus investigaciones en consonancia con el trabajo interdisciplinar y la reflexi\u00f3n alrededor de la ciudad y las maneras de habitarla.<\/p>\n<p>Algunas de las referencias retomadas corresponden a pioneros de la animaci\u00f3n y del cine experimental de principios del siglo XX como Man Ray y Norman Mclaren y a pioneros de la animaci\u00f3n generada por computador como John Whitney. Un aspecto en com\u00fan entre estos artistas y las propuestas presentadas es la experimentaci\u00f3n y apropiaci\u00f3n de las tecnolog\u00edas emergentes para explorar, jugar, criticar y generar experiencias relacionadas con el color, las formas, el movimiento, el sonido y la mirada del entorno. El grupo est\u00e1 conformado por David Gaviria: compositor de la Universidad de Antioquia Maria Victoria Serna: bailarina y licenciada en educaci\u00f3n musical de la Universidad de Antioquia Santiago Lopera: Egresado de m\u00fasica de la D\u00e9bora Arango y estudiante de composici\u00f3n de la Universidad de Antioquia Carlos Mario S\u00e1nchez: Docente, investigador, Licenciado en educaci\u00f3n artes pl\u00e1sticas y mag\u00edster en artes de la Universidad de Antioquia. Pablo Andr\u00e9s Pulgar\u00edn: Comunicador audiovisual, docente e investigador de la Universidad de Antioquia Ana Mar\u00eda Cardona: Licenciada en educaci\u00f3n artes pl\u00e1sticas, docente e investigadora de la Universidad de Antioquia<\/p>\n<p>[\/et_pb_accordion_item][et_pb_accordion_item title=\u00bbM\u00fasica para computador y guitarra, 3ra parte &#8211; Esteban Betancur \u00bb _builder_version=\u00bb4.0.6&#8243; open=\u00bboff\u00bb]<\/p>\n<p>En un tributo a tres compositores minimalistas del siglo veinte, esta tercera parte es la \u00faltima en ser estrenada. En esta ocasi\u00f3n (luego de pasar por Steve Reich en la Semana de la Otra escucha 2018, Phillip Glass, en el auditorio del Banco de la Rep\u00fablica durante el Seminario de Est\u00e9tica y Nuevos Medios) el turno le corresponde a<\/p>\n<p>John Adams y la inspiraci\u00f3n corre por cuenta de su pieza Phrygian Gates.<\/p>\n<p>Una pieza escrita para un solo interprete en escena pero para dos instrumentos: La guitarra y el computador. El truco est\u00e1 en que el computador debe ser programado en vivo, es decir, \u201cinterpretado\u201d, de la misma forma que la guitarra y hacerse en simult\u00e1neo con esta.<\/p>\n<p>[\/et_pb_accordion_item][\/et_pb_accordion][et_pb_divider divider_style=\u00bbdotted\u00bb divider_position=\u00bbcenter\u00bb _builder_version=\u00bb4.0.6&#8243; custom_margin=\u00bb-20px||18px|||\u00bb][\/et_pb_divider][\/et_pb_column][et_pb_column type=\u00bb1_2&#8243; specialty_columns=\u00bb2&#8243; _builder_version=\u00bb3.25&#8243; custom_padding=\u00bb|||\u00bb custom_padding__hover=\u00bb|||\u00bb][et_pb_row_inner use_custom_gutter=\u00bbon\u00bb gutter_width=\u00bb1&#8243; _builder_version=\u00bb4.0.6&#8243; custom_margin=\u00bb-4px|||||\u00bb][et_pb_column_inner saved_specialty_column_type=\u00bb1_2&#8243; _builder_version=\u00bb4.0.6&#8243;][et_pb_gallery gallery_ids=\u00bb210,212,214,215,216,217,219,221&#8243; posts_number=\u00bb8&#8243; show_title_and_caption=\u00bboff\u00bb zoom_icon_color=\u00bb#cc3366&#8243; hover_icon=\u00bb%%13%%\u00bb _builder_version=\u00bb4.0.6&#8243; custom_margin=\u00bb0px|0px|0px|0px|false|false\u00bb custom_padding=\u00bb0px|0px|0px|0px|false|false\u00bb][\/et_pb_gallery][\/et_pb_column_inner][\/et_pb_row_inner][\/et_pb_column][\/et_pb_section]<\/p>\n","protected":false},"excerpt":{"rendered":"<p>Ecolog\u00edas Digitales en InVitroEl Grupo de Investigaci\u00f3n Hipertr\u00f3pico, convergencia entre arte y tecnolog\u00eda de la Facultad de Artes de la Universidad de Antioquia, lidera desde el a\u00f1o 2008 la organizaci\u00f3n del evento acad\u00e9mico y expositivo Ecolog\u00edas Digitales, que se ha constituido como un espacio para el di\u00e1logo y la divulgaci\u00f3n sobre\u00a0 procesos culturales en los [&hellip;]<\/p>\n","protected":false},"author":1,"featured_media":0,"parent":0,"menu_order":0,"comment_status":"closed","ping_status":"closed","template":"","meta":{"_et_pb_use_builder":"on","_et_pb_old_content":"","_et_gb_content_width":"","_coblocks_attr":"","_coblocks_dimensions":"","_coblocks_responsive_height":"","_coblocks_accordion_ie_support":"","om_disable_all_campaigns":false,"_monsterinsights_skip_tracking":false,"_monsterinsights_sitenote_active":false,"_monsterinsights_sitenote_note":"","_monsterinsights_sitenote_category":0,"_uf_show_specific_survey":0,"_uf_disable_surveys":false,"footnotes":""},"class_list":["post-195","page","type-page","status-publish","hentry"],"aioseo_notices":[],"_links":{"self":[{"href":"https:\/\/ecologiasdigitales.org\/en\/wp-json\/wp\/v2\/pages\/195","targetHints":{"allow":["GET"]}}],"collection":[{"href":"https:\/\/ecologiasdigitales.org\/en\/wp-json\/wp\/v2\/pages"}],"about":[{"href":"https:\/\/ecologiasdigitales.org\/en\/wp-json\/wp\/v2\/types\/page"}],"author":[{"embeddable":true,"href":"https:\/\/ecologiasdigitales.org\/en\/wp-json\/wp\/v2\/users\/1"}],"replies":[{"embeddable":true,"href":"https:\/\/ecologiasdigitales.org\/en\/wp-json\/wp\/v2\/comments?post=195"}],"version-history":[{"count":0,"href":"https:\/\/ecologiasdigitales.org\/en\/wp-json\/wp\/v2\/pages\/195\/revisions"}],"wp:attachment":[{"href":"https:\/\/ecologiasdigitales.org\/en\/wp-json\/wp\/v2\/media?parent=195"}],"curies":[{"name":"wp","href":"https:\/\/api.w.org\/{rel}","templated":true}]}}