{"id":176,"date":"2020-07-07T18:48:37","date_gmt":"2020-07-07T18:48:37","guid":{"rendered":"https:\/\/ecologiasdigitales.org\/?page_id=176"},"modified":"2024-06-07T19:49:28","modified_gmt":"2024-06-08T00:49:28","slug":"crealab","status":"publish","type":"page","link":"https:\/\/ecologiasdigitales.org\/en\/crealab\/","title":{"rendered":"Muestra acad\u00e9mica"},"content":{"rendered":"<p>[et_pb_section fb_built=\u00bb1&#8243; specialty=\u00bbon\u00bb _builder_version=\u00bb4.16&#8243; custom_padding=\u00bb3px||0px|||\u00bb da_disable_devices=\u00bboff|off|off\u00bb global_colors_info=\u00bb{}\u00bb da_is_popup=\u00bboff\u00bb da_exit_intent=\u00bboff\u00bb da_has_close=\u00bbon\u00bb da_alt_close=\u00bboff\u00bb da_dark_close=\u00bboff\u00bb da_not_modal=\u00bbon\u00bb da_is_singular=\u00bboff\u00bb da_with_loader=\u00bboff\u00bb da_has_shadow=\u00bbon\u00bb][et_pb_column type=\u00bb1_2&#8243; _builder_version=\u00bb4.16&#8243; custom_padding=\u00bb|||\u00bb global_colors_info=\u00bb{}\u00bb custom_padding__hover=\u00bb|||\u00bb][et_pb_divider color=\u00bb#cc3366&#8243; divider_weight=\u00bb4px\u00bb disabled_on=\u00bbon|on|off\u00bb _builder_version=\u00bb4.16&#8243; background_size=\u00bbinitial\u00bb background_position=\u00bbtop_left\u00bb background_repeat=\u00bbrepeat\u00bb max_width=\u00bb40px\u00bb module_alignment=\u00bbleft\u00bb height=\u00bb0px\u00bb custom_margin=\u00bb||10px|\u00bb animation_style=\u00bbzoom\u00bb animation_direction=\u00bbleft\u00bb saved_tabs=\u00bball\u00bb locked=\u00bboff\u00bb global_colors_info=\u00bb{}\u00bb][\/et_pb_divider][et_pb_blurb use_icon=\u00bbon\u00bb font_icon=\u00bb&#xe603;||divi||400&#8243; image_icon_background_color=\u00bb#ffffff\u00bb icon_placement=\u00bbleft\u00bb image_icon_width=\u00bb16px\u00bb _builder_version=\u00bb4.16&#8243; image_icon_custom_padding=\u00bb8px|8px|8px|8px|false|false\u00bb border_radii_image=\u00bbon|100%|100%|100%|100%\u00bb border_width_all_image=\u00bb2px\u00bb border_color_all_image=\u00bb#339999&#8243; use_circle=\u00bbon\u00bb use_circle_border=\u00bbon\u00bb circle_color=\u00bb#ffffff\u00bb global_colors_info=\u00bb{}\u00bb image_icon_background_color__sticky_enabled=\u00bb#339999&#8243; image_icon_background_color__sticky=\u00bb#339999&#8243;][\/et_pb_blurb][et_pb_text _builder_version=\u00bb4.16&#8243; text_font=\u00bb|300|||||||\u00bb text_text_color=\u00bb#666666&#8243; text_line_height=\u00bb1.4em\u00bb link_font=\u00bb||||||||\u00bb link_text_color=\u00bb#ffffff\u00bb header_font=\u00bbMontserrat|700|||||||\u00bb header_font_size=\u00bb42px\u00bb header_3_font=\u00bbMontserrat||||||||\u00bb header_3_text_color=\u00bb#339999&#8243; background_size=\u00bbinitial\u00bb background_position=\u00bbtop_left\u00bb background_repeat=\u00bbrepeat\u00bb custom_margin=\u00bb-20px||34px|||\u00bb custom_padding=\u00bb0px|||||\u00bb header_font_size_last_edited=\u00bboff|desktop\u00bb locked=\u00bboff\u00bb inline_fonts=\u00bbTHE BOLD FONT\u00bb global_colors_info=\u00bb{}\u00bb]<\/p>\n<h1>Muestra <span style=\"color: #cc3366;\">acade\u0301mica<\/span><\/h1>\n<p>[\/et_pb_text][et_pb_accordion closed_toggle_text_color=\u00bb#339999&#8243; icon_color=\u00bb#cc3366&#8243; use_icon_font_size=\u00bbon\u00bb icon_font_size=\u00bb18px\u00bb _builder_version=\u00bb4.16&#8243; toggle_text_color=\u00bb#339999&#8243; toggle_level=\u00bbh1&#8243; toggle_font=\u00bbMontserrat|600|||||||\u00bb toggle_font_size=\u00bb20px\u00bb closed_toggle_font=\u00bbMontserrat|600|||||||\u00bb closed_toggle_font_size=\u00bb20px\u00bb min_height=\u00bb264px\u00bb custom_margin=\u00bb22px|||||\u00bb hover_enabled=\u00bb0&#8243; global_colors_info=\u00bb{}\u00bb sticky_enabled=\u00bb0&#8243;][et_pb_accordion_item title=\u00bbPresentaci\u00f3n\u00bb open=\u00bbon\u00bb _builder_version=\u00bb4.16&#8243; global_colors_info=\u00bb{}\u00bb toggle_text_color=\u00bb#339999&#8243;]<\/p>\n<p>En medio del devenir tecnol\u00f3gico contempor\u00e1neo emergen posibilidades creativas donde, a trav\u00e9s del ordenador, <em>realidad <\/em>y <em>representaci\u00f3n<\/em> convergen de m\u00faltiples maneras. Los l\u00edmites para la producci\u00f3n cultural se expanden aceleradamente generando nuevas formas de relacionamiento entre humanos y herramientas. La imagen, entendida como forma de representaci\u00f3n mat\u00e9rica de nuestras percepciones y pensada desde la perspectiva digital, implica procesos de experimentaci\u00f3n y reflexi\u00f3n donde se integran consideraciones est\u00e9ticas, conceptuales, tecnol\u00f3gicas, sociales y pol\u00edticas.<\/p>\n<p>En esta reflexi\u00f3n se sit\u00faa la presente Muestra Acad\u00e9mica, con la cual se da apertura al componente expositivo del evento <em>Ecolog\u00edas Digitales 2019. Ex-presiones culturales.<\/em> Una muestra que constituye una antesala para el di\u00e1logo y la divulgaci\u00f3n sobre procesos culturales en los que confluyen el arte y la tecnolog\u00eda, permitiendo una apertura creativa y de construcci\u00f3n de conocimiento que convoca a diversas formas de recepci\u00f3n y participaci\u00f3n.<\/p>\n<p>La muestra incluye propuestas desarrolladas por estudiantes de las Facultades de Artes y de Comunicaciones de la Universidad de Antioquia y de la Facultad de Artes y Humanidades del Institucion Universitaria ITM, en las cuales los artistas y comunicadores en formaci\u00f3n dan cuenta de distintos procesos de experimentaci\u00f3n t\u00e9cnica, est\u00e9tica y conceptual. Las propuestas transitan por diversos procesos de formaci\u00f3n alrededor de la creaci\u00f3n digital, que se formalizan en im\u00e1genes fijas y audiovisuales, as\u00ed como en propuestas interactivas.<\/p>\n<p>Con esta muestra el Grupo de Investigaci\u00f3n <em>Hipertr\u00f3pico, convergencia entre arte y tecnolog\u00eda<\/em>, abre un espacio para el di\u00e1logo acad\u00e9mico y creativo en el que se invita a las personas a participar, respondiendo -con im\u00e1genes y textos- las siguientes preguntas:\u00a0 <strong>\u00bfQu\u00e9 son las Ecolog\u00edas Digitales?\u00a0\u00bfQu\u00e9 se entiende por Ex-presiones culturales? \u00bfQu\u00e9 relaciones se encuentran entre arte y la tecnolog\u00eda?<\/strong> <strong>\u00bfQu\u00e9 otras \u00e1reas de creaci\u00f3n se integran a la reflexi\u00f3n por expresiones culturales en el acontecer tecnol\u00f3gico contempor\u00e1neo? <\/strong>De esta forma, se crea una din\u00e1mica participativa en el ciberespacio a trav\u00e9s de la utilizaci\u00f3n de redes sociales como Facebook (<span><a href=\"https:\/\/www.facebook.com\/hipertropico\/\">Hipertr\u00f3pico UdeA<\/a><\/span>) e, instagram (<span><a href=\"https:\/\/www.instagram.com\/grupohipertropico\/\">grupohipertropico<\/a><\/span>) o el correo <span><a href=\"mailto:grupohipertropico@udea.edu.co\">grupohipertropico@udea.edu.co<\/a><\/span>. La invitaci\u00f3n a participar se extiende en el tiempo de forma que el sitio web del evento se retroalimenta de reflexiones y encuentros creativos abiertos a distintas voces.<\/p>\n<p>[\/et_pb_accordion_item][et_pb_accordion_item title=\u00bbCr\u00e9ditos\u00bb _builder_version=\u00bb4.16&#8243; global_colors_info=\u00bb{}\u00bb toggle_level=\u00bbh3&#8243; open=\u00bboff\u00bb]<\/p>\n<h3><strong>Curadur\u00eda y producci\u00f3n:<\/strong><\/h3>\n<p>Isabel Cristina Restrepo, Ana Mar\u00eda Cardona Trujillo y Katlen Smith Vergara.<\/p>\n<h3><strong>Asistentes: <\/strong><\/h3>\n<p>Alexandra Milena Tabares, Carlos Mario S\u00e1nchez Giraldo, David Alonso Gonzalez, Arney Herrera Herrera, Pablo Andr\u00e9s Pulgar\u00edn y Juan Carlos Hern\u00e1ndez\u00a0 (Hipertr\u00f3pico).<\/p>\n<h3><strong>Dise\u00f1o visual:<\/strong><\/h3>\n<p>Sara Rold\u00e1n, \u00d3scar Mazuera y Arney Herrera Herrera\u00a0 (Hipertr\u00f3pico).<\/p>\n<h3><strong>Apoyo selecci\u00f3n de obras:<\/strong><\/h3>\n<p>Jos\u00e9 Juli\u00e1n Cadavid, Coordinador Maestr\u00eda en Artes Digitales de la Instituci\u00f3n Universitaria ITM, y Ernesto Correa, Coordinador programa de Comunicaci\u00f3n Audiovisual y Multimedial de la Facultad de Comunicaciones, Universidad de Antioquia.<\/p>\n<h3><strong>Practicantes en producci\u00f3n y montaje<\/strong>:<\/h3>\n<p>Valentina Medina, Valentina Cano, Olga Raquel Pe\u00f1a, Lily Figueroa y Estefany Jaramillo Naranjo.<\/p>\n<h3><strong>Montaje: <\/strong><\/h3>\n<p>Casa Falsa<\/p>\n<p>[\/et_pb_accordion_item][\/et_pb_accordion][et_pb_divider divider_style=\u00bbdotted\u00bb divider_position=\u00bbcenter\u00bb _builder_version=\u00bb4.16&#8243; custom_margin=\u00bb17px||18px|||\u00bb global_colors_info=\u00bb{}\u00bb][\/et_pb_divider][\/et_pb_column][et_pb_column type=\u00bb1_2&#8243; specialty_columns=\u00bb2&#8243; _builder_version=\u00bb4.16&#8243; custom_padding=\u00bb|||\u00bb global_colors_info=\u00bb{}\u00bb custom_padding__hover=\u00bb|||\u00bb][et_pb_row_inner use_custom_gutter=\u00bbon\u00bb gutter_width=\u00bb1&#8243; _builder_version=\u00bb4.16&#8243; custom_margin=\u00bb-4px|||||\u00bb global_colors_info=\u00bb{}\u00bb][et_pb_column_inner saved_specialty_column_type=\u00bb1_2&#8243; _builder_version=\u00bb4.16&#8243; global_colors_info=\u00bb{}\u00bb][et_pb_gallery gallery_ids=\u00bb178,179,180,181,182,183,184,185,186,187,188,189,190,191,192,196,197,198,199,200,203,204&#8243; posts_number=\u00bb8&#8243; show_title_and_caption=\u00bboff\u00bb zoom_icon_color=\u00bb#cc3366&#8243; hover_icon=\u00bb&#x2e;||divi||400&#8243; _builder_version=\u00bb4.25.1&#8243; custom_margin=\u00bb0px|0px|0px|0px|false|false\u00bb custom_padding=\u00bb0px|0px|0px|0px|false|false\u00bb hover_enabled=\u00bb0&#8243; global_colors_info=\u00bb{}\u00bb sticky_enabled=\u00bb0&#8243;][\/et_pb_gallery][\/et_pb_column_inner][\/et_pb_row_inner][\/et_pb_column][\/et_pb_section]<\/p>\n","protected":false},"excerpt":{"rendered":"<p>Muestra acade\u0301micaEn medio del devenir tecnol\u00f3gico contempor\u00e1neo emergen posibilidades creativas donde, a trav\u00e9s del ordenador, realidad y representaci\u00f3n convergen de m\u00faltiples maneras. Los l\u00edmites para la producci\u00f3n cultural se expanden aceleradamente generando nuevas formas de relacionamiento entre humanos y herramientas. La imagen, entendida como forma de representaci\u00f3n mat\u00e9rica de nuestras percepciones y pensada desde la [&hellip;]<\/p>\n","protected":false},"author":1,"featured_media":0,"parent":0,"menu_order":0,"comment_status":"closed","ping_status":"closed","template":"","meta":{"_et_pb_use_builder":"on","_et_pb_old_content":"","_et_gb_content_width":"","_coblocks_attr":"","_coblocks_dimensions":"","_coblocks_responsive_height":"","_coblocks_accordion_ie_support":"","om_disable_all_campaigns":false,"_monsterinsights_skip_tracking":false,"_monsterinsights_sitenote_active":false,"_monsterinsights_sitenote_note":"","_monsterinsights_sitenote_category":0,"_uf_show_specific_survey":0,"_uf_disable_surveys":false,"footnotes":""},"class_list":["post-176","page","type-page","status-publish","hentry"],"aioseo_notices":[],"_links":{"self":[{"href":"https:\/\/ecologiasdigitales.org\/en\/wp-json\/wp\/v2\/pages\/176","targetHints":{"allow":["GET"]}}],"collection":[{"href":"https:\/\/ecologiasdigitales.org\/en\/wp-json\/wp\/v2\/pages"}],"about":[{"href":"https:\/\/ecologiasdigitales.org\/en\/wp-json\/wp\/v2\/types\/page"}],"author":[{"embeddable":true,"href":"https:\/\/ecologiasdigitales.org\/en\/wp-json\/wp\/v2\/users\/1"}],"replies":[{"embeddable":true,"href":"https:\/\/ecologiasdigitales.org\/en\/wp-json\/wp\/v2\/comments?post=176"}],"version-history":[{"count":1,"href":"https:\/\/ecologiasdigitales.org\/en\/wp-json\/wp\/v2\/pages\/176\/revisions"}],"predecessor-version":[{"id":1321,"href":"https:\/\/ecologiasdigitales.org\/en\/wp-json\/wp\/v2\/pages\/176\/revisions\/1321"}],"wp:attachment":[{"href":"https:\/\/ecologiasdigitales.org\/en\/wp-json\/wp\/v2\/media?parent=176"}],"curies":[{"name":"wp","href":"https:\/\/api.w.org\/{rel}","templated":true}]}}