{"id":1142,"date":"2024-05-30T10:58:19","date_gmt":"2024-05-30T15:58:19","guid":{"rendered":"https:\/\/ecologiasdigitales.org\/?page_id=1142"},"modified":"2024-06-09T14:02:04","modified_gmt":"2024-06-09T19:02:04","slug":"exposicion-transmigrarts","status":"publish","type":"page","link":"https:\/\/ecologiasdigitales.org\/en\/exposicion-transmigrarts\/","title":{"rendered":"Exposici\u00f3n Transmigrarts"},"content":{"rendered":"<p>[et_pb_section fb_built=\u00bb1&#8243; inner_shadow=\u00bbon\u00bb _builder_version=\u00bb4.25.1&#8243; _module_preset=\u00bbdefault\u00bb background_color=\u00bb#0c0c0c\u00bb use_background_color_gradient=\u00bbon\u00bb background_color_gradient_type=\u00bbcircular\u00bb background_color_gradient_stops=\u00bbrgba(15,3,1,0.51) 0%|#0a0000 100%\u00bb background_enable_image=\u00bboff\u00bb background_blend=\u00bbdarken\u00bb background_video_mp4=\u00bbhttps:\/\/ecologiasdigitales.org\/wp-content\/uploads\/2024\/06\/206846_small.mp4&#8243; allow_player_pause=\u00bbon\u00bb top_divider_style=\u00bbwave2&#8243; top_divider_color=\u00bb#d8c6ff\u00bb bottom_divider_style=\u00bbwave2&#8243; bottom_divider_color=\u00bb#d8c6ff\u00bb bottom_divider_height=\u00bb69px\u00bb da_disable_devices=\u00bboff|off|off\u00bb global_colors_info=\u00bb{}\u00bb da_is_popup=\u00bboff\u00bb da_exit_intent=\u00bboff\u00bb da_has_close=\u00bbon\u00bb da_alt_close=\u00bboff\u00bb da_dark_close=\u00bboff\u00bb da_not_modal=\u00bbon\u00bb da_is_singular=\u00bboff\u00bb da_with_loader=\u00bboff\u00bb da_has_shadow=\u00bbon\u00bb][et_pb_row column_structure=\u00bb2_3,1_3&#8243; _builder_version=\u00bb4.25.1&#8243; _module_preset=\u00bbdefault\u00bb global_colors_info=\u00bb{}\u00bb][et_pb_column type=\u00bb2_3&#8243; _builder_version=\u00bb4.25.1&#8243; _module_preset=\u00bbdefault\u00bb global_colors_info=\u00bb{}\u00bb][et_pb_heading title=\u00bbInvestigaci\u00f3n transmigrarts\u00bb _builder_version=\u00bb4.25.1&#8243; _module_preset=\u00bbdefault\u00bb title_font=\u00bbBebas Neue||||||||\u00bb title_text_color=\u00bb#FFFFFF\u00bb custom_margin=\u00bb29px||||false|false\u00bb title_text_shadow_style=\u00bbpreset1&#8243; global_colors_info=\u00bb{}\u00bb][\/et_pb_heading][et_pb_heading title=\u00bbrespirando\u00bb _builder_version=\u00bb4.25.1&#8243; _module_preset=\u00bbdefault\u00bb title_font=\u00bbBebas Neue||||||||\u00bb title_text_color=\u00bb#FFFFFF\u00bb title_font_size=\u00bb80px\u00bb custom_margin=\u00bb||29px|||\u00bb title_text_shadow_style=\u00bbpreset1&#8243; global_colors_info=\u00bb{}\u00bb][\/et_pb_heading][et_pb_heading title=\u00bbTR\u00e1NSITOS EN EL AQU\u00cd Y EL AHORA PARA FUTUROS NECESARIOS. \u00bb _builder_version=\u00bb4.25.1&#8243; _module_preset=\u00bbdefault\u00bb title_font=\u00bbBebas Neue||||||||\u00bb title_text_color=\u00bb#FFFFFF\u00bb title_font_size=\u00bb36px\u00bb custom_margin=\u00bb||29px|||\u00bb title_text_shadow_style=\u00bbpreset1&#8243; global_colors_info=\u00bb{}\u00bb][\/et_pb_heading][et_pb_heading _builder_version=\u00bb4.25.1&#8243; _module_preset=\u00bbdefault\u00bb title_font=\u00bbBebas Neue||||||||\u00bb title_text_color=\u00bb#FFFFFF\u00bb title_font_size=\u00bb80px\u00bb title_text_shadow_style=\u00bbpreset1&#8243; global_colors_info=\u00bb{}\u00bb][\/et_pb_heading][\/et_pb_column][et_pb_column type=\u00bb1_3&#8243; _builder_version=\u00bb4.25.1&#8243; _module_preset=\u00bbdefault\u00bb global_colors_info=\u00bb{}\u00bb][et_pb_image src=\u00bbhttps:\/\/ecologiasdigitales.org\/wp-content\/uploads\/2024\/06\/respirando-29.png\u00bb title_text=\u00bbrespirando (29)\u00bb _builder_version=\u00bb4.25.1&#8243; _module_preset=\u00bbdefault\u00bb width=\u00bb220%\u00bb custom_margin=\u00bb|-32px|||false|false\u00bb global_colors_info=\u00bb{}\u00bb][\/et_pb_image][\/et_pb_column][\/et_pb_row][\/et_pb_section][et_pb_section fb_built=\u00bb1&#8243; _builder_version=\u00bb4.25.1&#8243; _module_preset=\u00bbdefault\u00bb background_color=\u00bbrgba(255,247,232,0.84)\u00bb top_divider_style=\u00bbwave2&#8243; top_divider_color=\u00bb#d8c6ff\u00bb top_divider_height=\u00bb44px\u00bb da_disable_devices=\u00bboff|off|off\u00bb global_colors_info=\u00bb{}\u00bb da_is_popup=\u00bboff\u00bb da_exit_intent=\u00bboff\u00bb da_has_close=\u00bbon\u00bb da_alt_close=\u00bboff\u00bb da_dark_close=\u00bboff\u00bb da_not_modal=\u00bbon\u00bb da_is_singular=\u00bboff\u00bb da_with_loader=\u00bboff\u00bb da_has_shadow=\u00bbon\u00bb][et_pb_row _builder_version=\u00bb4.25.1&#8243; _module_preset=\u00bbdefault\u00bb global_colors_info=\u00bb{}\u00bb][et_pb_column type=\u00bb4_4&#8243; _builder_version=\u00bb4.25.1&#8243; _module_preset=\u00bbdefault\u00bb global_colors_info=\u00bb{}\u00bb][et_pb_accordion open_toggle_text_color=\u00bbrgba(0,0,0,0.59)\u00bb open_toggle_background_color=\u00bbrgba(255,255,255,0.39)\u00bb closed_toggle_background_color=\u00bb#e0d3ff\u00bb icon_color=\u00bb#6100c9&#8243; use_icon_font_size=\u00bbon\u00bb icon_font_size=\u00bb22px\u00bb _builder_version=\u00bb4.25.1&#8243; _module_preset=\u00bbdefault\u00bb toggle_text_color=\u00bb#000000&#8243; toggle_font=\u00bbBebas Neue||||||||\u00bb toggle_font_size=\u00bb23px\u00bb body_font_size=\u00bb18px\u00bb text_orientation=\u00bbleft\u00bb global_colors_info=\u00bb{}\u00bb][et_pb_accordion_item title=\u00bbnUESTRO TALLER\u00bb open=\u00bbon\u00bb _builder_version=\u00bb4.25.1&#8243; _module_preset=\u00bbdefault\u00bb global_colors_info=\u00bb{}\u00bb]<\/p>\n<p>\u00abRespirando\u00bb es un espacio de co-creaci\u00f3n que utiliza pr\u00e1cticas performativas para fomentar la integraci\u00f3n y el apoyo mutuo entre personas en tr\u00e1nsito. A trav\u00e9s de ocho sesiones cuidadosamente dise\u00f1adas, los participantes exploraron diversas formas de expresi\u00f3n art\u00edstica, desde la danza y el movimiento hasta la cocina y la creaci\u00f3n t\u00e1ctil. Cada sesi\u00f3n fue una oportunidad para compartir, aprender y construir juntos un futuro m\u00e1s inclusivo y solidario.<\/p>\n<p>[\/et_pb_accordion_item][et_pb_accordion_item title=\u00bbagradecimientos\u00bb open_toggle_text_color=\u00bbrgba(0,0,0,0.66)\u00bb closed_toggle_text_color=\u00bb#000000&#8243; _builder_version=\u00bb4.25.1&#8243; _module_preset=\u00bbdefault\u00bb body_font=\u00bb&#8211;et_global_body_font||||||||\u00bb body_text_color=\u00bb#000000&#8243; box_shadow_style=\u00bbpreset1&#8243; global_colors_info=\u00bb{}\u00bb toggle_text_color=\u00bbrgba(0,0,0,0.71)\u00bb toggle_font=\u00bbBebas Neue||||||||\u00bb toggle_font_size=\u00bb22px\u00bb open=\u00bboff\u00bb]<\/p>\n<p>Este taller y la exposici\u00f3n no hubieran sido posibles sin la participaci\u00f3n activa y entusiasta de cada uno de nuestros participantes. Agradecemos profundamente su compromiso, su creatividad y su valent\u00eda para compartir sus historias y construir juntos este espacio de crecimiento y apoyo.<\/p>\n<p>[\/et_pb_accordion_item][et_pb_accordion_item title=\u00bbEXPLORA Y CONECTA\u00bb _builder_version=\u00bb4.25.1&#8243; _module_preset=\u00bbdefault\u00bb global_colors_info=\u00bb{}\u00bb open=\u00bboff\u00bb]<\/p>\n<p>Te invitamos a recorrer esta exposici\u00f3n virtual, a sumergirte en las im\u00e1genes que narran nuestra historia y a sentir la esencia de \u00abRespirando\u00bb. Cada fotograf\u00eda es un testimonio de la fortaleza y la belleza de la comunidad migrante, una celebraci\u00f3n de la vida en movimiento y de la creaci\u00f3n de futuros necesarios.<\/p>\n<p>Gracias por acompa\u00f1arnos en este viaje. \u00a1Disfruta la exposici\u00f3n!<\/p>\n<p>[\/et_pb_accordion_item][\/et_pb_accordion][\/et_pb_column][\/et_pb_row][\/et_pb_section][et_pb_section fb_built=\u00bb1&#8243; prev_background_color=\u00bbrgba(255,247,232,0.84)\u00bb next_background_color=\u00bb#d8c6ff\u00bb _builder_version=\u00bb4.25.1&#8243; _module_preset=\u00bbdefault\u00bb background_color=\u00bbrgba(255,222,163,0.9)\u00bb background_image=\u00bbhttps:\/\/ecologiasdigitales.org\/wp-content\/uploads\/2024\/06\/Diseno-sin-titulo-5.png\u00bb background_blend=\u00bbcolor\u00bb top_divider_style=\u00bbwave2&#8243; bottom_divider_style=\u00bbwave2&#8243; da_disable_devices=\u00bboff|off|off\u00bb global_colors_info=\u00bb{}\u00bb da_is_popup=\u00bboff\u00bb da_exit_intent=\u00bboff\u00bb da_has_close=\u00bbon\u00bb da_alt_close=\u00bboff\u00bb da_dark_close=\u00bboff\u00bb da_not_modal=\u00bbon\u00bb da_is_singular=\u00bboff\u00bb da_with_loader=\u00bboff\u00bb da_has_shadow=\u00bbon\u00bb][et_pb_row _builder_version=\u00bb4.25.1&#8243; _module_preset=\u00bbdefault\u00bb global_colors_info=\u00bb{}\u00bb][et_pb_column type=\u00bb4_4&#8243; _builder_version=\u00bb4.25.1&#8243; _module_preset=\u00bbdefault\u00bb global_colors_info=\u00bb{}\u00bb][et_pb_heading title=\u00bb CELEBRANDO \/\/ CELEBRATING. \u00bb admin_label=\u00bbT\u00edtulo\u00bb _builder_version=\u00bb4.25.1&#8243; _module_preset=\u00bbdefault\u00bb title_font=\u00bbBebas Neue||||||||\u00bb title_text_color=\u00bb#540505&#8243; title_font_size=\u00bb50px\u00bb custom_margin=\u00bb57px||||false|false\u00bb global_colors_info=\u00bb{}\u00bb][\/et_pb_heading][\/et_pb_column][\/et_pb_row][et_pb_row column_structure=\u00bb1_2,1_2&#8243; _builder_version=\u00bb4.25.1&#8243; _module_preset=\u00bbdefault\u00bb custom_margin=\u00bb||35px||false|false\u00bb global_colors_info=\u00bb{}\u00bb][et_pb_column type=\u00bb1_2&#8243; _builder_version=\u00bb4.25.1&#8243; _module_preset=\u00bbdefault\u00bb global_colors_info=\u00bb{}\u00bb][et_pb_image src=\u00bbhttps:\/\/ecologiasdigitales.org\/wp-content\/uploads\/2024\/06\/Menu-de-boda-tradicional-fondo-liso-rosa-palido-y-letras-escarlata.png\u00bb title_text=\u00bbMen\u00fa de boda tradicional, fondo liso rosa p\u00e1lido y letras escarlata\u00bb _builder_version=\u00bb4.25.1&#8243; _module_preset=\u00bbdefault\u00bb global_colors_info=\u00bb{}\u00bb][\/et_pb_image][\/et_pb_column][et_pb_column type=\u00bb1_2&#8243; _builder_version=\u00bb4.25.1&#8243; _module_preset=\u00bbdefault\u00bb global_colors_info=\u00bb{}\u00bb][et_pb_toggle title=\u00bbsESI\u00d3N 1&#8243; open_toggle_text_color=\u00bb#540505&#8243; open_toggle_background_color=\u00bbrgba(255,247,232,0.84)\u00bb closed_toggle_text_color=\u00bb#540505&#8243; closed_toggle_background_color=\u00bbrgba(255,232,175,0.75)\u00bb icon_color=\u00bb#540505&#8243; toggle_icon=\u00bb&#x3b;||divi||400&#8243; use_icon_font_size=\u00bbon\u00bb icon_font_size=\u00bb35px\u00bb open_icon_color=\u00bb#540505&#8243; open_toggle_icon=\u00bb&#x3a;||divi||400&#8243; open_use_icon_font_size=\u00bbon\u00bb open_icon_font_size=\u00bb35px\u00bb _builder_version=\u00bb4.25.1&#8243; _module_preset=\u00bbdefault\u00bb title_text_color=\u00bb#540505&#8243; title_font=\u00bbBebas Neue||||||||\u00bb title_font_size=\u00bb30px\u00bb global_colors_info=\u00bb{}\u00bb]<\/p>\n<p>La primera sesi\u00f3n del taller \u00abRespirando\u00bb se dise\u00f1\u00f3 para celebrar el encuentro a trav\u00e9s de la comida y el di\u00e1logo. Los participantes, recibidos c\u00e1lidamente, se presentaron usando met\u00e1foras del clima para expresar su estado de \u00e1nimo. Luego, compartieron un aperitivo adaptado a sus necesidades diet\u00e9ticas y prepararon una comida colectiva, divididas en equipos para trabajar en el men\u00fa. La sesi\u00f3n culmin\u00f3 con la creaci\u00f3n de un \u00abmen\u00fa ideal\u00bb, donde cada participante comparti\u00f3 su men\u00fa perfecto. Participaron 21 migrantes latinoamericanos, enfrentando desaf\u00edos como la falta de tiempos espec\u00edficos, necesidad de utensilios adicionales e integraci\u00f3n de nuevos participantes. Los facilitadores ajustaron recetas y tiempos, proveyeron utensilios y facilitaron la inclusi\u00f3n de nuevos miembros. A pesar de los retos, la sesi\u00f3n super\u00f3 las expectativas, creando un ambiente de celebraci\u00f3n y fortaleciendo los v\u00ednculos entre los participantes.<\/p>\n<p>[\/et_pb_toggle][et_pb_gallery gallery_ids=\u00bb1220,1223,1222,1221&#8243; posts_number=\u00bb2&#8243; show_title_and_caption=\u00bboff\u00bb zoom_icon_color=\u00bb#8300E9&#8243; _builder_version=\u00bb4.25.1&#8243; _module_preset=\u00bbdefault\u00bb pagination_font=\u00bbBebas Neue||||||||\u00bb border_radii=\u00bbon|5px|5px|5px|5px\u00bb global_colors_info=\u00bb{}\u00bb][\/et_pb_gallery][\/et_pb_column][\/et_pb_row][\/et_pb_section][et_pb_section fb_built=\u00bb1&#8243; specialty=\u00bbon\u00bb _builder_version=\u00bb4.25.1&#8243; _module_preset=\u00bbdefault\u00bb background_color=\u00bb#d8c6ff\u00bb background_enable_mask_style=\u00bbon\u00bb background_mask_style=\u00bbbean\u00bb background_mask_color=\u00bb#ebe2ff\u00bb background_mask_transform=\u00bbinvert|flip_horizontal|flip_vertical\u00bb background_mask_aspect_ratio=\u00bbportrait\u00bb background_mask_size=\u00bbcustom\u00bb background_mask_width=\u00bb100%\u00bb background_mask_height=\u00bb0%\u00bb top_divider_style=\u00bbramp2&#8243; top_divider_color=\u00bb#d8c6ff\u00bb top_divider_height=\u00bb64px\u00bb bottom_divider_style=\u00bbwave2&#8243; bottom_divider_color=\u00bb#d8c6ff\u00bb bottom_divider_height=\u00bb67px\u00bb da_disable_devices=\u00bboff|off|off\u00bb global_colors_info=\u00bb{}\u00bb da_is_popup=\u00bboff\u00bb da_exit_intent=\u00bboff\u00bb da_has_close=\u00bbon\u00bb da_alt_close=\u00bboff\u00bb da_dark_close=\u00bboff\u00bb da_not_modal=\u00bbon\u00bb da_is_singular=\u00bboff\u00bb da_with_loader=\u00bboff\u00bb da_has_shadow=\u00bbon\u00bb][et_pb_column type=\u00bb2_3&#8243; specialty_columns=\u00bb2&#8243; _builder_version=\u00bb4.16&#8243; custom_padding=\u00bb|||\u00bb global_colors_info=\u00bb{}\u00bb custom_padding__hover=\u00bb|||\u00bb][et_pb_row_inner _builder_version=\u00bb4.25.1&#8243; _module_preset=\u00bbdefault\u00bb global_colors_info=\u00bb{}\u00bb][et_pb_column_inner saved_specialty_column_type=\u00bb2_3&#8243; _builder_version=\u00bb4.25.1&#8243; _module_preset=\u00bbdefault\u00bb global_colors_info=\u00bb{}\u00bb][et_pb_heading title=\u00bbSEMBRANDO ARRAIGOS\/\/ SOWING ROOTS.\u00bb _builder_version=\u00bb4.25.1&#8243; _module_preset=\u00bbdefault\u00bb title_font=\u00bbBebas Neue||||||||\u00bb title_text_color=\u00bb#000000&#8243; title_font_size=\u00bb50px\u00bb global_colors_info=\u00bb{}\u00bb][\/et_pb_heading][\/et_pb_column_inner][\/et_pb_row_inner][et_pb_row_inner column_structure=\u00bb1_2,1_2&#8243; _builder_version=\u00bb4.25.1&#8243; _module_preset=\u00bbdefault\u00bb global_colors_info=\u00bb{}\u00bb][et_pb_column_inner type=\u00bb1_2&#8243; saved_specialty_column_type=\u00bb2_3&#8243; _builder_version=\u00bb4.25.1&#8243; _module_preset=\u00bbdefault\u00bb global_colors_info=\u00bb{}\u00bb][et_pb_gallery gallery_ids=\u00bb1233,1244,1243,1242,1241,1240,1239,1238,1237,1236,1235,1234&#8243; posts_number=\u00bb2&#8243; show_title_and_caption=\u00bboff\u00bb _builder_version=\u00bb4.25.1&#8243; _module_preset=\u00bbdefault\u00bb global_colors_info=\u00bb{}\u00bb][\/et_pb_gallery][\/et_pb_column_inner][et_pb_column_inner type=\u00bb1_2&#8243; saved_specialty_column_type=\u00bb2_3&#8243; _builder_version=\u00bb4.25.1&#8243; _module_preset=\u00bbdefault\u00bb global_colors_info=\u00bb{}\u00bb][et_pb_image src=\u00bbhttps:\/\/ecologiasdigitales.org\/wp-content\/uploads\/2024\/06\/floresss.png\u00bb title_text=\u00bbfloresss\u00bb _builder_version=\u00bb4.25.1&#8243; _module_preset=\u00bbdefault\u00bb global_colors_info=\u00bb{}\u00bb][\/et_pb_image][\/et_pb_column_inner][\/et_pb_row_inner][\/et_pb_column][et_pb_column type=\u00bb1_3&#8243; _builder_version=\u00bb4.16&#8243; custom_padding=\u00bb|||\u00bb global_colors_info=\u00bb{}\u00bb custom_padding__hover=\u00bb|||\u00bb][et_pb_text _builder_version=\u00bb4.25.1&#8243; _module_preset=\u00bbdefault\u00bb text_font_size=\u00bb18px\u00bb global_colors_info=\u00bb{}\u00bb]<\/p>\n<p style=\"text-align: right;\">La segunda sesi\u00f3n del taller \u00abSembrando Arraigos\u00bb se enfoc\u00f3 en promover la sustentabilidad de la vida en la tierra a trav\u00e9s de experiencias de relacionamiento sensible. Los participantes, acogidos con sonrisas y saludos calurosos, realizaron un ejercicio de enraizamiento, eligiendo un lugar con el que se sent\u00edan afines. Utilizando la met\u00e1fora de la siembra, cada uno plant\u00f3 una planta en un recipiente, simbolizando sus intenciones y cuidado hacia el futuro, y luego escribi\u00f3 un peque\u00f1o texto para su planta. La sesi\u00f3n, que cont\u00f3 principalmente con mujeres migrantes latinoamericanas, facilit\u00f3 experiencias sensoriales y di\u00e1logo grupal, permitiendo expresar nostalgia y tristeza. Aunque una participante se retir\u00f3 por motivos personales, la mayor\u00eda disfrut\u00f3 creando montajes art\u00edsticos con piedras. La sesi\u00f3n concluy\u00f3 con una actitud colaborativa y de apoyo mutuo, fortaleciendo los lazos de amistad y confianza entre las participantes.<\/p>\n<p>[\/et_pb_text][\/et_pb_column][\/et_pb_section][et_pb_section fb_built=\u00bb1&#8243; prev_background_color=\u00bb#d8c6ff\u00bb next_background_color=\u00bbrgba(255,247,232,0.84)\u00bb _builder_version=\u00bb4.25.1&#8243; _module_preset=\u00bbdefault\u00bb background_color=\u00bbrgba(225,214,255,0.94)\u00bb background_image=\u00bbhttps:\/\/ecologiasdigitales.org\/wp-content\/uploads\/2024\/06\/stones-1716275_1280.jpg\u00bb background_blend=\u00bbsoft-light\u00bb top_divider_style=\u00bbwave2&#8243; top_divider_height=\u00bb85px\u00bb bottom_divider_style=\u00bbwave2&#8243; bottom_divider_height=\u00bb49px\u00bb da_disable_devices=\u00bboff|off|off\u00bb global_colors_info=\u00bb{}\u00bb da_is_popup=\u00bboff\u00bb da_exit_intent=\u00bboff\u00bb da_has_close=\u00bbon\u00bb da_alt_close=\u00bboff\u00bb da_dark_close=\u00bboff\u00bb da_not_modal=\u00bbon\u00bb da_is_singular=\u00bboff\u00bb da_with_loader=\u00bboff\u00bb da_has_shadow=\u00bbon\u00bb][et_pb_row _builder_version=\u00bb4.25.1&#8243; _module_preset=\u00bbdefault\u00bb custom_margin=\u00bb17px||||false|false\u00bb global_colors_info=\u00bb{}\u00bb][et_pb_column type=\u00bb4_4&#8243; _builder_version=\u00bb4.25.1&#8243; _module_preset=\u00bbdefault\u00bb global_colors_info=\u00bb{}\u00bb][et_pb_heading title=\u00bbUNA PIEDRA EN EL CAMINO \/\/ A STONE IN THE ROAD. \u00bb _builder_version=\u00bb4.25.1&#8243; _module_preset=\u00bbdefault\u00bb title_font=\u00bbBebas Neue||||||||\u00bb title_text_color=\u00bb#FFFFFF\u00bb title_font_size=\u00bb50px\u00bb text_shadow_style=\u00bbpreset1&#8243; global_colors_info=\u00bb{}\u00bb][\/et_pb_heading][et_pb_text _builder_version=\u00bb4.25.1&#8243; _module_preset=\u00bbdefault\u00bb text_font=\u00bb&#8211;et_global_body_font||||||||\u00bb text_text_color=\u00bbrgba(0,0,0,0.76)\u00bb text_font_size=\u00bb18px\u00bb background_color=\u00bbrgba(216,198,255,0.68)\u00bb global_colors_info=\u00bb{}\u00bb]<\/p>\n<p>La tercera sesi\u00f3n del taller se enfoc\u00f3 en el intercambio sensible con piedras y materiales naturales. Los participantes eligieron una piedra que les llamara la atenci\u00f3n y se presentaron bas\u00e1ndose en sus cualidades. A trav\u00e9s del frotamiento y la exploraci\u00f3n sensorial, conectaron con las sensibilidades que emergen del contacto con las piedras. Luego, crearon un espacio ficcionado en colectivo con piedras y otros elementos naturales, culminando con la narraci\u00f3n de historias que trazaron posibles caminos de bienestar. La mayor\u00eda de los participantes se involucr\u00f3 en actividades como crear una enredadera, dibujar en el piso y guiarse con los ojos vendados en pareja, fomentando la conexi\u00f3n, diversi\u00f3n y confianza. La reflexi\u00f3n final destac\u00f3 la baja participaci\u00f3n masculina, atribuida a estereotipos de masculinidad que dificultan la expresi\u00f3n emocional en la cultura latina.<\/p>\n<p>[\/et_pb_text][et_pb_text _builder_version=\u00bb4.25.1&#8243; _module_preset=\u00bbdefault\u00bb global_colors_info=\u00bb{}\u00bb]<\/p>\n<table class=\"wp-list-table widefat fixed striped table-view-list ipanorama_items\">\n<tbody id=\"the-list\" data-wp-lists=\"list:ipanorama_item\">\n<tr>\n<td class=\"shortcode column-shortcode\" data-colname=\"Shortcode\"><code><!-- ipanorama begin -->\n<div class=\"ipanorama ipnrm-1\"data-json-src=\"https:\/\/ecologiasdigitales.org\/wp-content\/uploads\/ipanorama\/1\/config.json?ver=1717955945\" data-item-id=\"1\" style=\"display:none;background-image:url(https:\/\/ecologiasdigitales.org\/wp-content\/uploads\/2024\/06\/Anadir-un-titulo-2.png);background-size:100% 100%;\">\n<div class=\"ipnrm-store\">\n<div class=\"ipnrm-scene\" data-scene-id=\"974C8E8868\">\n<div class=\"ipnrm-markers-data\">\n<\/div>\n<div class=\"ipnrm-tooltips-data\">\n<div class=\"ipnrm-data\" data-marker-id=\"109a81bf\">\n<\/div>\n<div class=\"ipnrm-data\" data-marker-id=\"35303973\">\n<\/div>\n<div class=\"ipnrm-data\" data-marker-id=\"4a7f0b50\">\n<\/div>\n<div class=\"ipnrm-data\" data-marker-id=\"afc51a56\">\n<\/div>\n<div class=\"ipnrm-data\" data-marker-id=\"0f306e25\">\n<\/div>\n<div class=\"ipnrm-data\" data-marker-id=\"0c34d490\">\n<\/div>\n<div class=\"ipnrm-data\" data-marker-id=\"4a1d8f6f\">\n<\/div>\n<div class=\"ipnrm-data\" data-marker-id=\"851bb7af\">\n<\/div>\n<div class=\"ipnrm-data\" data-marker-id=\"e1eaf4ee\">\n<\/div>\n<div class=\"ipnrm-data\" data-marker-id=\"99018c24\">\n<\/div>\n<div class=\"ipnrm-data\" data-marker-id=\"c0c4ed03\">\n<\/div>\n<div class=\"ipnrm-data\" data-marker-id=\"162accb9\">\n<\/div>\n<div class=\"ipnrm-data\" data-marker-id=\"506daa16\">\n<\/div>\n<div class=\"ipnrm-data\" data-marker-id=\"df803065\">\n<\/div>\n<div class=\"ipnrm-data\" data-marker-id=\"21a9a482\">\n<\/div>\n<div class=\"ipnrm-data\" data-marker-id=\"d1494ba6\">\n<\/div>\n<div class=\"ipnrm-data\" data-marker-id=\"dbda87a1\">\n<\/div>\n<div class=\"ipnrm-data\" data-marker-id=\"2feb27bc\">\n<\/div>\n<div class=\"ipnrm-data\" data-marker-id=\"768b6e5b\">\n<\/div>\n<div class=\"ipnrm-data\" data-marker-id=\"940ad25f\">\n<\/div>\n<div class=\"ipnrm-data\" data-marker-id=\"d44f5d5c\">\n<\/div>\n<\/div>\n<div class=\"ipnrm-popovers-data\">\n<div class=\"ipnrm-data\" data-marker-id=\"109a81bf\">\n<p><img loading=\"lazy\" decoding=\"async\" class=\"alignnone  wp-image-1378\" src=\"https:\/\/ecologiasdigitales.org\/wp-content\/uploads\/2024\/06\/1-300x182.jpg\" alt=\"\" width=\"661\" height=\"401\" \/><\/p><\/div>\n<div class=\"ipnrm-data\" data-marker-id=\"35303973\">\n<p><img loading=\"lazy\" decoding=\"async\" class=\"alignnone size-medium wp-image-1381\" src=\"https:\/\/ecologiasdigitales.org\/wp-content\/uploads\/2024\/06\/4-300x209.jpg\" alt=\"\" width=\"300\" height=\"209\" \/><\/p><\/div>\n<div class=\"ipnrm-data\" data-marker-id=\"4a7f0b50\">\n<p><img loading=\"lazy\" decoding=\"async\" class=\"alignnone size-medium wp-image-1383\" src=\"https:\/\/ecologiasdigitales.org\/wp-content\/uploads\/2024\/06\/6-300x198.jpg\" alt=\"\" width=\"300\" height=\"198\" \/><\/p><\/div>\n<div class=\"ipnrm-data\" data-marker-id=\"afc51a56\">\n<p><img loading=\"lazy\" decoding=\"async\" class=\"alignnone size-medium wp-image-1386\" src=\"https:\/\/ecologiasdigitales.org\/wp-content\/uploads\/2024\/06\/9-300x200.jpg\" alt=\"\" width=\"300\" height=\"200\" \/><\/p><\/div>\n<div class=\"ipnrm-data\" data-marker-id=\"0f306e25\">\n<p><img loading=\"lazy\" decoding=\"async\" class=\"alignnone size-medium wp-image-1391\" src=\"https:\/\/ecologiasdigitales.org\/wp-content\/uploads\/2024\/06\/14-300x231.jpg\" alt=\"\" width=\"300\" height=\"231\" \/><\/p><\/div>\n<div class=\"ipnrm-data\" data-marker-id=\"0c34d490\">\n<p><img loading=\"lazy\" decoding=\"async\" class=\"alignnone size-medium wp-image-1379\" src=\"https:\/\/ecologiasdigitales.org\/wp-content\/uploads\/2024\/06\/2-253x300.jpg\" alt=\"\" width=\"253\" height=\"300\" \/><\/p><\/div>\n<div class=\"ipnrm-data\" data-marker-id=\"4a1d8f6f\">\n<p><img loading=\"lazy\" decoding=\"async\" class=\"alignnone size-medium wp-image-1380\" src=\"https:\/\/ecologiasdigitales.org\/wp-content\/uploads\/2024\/06\/3-195x300.jpg\" alt=\"\" width=\"195\" height=\"300\" \/><\/p><\/div>\n<div class=\"ipnrm-data\" data-marker-id=\"851bb7af\">\n<p><img loading=\"lazy\" decoding=\"async\" class=\"alignnone size-medium wp-image-1384\" src=\"https:\/\/ecologiasdigitales.org\/wp-content\/uploads\/2024\/06\/7-200x300.jpg\" alt=\"\" width=\"200\" height=\"300\" \/><\/p><\/div>\n<div class=\"ipnrm-data\" data-marker-id=\"e1eaf4ee\">\n<p><img loading=\"lazy\" decoding=\"async\" class=\"alignnone size-medium wp-image-1385\" src=\"https:\/\/ecologiasdigitales.org\/wp-content\/uploads\/2024\/06\/8-300x268.jpg\" alt=\"\" width=\"300\" height=\"268\" \/><\/p><\/div>\n<div class=\"ipnrm-data\" data-marker-id=\"99018c24\">\n<p><img loading=\"lazy\" decoding=\"async\" class=\"alignnone size-medium wp-image-1387\" src=\"https:\/\/ecologiasdigitales.org\/wp-content\/uploads\/2024\/06\/10-206x300.jpg\" alt=\"\" width=\"206\" height=\"300\" \/><\/p><\/div>\n<div class=\"ipnrm-data\" data-marker-id=\"c0c4ed03\">\n<p><img loading=\"lazy\" decoding=\"async\" class=\"alignnone size-medium wp-image-1389\" src=\"https:\/\/ecologiasdigitales.org\/wp-content\/uploads\/2024\/06\/12-300x200.jpg\" alt=\"\" width=\"300\" height=\"200\" \/><\/p><\/div>\n<div class=\"ipnrm-data\" data-marker-id=\"162accb9\">\n<p><img loading=\"lazy\" decoding=\"async\" class=\"alignnone size-medium wp-image-1396\" src=\"https:\/\/ecologiasdigitales.org\/wp-content\/uploads\/2024\/06\/19-300x203.jpg\" alt=\"\" width=\"300\" height=\"203\" \/><\/p><\/div>\n<div class=\"ipnrm-data\" data-marker-id=\"506daa16\">\n<p><img loading=\"lazy\" decoding=\"async\" class=\"alignnone size-medium wp-image-1395\" src=\"https:\/\/ecologiasdigitales.org\/wp-content\/uploads\/2024\/06\/18-300x195.jpg\" alt=\"\" width=\"300\" height=\"195\" \/><\/p><\/div>\n<div class=\"ipnrm-data\" data-marker-id=\"df803065\">\n<p><img loading=\"lazy\" decoding=\"async\" class=\"alignnone size-medium wp-image-1393\" src=\"https:\/\/ecologiasdigitales.org\/wp-content\/uploads\/2024\/06\/16-300x235.jpg\" alt=\"\" width=\"300\" height=\"235\" \/><\/p><\/div>\n<div class=\"ipnrm-data\" data-marker-id=\"21a9a482\">\n<p><img loading=\"lazy\" decoding=\"async\" class=\"alignnone size-medium wp-image-1382\" src=\"https:\/\/ecologiasdigitales.org\/wp-content\/uploads\/2024\/06\/5-300x258.jpg\" alt=\"\" width=\"300\" height=\"258\" \/><\/p><\/div>\n<div class=\"ipnrm-data\" data-marker-id=\"d1494ba6\">\n<p><img loading=\"lazy\" decoding=\"async\" class=\"alignnone size-medium wp-image-1388\" src=\"https:\/\/ecologiasdigitales.org\/wp-content\/uploads\/2024\/06\/11-200x300.jpg\" alt=\"\" width=\"200\" height=\"300\" \/><\/p><\/div>\n<div class=\"ipnrm-data\" data-marker-id=\"dbda87a1\">\n<p><img loading=\"lazy\" decoding=\"async\" class=\"alignnone size-medium wp-image-1390\" src=\"https:\/\/ecologiasdigitales.org\/wp-content\/uploads\/2024\/06\/13-184x300.jpg\" alt=\"\" width=\"184\" height=\"300\" \/><\/p><\/div>\n<div class=\"ipnrm-data\" data-marker-id=\"2feb27bc\">\n<p><img loading=\"lazy\" decoding=\"async\" class=\"alignnone size-medium wp-image-1392\" src=\"https:\/\/ecologiasdigitales.org\/wp-content\/uploads\/2024\/06\/15-300x240.jpg\" alt=\"\" width=\"300\" height=\"240\" \/><\/p><\/div>\n<div class=\"ipnrm-data\" data-marker-id=\"768b6e5b\">\n<p><img loading=\"lazy\" decoding=\"async\" class=\"alignnone size-medium wp-image-1394\" src=\"https:\/\/ecologiasdigitales.org\/wp-content\/uploads\/2024\/06\/17-300x289.jpg\" alt=\"\" width=\"300\" height=\"289\" \/><\/p><\/div>\n<div class=\"ipnrm-data\" data-marker-id=\"940ad25f\">\n<p><img loading=\"lazy\" decoding=\"async\" class=\"alignnone size-medium wp-image-1377\" src=\"https:\/\/ecologiasdigitales.org\/wp-content\/uploads\/2024\/06\/20240419_WP4_I01_AARHUS_SESION03._img_031-300x225.jpg\" alt=\"\" width=\"300\" height=\"225\" \/> <img loading=\"lazy\" decoding=\"async\" class=\"alignnone  wp-image-1402\" src=\"https:\/\/ecologiasdigitales.org\/wp-content\/uploads\/2024\/06\/20240419_WP4_I01_AARHUS_SESION03._img_017-300x200.jpg\" alt=\"\" width=\"336\" height=\"224\" \/> <img loading=\"lazy\" decoding=\"async\" class=\"alignnone  wp-image-1405\" src=\"https:\/\/ecologiasdigitales.org\/wp-content\/uploads\/2024\/06\/20240419_WP4_I01_AARHUS_SESION03._img_024-300x187.jpg\" alt=\"\" width=\"359\" height=\"224\" \/> <img loading=\"lazy\" decoding=\"async\" class=\"alignnone  wp-image-1406\" src=\"https:\/\/ecologiasdigitales.org\/wp-content\/uploads\/2024\/06\/20240419_WP4_I01_AARHUS_SESION03._img_026-300x221.jpg\" alt=\"\" width=\"311\" height=\"229\" \/><\/p><\/div>\n<div class=\"ipnrm-data\" data-marker-id=\"d44f5d5c\">\n<p><img loading=\"lazy\" decoding=\"async\" class=\"alignnone  wp-image-1404\" src=\"https:\/\/ecologiasdigitales.org\/wp-content\/uploads\/2024\/06\/20240419_WP4_I01_AARHUS_SESION03._img_022-300x192.jpg\" alt=\"\" width=\"306\" height=\"196\" \/> <img loading=\"lazy\" decoding=\"async\" class=\"alignnone  wp-image-1403\" src=\"https:\/\/ecologiasdigitales.org\/wp-content\/uploads\/2024\/06\/20240419_WP4_I01_AARHUS_SESION03._img_020-300x193.jpg\" alt=\"\" width=\"306\" height=\"197\" \/> <img loading=\"lazy\" decoding=\"async\" class=\"alignnone  wp-image-1401\" src=\"https:\/\/ecologiasdigitales.org\/wp-content\/uploads\/2024\/06\/20240419_WP4_I01_AARHUS_SESION03._img_012-300x227.jpg\" alt=\"\" width=\"262\" height=\"198\" \/> <img loading=\"lazy\" decoding=\"async\" class=\"alignnone size-medium wp-image-1400\" src=\"https:\/\/ecologiasdigitales.org\/wp-content\/uploads\/2024\/06\/20240419_WP4_I01_AARHUS_SESION03._img_010-300x197.jpg\" alt=\"\" width=\"300\" height=\"197\" \/> <img loading=\"lazy\" decoding=\"async\" class=\"alignnone  wp-image-1399\" src=\"https:\/\/ecologiasdigitales.org\/wp-content\/uploads\/2024\/06\/20240419_WP4_I01_AARHUS_SESION03._img_009-300x197.jpg\" alt=\"\" width=\"356\" height=\"234\" \/> <img loading=\"lazy\" decoding=\"async\" class=\"alignnone  wp-image-1398\" src=\"https:\/\/ecologiasdigitales.org\/wp-content\/uploads\/2024\/06\/20240419_WP4_I01_AARHUS_SESION03._img_008-300x197.jpg\" alt=\"\" width=\"358\" height=\"235\" \/> <img loading=\"lazy\" decoding=\"async\" class=\"alignnone size-medium wp-image-1397\" src=\"https:\/\/ecologiasdigitales.org\/wp-content\/uploads\/2024\/06\/20240419_WP4_I01_AARHUS_SESION03._img_001-300x235.jpg\" alt=\"\" width=\"300\" height=\"235\" \/><\/p><\/div>\n<\/div>\n<\/div>\n<\/div>\n<\/div>\n<!-- ipanorama end -->\n<\/code><\/td>\n<\/tr>\n<\/tbody>\n<\/table>\n<p>[\/et_pb_text][\/et_pb_column][\/et_pb_row][\/et_pb_section][et_pb_section fb_built=\u00bb1&#8243; _builder_version=\u00bb4.25.1&#8243; _module_preset=\u00bbdefault\u00bb background_color=\u00bbrgba(255,247,232,0.84)\u00bb background_image=\u00bbhttps:\/\/ecologiasdigitales.org\/wp-content\/uploads\/2024\/06\/stump-4387775_1280.jpg\u00bb background_position=\u00bbbottom_right\u00bb background_blend=\u00bbsoft-light\u00bb top_divider_style=\u00bbcurve\u00bb top_divider_color=\u00bbrgba(255,247,232,0.84)\u00bb top_divider_height=\u00bb21px\u00bb top_divider_repeat=\u00bb1x\u00bb bottom_divider_style=\u00bbwave2&#8243; bottom_divider_color=\u00bbrgba(255,247,232,0.84)\u00bb da_disable_devices=\u00bboff|off|off\u00bb global_colors_info=\u00bb{}\u00bb da_is_popup=\u00bboff\u00bb da_exit_intent=\u00bboff\u00bb da_has_close=\u00bbon\u00bb da_alt_close=\u00bboff\u00bb da_dark_close=\u00bboff\u00bb da_not_modal=\u00bbon\u00bb da_is_singular=\u00bboff\u00bb da_with_loader=\u00bboff\u00bb da_has_shadow=\u00bbon\u00bb][et_pb_row _builder_version=\u00bb4.25.1&#8243; _module_preset=\u00bbdefault\u00bb custom_margin=\u00bb55px||||false|false\u00bb global_colors_info=\u00bb{}\u00bb][et_pb_column type=\u00bb4_4&#8243; _builder_version=\u00bb4.25.1&#8243; _module_preset=\u00bbdefault\u00bb global_colors_info=\u00bb{}\u00bb][et_pb_heading title=\u00bbFORTALECIENDO RAICES \/\/ STRENGTHENING<br \/>\nROOTS.<br \/>\n\u00bb _builder_version=\u00bb4.25.1&#8243; _module_preset=\u00bbdefault\u00bb title_font=\u00bbBebas Neue||||||||\u00bb title_font_size=\u00bb50px\u00bb global_colors_info=\u00bb{}\u00bb][\/et_pb_heading][et_pb_text _builder_version=\u00bb4.25.1&#8243; _module_preset=\u00bbdefault\u00bb text_text_color=\u00bb#000000&#8243; text_font_size=\u00bb18px\u00bb global_colors_info=\u00bb{}\u00bb]<\/p>\n<p>La cuarta sesi\u00f3n del taller \u00abFortaleciendo Ra\u00edces\u00bb utiliz\u00f3 las artes del movimiento para vivenciar la experiencia corporal mediante la met\u00e1fora del \u00e1rbol y el bosque. Recibidos con m\u00fasica evocadora de la naturaleza, los participantes exploraron el espacio, encontraron un lugar propio y realizaron ejercicios de respiraci\u00f3n consciente y movimiento, imagin\u00e1ndose como \u00e1rboles, ramas o ra\u00edces. A pesar de los desaf\u00edos por el cambio de d\u00eda, que afect\u00f3 la asistencia inicial, la sesi\u00f3n cont\u00f3 con 10 participantes al comienzo, aumentando luego. Realizaron actividades en el parque, imagin\u00e1ndose como una familia de \u00e1rboles conectados por respeto y buen trato. A pesar del fr\u00edo, algunos participantes se descalzaron para explorar el espacio. Posteriormente, en una actividad art\u00edstica, se dibujaron como \u00e1rboles, reflejando sus experiencias en el parque, con algunas representaciones de sus tierras natales y otras abstracciones. Las participantes compartieron historias personales, valorando la armon\u00eda y la relajaci\u00f3n proporcionadas por las actividades del taller, destacando temas como la conexi\u00f3n, la libertad a trav\u00e9s del arte y la exploraci\u00f3n del ni\u00f1o interior.<\/p>\n<p>&nbsp;<\/p>\n<p>[\/et_pb_text][et_pb_text _builder_version=\u00bb4.25.1&#8243; _module_preset=\u00bbdefault\u00bb global_colors_info=\u00bb{}\u00bb]<\/p>\n<table class=\"wp-list-table widefat fixed striped table-view-list ipanorama_items\">\n<tbody id=\"the-list\" data-wp-lists=\"list:ipanorama_item\">\n<tr>\n<td class=\"shortcode column-shortcode\" data-colname=\"Shortcode\"><code><!-- ipanorama begin -->\n<div class=\"ipanorama ipnrm-3\"data-json-src=\"https:\/\/ecologiasdigitales.org\/wp-content\/uploads\/ipanorama\/3\/config.json?ver=1717956047\" data-item-id=\"3\" style=\"display:none;background-image:url(https:\/\/ecologiasdigitales.org\/wp-content\/uploads\/2024\/06\/Anadir-un-titulo-3.png);background-size:100% 100%;\">\n<div class=\"ipnrm-store\">\n<div class=\"ipnrm-scene\" data-scene-id=\"2F777BF75B\">\n<div class=\"ipnrm-markers-data\">\n<\/div>\n<div class=\"ipnrm-tooltips-data\">\n<div class=\"ipnrm-data\" data-marker-id=\"9AE39D56AA\">\n<\/div>\n<div class=\"ipnrm-data\" data-marker-id=\"9584BC9858\">\n<\/div>\n<div class=\"ipnrm-data\" data-marker-id=\"F51921258B\">\n<\/div>\n<div class=\"ipnrm-data\" data-marker-id=\"D96DACD9EC\">\n<\/div>\n<div class=\"ipnrm-data\" data-marker-id=\"C951EC5C5D\">\n<\/div>\n<div class=\"ipnrm-data\" data-marker-id=\"00D4A07E9F\">\n<\/div>\n<div class=\"ipnrm-data\" data-marker-id=\"94E92D50F3\">\n<\/div>\n<div class=\"ipnrm-data\" data-marker-id=\"B190E114F9\">\n<\/div>\n<\/div>\n<div class=\"ipnrm-popovers-data\">\n<div class=\"ipnrm-data\" data-marker-id=\"9AE39D56AA\">\n<p>\u00a0 \u00a0 \u00a0 \u00a0 <img loading=\"lazy\" decoding=\"async\" class=\"alignnone  wp-image-1257\" src=\"https:\/\/ecologiasdigitales.org\/wp-content\/uploads\/2024\/06\/4s8-300x205.jpg\" alt=\"\" width=\"382\" height=\"261\" \/> <img loading=\"lazy\" decoding=\"async\" class=\"alignnone  wp-image-1258\" src=\"https:\/\/ecologiasdigitales.org\/wp-content\/uploads\/2024\/06\/4s1-300x205.jpg\" alt=\"\" width=\"382\" height=\"261\" \/> <img loading=\"lazy\" decoding=\"async\" class=\"alignnone  wp-image-1260\" src=\"https:\/\/ecologiasdigitales.org\/wp-content\/uploads\/2024\/06\/4s6-300x205.jpg\" alt=\"\" width=\"380\" height=\"260\" \/><\/p><\/div>\n<div class=\"ipnrm-data\" data-marker-id=\"9584BC9858\">\n<p><img loading=\"lazy\" decoding=\"async\" class=\"alignnone  wp-image-1259\" src=\"https:\/\/ecologiasdigitales.org\/wp-content\/uploads\/2024\/06\/4s3-300x229.jpg\" alt=\"\" width=\"386\" height=\"295\" \/> <img loading=\"lazy\" decoding=\"async\" class=\"alignnone  wp-image-1261\" src=\"https:\/\/ecologiasdigitales.org\/wp-content\/uploads\/2024\/06\/4s5-300x229.jpg\" alt=\"\" width=\"387\" height=\"295\" \/> <img loading=\"lazy\" decoding=\"async\" class=\"alignnone  wp-image-1256\" src=\"https:\/\/ecologiasdigitales.org\/wp-content\/uploads\/2024\/06\/4s7-300x205.jpg\" alt=\"\" width=\"433\" height=\"296\" \/><\/p><\/div>\n<div class=\"ipnrm-data\" data-marker-id=\"F51921258B\">\n<p>\u00a0 \u00a0 \u00a0<img loading=\"lazy\" decoding=\"async\" class=\"wp-image-1286 alignnone\" src=\"https:\/\/ecologiasdigitales.org\/wp-content\/uploads\/2024\/06\/4s26-300x196.jpg\" alt=\"\" width=\"417\" height=\"273\" \/> <img loading=\"lazy\" decoding=\"async\" class=\"alignnone  wp-image-1291\" src=\"https:\/\/ecologiasdigitales.org\/wp-content\/uploads\/2024\/06\/4s24-300x163.jpg\" alt=\"\" width=\"490\" height=\"266\" \/>\u00a0<img loading=\"lazy\" decoding=\"async\" class=\"alignnone  wp-image-1290\" src=\"https:\/\/ecologiasdigitales.org\/wp-content\/uploads\/2024\/06\/4s12-1-300x200.jpg\" alt=\"\" width=\"414\" height=\"276\" \/> \u00a0<img loading=\"lazy\" decoding=\"async\" class=\"alignnone  wp-image-1287\" src=\"https:\/\/ecologiasdigitales.org\/wp-content\/uploads\/2024\/06\/4s27-300x181.jpg\" alt=\"\" width=\"456\" height=\"275\" \/><\/p><\/div>\n<div class=\"ipnrm-data\" data-marker-id=\"D96DACD9EC\">\n<p>\u00a0 \u00a0 \u00a0 \u00a0 \u00a0 \u00a0 \u00a0<img loading=\"lazy\" decoding=\"async\" class=\"alignnone  wp-image-1266\" src=\"https:\/\/ecologiasdigitales.org\/wp-content\/uploads\/2024\/06\/4s11-300x238.jpg\" alt=\"\" width=\"461\" height=\"366\" \/> <img loading=\"lazy\" decoding=\"async\" class=\"alignnone  wp-image-1268\" src=\"https:\/\/ecologiasdigitales.org\/wp-content\/uploads\/2024\/06\/4s13-300x268.jpg\" alt=\"\" width=\"408\" height=\"365\" \/> <img loading=\"lazy\" decoding=\"async\" class=\"alignnone  wp-image-1269\" src=\"https:\/\/ecologiasdigitales.org\/wp-content\/uploads\/2024\/06\/4s14-205x300.jpg\" alt=\"\" width=\"249\" height=\"364\" \/><\/p><\/div>\n<div class=\"ipnrm-data\" data-marker-id=\"C951EC5C5D\">\n<p>\u00a0 \u00a0 \u00a0<img loading=\"lazy\" decoding=\"async\" class=\"alignnone  wp-image-1271\" src=\"https:\/\/ecologiasdigitales.org\/wp-content\/uploads\/2024\/06\/4s15-300x214.jpg\" alt=\"\" width=\"454\" height=\"324\" \/> <img loading=\"lazy\" decoding=\"async\" class=\"alignnone  wp-image-1272\" src=\"https:\/\/ecologiasdigitales.org\/wp-content\/uploads\/2024\/06\/4s16-300x223.jpg\" alt=\"\" width=\"435\" height=\"323\" \/> <img loading=\"lazy\" decoding=\"async\" class=\"alignnone  wp-image-1273\" src=\"https:\/\/ecologiasdigitales.org\/wp-content\/uploads\/2024\/06\/4s17-268x300.jpg\" alt=\"\" width=\"290\" height=\"325\" \/><\/p><\/div>\n<div class=\"ipnrm-data\" data-marker-id=\"00D4A07E9F\">\n<p>\u00a0 \u00a0 \u00a0 \u00a0 \u00a0 \u00a0 \u00a0 \u00a0<img loading=\"lazy\" decoding=\"async\" class=\"alignnone  wp-image-1276\" src=\"https:\/\/ecologiasdigitales.org\/wp-content\/uploads\/2024\/06\/4s20-300x204.jpg\" alt=\"\" width=\"480\" height=\"326\" \/> <img loading=\"lazy\" decoding=\"async\" class=\"alignnone  wp-image-1275\" src=\"https:\/\/ecologiasdigitales.org\/wp-content\/uploads\/2024\/06\/4s19-300x248.jpg\" alt=\"\" width=\"393\" height=\"325\" \/> <img loading=\"lazy\" decoding=\"async\" class=\"alignnone  wp-image-1274\" src=\"https:\/\/ecologiasdigitales.org\/wp-content\/uploads\/2024\/06\/4s18-214x300.jpg\" alt=\"\" width=\"231\" height=\"324\" \/><\/p><\/div>\n<div class=\"ipnrm-data\" data-marker-id=\"94E92D50F3\">\n<p>\u00a0 \u00a0 \u00a0 \u00a0<img loading=\"lazy\" decoding=\"async\" class=\"alignnone  wp-image-1277\" src=\"https:\/\/ecologiasdigitales.org\/wp-content\/uploads\/2024\/06\/4s21-300x217.jpg\" alt=\"\" width=\"365\" height=\"264\" \/> <img loading=\"lazy\" decoding=\"async\" class=\"alignnone  wp-image-1278\" src=\"https:\/\/ecologiasdigitales.org\/wp-content\/uploads\/2024\/06\/4s22-300x173.jpg\" alt=\"\" width=\"454\" height=\"262\" \/> <img loading=\"lazy\" decoding=\"async\" class=\"alignnone  wp-image-1279\" src=\"https:\/\/ecologiasdigitales.org\/wp-content\/uploads\/2024\/06\/4s23-300x215.jpg\" alt=\"\" width=\"362\" height=\"260\" \/><\/p><\/div>\n<div class=\"ipnrm-data\" data-marker-id=\"B190E114F9\">\n<p>\u00a0 \u00a0 <img loading=\"lazy\" decoding=\"async\" class=\"alignnone  wp-image-1289\" src=\"https:\/\/ecologiasdigitales.org\/wp-content\/uploads\/2024\/06\/4s10-300x246.jpg\" alt=\"\" width=\"368\" height=\"301\" \/> <img loading=\"lazy\" decoding=\"async\" class=\"alignnone  wp-image-1285\" src=\"https:\/\/ecologiasdigitales.org\/wp-content\/uploads\/2024\/06\/4s25-300x238.jpg\" alt=\"\" width=\"381\" height=\"302\" \/> <img loading=\"lazy\" decoding=\"async\" class=\"alignnone  wp-image-1265\" src=\"https:\/\/ecologiasdigitales.org\/wp-content\/uploads\/2024\/06\/4s9-300x209.jpg\" alt=\"\" width=\"436\" height=\"304\" \/><\/p><\/div>\n<\/div>\n<\/div>\n<\/div>\n<\/div>\n<!-- ipanorama end -->\n<\/code><\/td>\n<\/tr>\n<\/tbody>\n<\/table>\n<p>[\/et_pb_text][\/et_pb_column][\/et_pb_row][\/et_pb_section][et_pb_section fb_built=\u00bb1&#8243; next_background_color=\u00bb#d8c6ff\u00bb _builder_version=\u00bb4.25.1&#8243; _module_preset=\u00bbdefault\u00bb background_color=\u00bbrgba(255,247,232,0.84)\u00bb background_enable_image=\u00bboff\u00bb background_blend=\u00bbsoft-light\u00bb background_enable_mask_style=\u00bbon\u00bb background_mask_style=\u00bbcorner-pill\u00bb background_mask_color=\u00bb#fcf8f2&#8243; background_mask_transform=\u00bbinvert\u00bb top_divider_style=\u00bbwave2&#8243; top_divider_color=\u00bbrgba(255,247,232,0.84)\u00bb top_divider_height=\u00bb42px\u00bb bottom_divider_style=\u00bbcurve2&#8243; da_disable_devices=\u00bboff|off|off\u00bb global_colors_info=\u00bb{}\u00bb da_is_popup=\u00bboff\u00bb da_exit_intent=\u00bboff\u00bb da_has_close=\u00bbon\u00bb da_alt_close=\u00bboff\u00bb da_dark_close=\u00bboff\u00bb da_not_modal=\u00bbon\u00bb da_is_singular=\u00bboff\u00bb da_with_loader=\u00bboff\u00bb da_has_shadow=\u00bbon\u00bb][et_pb_row _builder_version=\u00bb4.25.1&#8243; _module_preset=\u00bbdefault\u00bb global_colors_info=\u00bb{}\u00bb][et_pb_column type=\u00bb4_4&#8243; _builder_version=\u00bb4.25.1&#8243; _module_preset=\u00bbdefault\u00bb global_colors_info=\u00bb{}\u00bb][et_pb_heading title=\u00bbARMANDO EL VIAJE \/\/ PARTING THE TRIP \u00bb _builder_version=\u00bb4.25.1&#8243; _module_preset=\u00bbdefault\u00bb title_font=\u00bbBebas Neue||||||||\u00bb title_text_color=\u00bb#000000&#8243; title_font_size=\u00bb50px\u00bb global_colors_info=\u00bb{}\u00bb][\/et_pb_heading][\/et_pb_column][\/et_pb_row][et_pb_row column_structure=\u00bb3_5,2_5&#8243; _builder_version=\u00bb4.25.1&#8243; _module_preset=\u00bbdefault\u00bb global_colors_info=\u00bb{}\u00bb][et_pb_column type=\u00bb3_5&#8243; _builder_version=\u00bb4.25.1&#8243; _module_preset=\u00bbdefault\u00bb global_colors_info=\u00bb{}\u00bb][et_pb_video src=\u00bbhttps:\/\/ecologiasdigitales.org\/wp-content\/uploads\/2024\/06\/sesion-5.mp4&#8243; font_icon=\u00bb&#x49;||divi||400&#8243; use_icon_font_size=\u00bbon\u00bb _builder_version=\u00bb4.25.1&#8243; _module_preset=\u00bbdefault\u00bb global_colors_info=\u00bb{}\u00bb][\/et_pb_video][et_pb_gallery gallery_ids=\u00bb1293,1310,1309,1308,1307,1306,1305,1304,1303,1302,1301,1300,1299,1298,1297,1296,1295,1294&#8243; posts_number=\u00bb2&#8243; show_title_and_caption=\u00bboff\u00bb _builder_version=\u00bb4.25.1&#8243; _module_preset=\u00bbdefault\u00bb custom_padding=\u00bb|0px||||\u00bb global_colors_info=\u00bb{}\u00bb][\/et_pb_gallery][\/et_pb_column][et_pb_column type=\u00bb2_5&#8243; _builder_version=\u00bb4.25.1&#8243; _module_preset=\u00bbdefault\u00bb global_colors_info=\u00bb{}\u00bb][et_pb_text _builder_version=\u00bb4.25.1&#8243; _module_preset=\u00bbdefault\u00bb text_text_color=\u00bb#000000&#8243; text_font_size=\u00bb18px\u00bb global_colors_info=\u00bb{}\u00bb]<\/p>\n<p>La quinta sesi\u00f3n del taller \u00abArmando el Viaje\u00bb se centr\u00f3 en fortalecer las relaciones para gestionar desencuentros en lugares de paso durante un viaje. Las participantes prepararon su \u00abviaje\u00bb a trav\u00e9s de ejercicios de visualizaci\u00f3n y creaci\u00f3n de listas de necesidades, reflejando tanto lo material como lo inmaterial en libretas personales. La actividad de preparar una maleta imaginaria llev\u00f3 a reflexiones sobre lugares significativos y lo esencial para llevar en un viaje, revelando reticencias para formar amistades duraderas en Dinamarca. El canto facilit\u00f3 la cohesi\u00f3n del grupo, y las actividades art\u00edsticas permitieron expresar experiencias y desaf\u00edos personales, aunque hubo confusi\u00f3n inicial. La sesi\u00f3n concluy\u00f3 con la lectura de pensamientos y poemas sobre experiencias dolorosas y de crecimiento personal, ofreciendo apoyo emocional y destacando la fuerza del colectivo, proyectando una narrativa hacia el futuro pese a algunas p\u00e9rdidas de ritmo entre ejercicios.<\/p>\n<p>[\/et_pb_text][\/et_pb_column][\/et_pb_row][\/et_pb_section][et_pb_section fb_built=\u00bb1&#8243; specialty=\u00bbon\u00bb _builder_version=\u00bb4.25.1&#8243; _module_preset=\u00bbdefault\u00bb background_color=\u00bb#d8c6ff\u00bb background_enable_mask_style=\u00bbon\u00bb background_mask_style=\u00bbdiagonal-bars-2&#8243; background_mask_color=\u00bb#e0d3ff\u00bb da_disable_devices=\u00bboff|off|off\u00bb global_colors_info=\u00bb{}\u00bb da_is_popup=\u00bboff\u00bb da_exit_intent=\u00bboff\u00bb da_has_close=\u00bbon\u00bb da_alt_close=\u00bboff\u00bb da_dark_close=\u00bboff\u00bb da_not_modal=\u00bbon\u00bb da_is_singular=\u00bboff\u00bb da_with_loader=\u00bboff\u00bb da_has_shadow=\u00bbon\u00bb][et_pb_column type=\u00bb1_2&#8243; specialty_columns=\u00bb2&#8243; _builder_version=\u00bb4.16&#8243; custom_padding=\u00bb|||\u00bb global_colors_info=\u00bb{}\u00bb custom_padding__hover=\u00bb|||\u00bb][et_pb_row_inner _builder_version=\u00bb4.25.1&#8243; _module_preset=\u00bbdefault\u00bb global_colors_info=\u00bb{}\u00bb][et_pb_column_inner saved_specialty_column_type=\u00bb1_2&#8243; _builder_version=\u00bb4.25.1&#8243; _module_preset=\u00bbdefault\u00bb global_colors_info=\u00bb{}\u00bb][et_pb_heading title=\u00bbTRAJES SOLIDARIOS \/\/ SOLIDARITY SUITS.\u00bb _builder_version=\u00bb4.25.1&#8243; _module_preset=\u00bbdefault\u00bb title_font=\u00bbBebas Neue||||||||\u00bb title_font_size=\u00bb50px\u00bb custom_margin=\u00bb||-51px||false|false\u00bb global_colors_info=\u00bb{}\u00bb][\/et_pb_heading][\/et_pb_column_inner][\/et_pb_row_inner][et_pb_row_inner _builder_version=\u00bb4.25.1&#8243; _module_preset=\u00bbdefault\u00bb global_colors_info=\u00bb{}\u00bb][et_pb_column_inner saved_specialty_column_type=\u00bb1_2&#8243; _builder_version=\u00bb4.25.1&#8243; _module_preset=\u00bbdefault\u00bb global_colors_info=\u00bb{}\u00bb][et_pb_text _builder_version=\u00bb4.25.1&#8243; _module_preset=\u00bbdefault\u00bb text_font_size=\u00bb18px\u00bb global_colors_info=\u00bb{}\u00bb]<\/p>\n<p>La sexta sesi\u00f3n del taller \u00abTrajes Solidarios\u00bb se centr\u00f3 en reconocer y potenciar la fuerza femenina en la creaci\u00f3n colectiva. Los participantes, divididos en subgrupos, compartieron historias personales sobre lo femenino y crearon nuevas narrativas colectivas, confeccionando trajes simb\u00f3licos con papel y otros materiales. La actividad culmin\u00f3 con una pasarela de solidaridad, donde exhibieron sus trajes y celebraron las conexiones creadas. La sesi\u00f3n comenz\u00f3 con din\u00e1micas rompehielos que fomentaron la expresi\u00f3n corporal y el contacto f\u00edsico, explorando temas de feminidad, tab\u00faes y confusiones sobre la identidad de g\u00e9nero mediante discusiones y actividades art\u00edsticas. Los participantes reflexionaron sobre libertad, competencia, estereotipos de g\u00e9nero y expresi\u00f3n a trav\u00e9s del juego y el arte. Aunque no se observaron perturbaciones durante el taller, algunas participantes experimentaron emociones dif\u00edciles posteriormente, destacando la necesidad de equilibrar roles de g\u00e9nero y ser conscientes de las din\u00e1micas sociales para poder cambiarlas.<\/p>\n<p>[\/et_pb_text][\/et_pb_column_inner][\/et_pb_row_inner][\/et_pb_column][et_pb_column type=\u00bb1_2&#8243; _builder_version=\u00bb4.16&#8243; custom_padding=\u00bb|||\u00bb global_colors_info=\u00bb{}\u00bb custom_padding__hover=\u00bb|||\u00bb][et_pb_gallery gallery_ids=\u00bb1325,1331,1330,1329,1328,1327,1326&#8243; show_title_and_caption=\u00bboff\u00bb _builder_version=\u00bb4.25.1&#8243; _module_preset=\u00bbdefault\u00bb custom_margin=\u00bb108px||||false|false\u00bb global_colors_info=\u00bb{}\u00bb][\/et_pb_gallery][\/et_pb_column][\/et_pb_section][et_pb_section fb_built=\u00bb1&#8243; _builder_version=\u00bb4.25.1&#8243; _module_preset=\u00bbdefault\u00bb background_color=\u00bb#e0d3ff\u00bb background_enable_mask_style=\u00bbon\u00bb background_mask_style=\u00bbrock-stack\u00bb background_mask_color=\u00bbrgba(255,247,232,0.84)\u00bb background_mask_transform=\u00bbflip_horizontal\u00bb background_mask_aspect_ratio=\u00bbsquare\u00bb background_mask_size=\u00bbcover\u00bb top_divider_style=\u00bbcurve\u00bb top_divider_color=\u00bb#e0d3ff\u00bb top_divider_height=\u00bb29px\u00bb bottom_divider_style=\u00bbwave2&#8243; bottom_divider_color=\u00bb#e0d3ff\u00bb da_disable_devices=\u00bboff|off|off\u00bb global_colors_info=\u00bb{}\u00bb da_is_popup=\u00bboff\u00bb da_exit_intent=\u00bboff\u00bb da_has_close=\u00bbon\u00bb da_alt_close=\u00bboff\u00bb da_dark_close=\u00bboff\u00bb da_not_modal=\u00bbon\u00bb da_is_singular=\u00bboff\u00bb da_with_loader=\u00bboff\u00bb da_has_shadow=\u00bbon\u00bb][et_pb_row column_structure=\u00bb2_5,3_5&#8243; _builder_version=\u00bb4.25.1&#8243; _module_preset=\u00bbdefault\u00bb global_colors_info=\u00bb{}\u00bb][et_pb_column type=\u00bb2_5&#8243; _builder_version=\u00bb4.25.1&#8243; _module_preset=\u00bbdefault\u00bb global_colors_info=\u00bb{}\u00bb][et_pb_heading title=\u00bbFUTURO POSIBLE \/\/ POSSIBLE FUTURE. \u00bb _builder_version=\u00bb4.25.1&#8243; _module_preset=\u00bbdefault\u00bb title_font=\u00bbBebas Neue||||||||\u00bb title_font_size=\u00bb50px\u00bb global_colors_info=\u00bb{}\u00bb][\/et_pb_heading][et_pb_gallery gallery_ids=\u00bb1338,1359,1358,1357,1356,1355,1354,1353,1352,1351,1350,1349,1348,1347,1346,1345,1344,1343,1342&#8243; posts_number=\u00bb2&#8243; show_title_and_caption=\u00bboff\u00bb _builder_version=\u00bb4.25.1&#8243; _module_preset=\u00bbdefault\u00bb global_colors_info=\u00bb{}\u00bb][\/et_pb_gallery][\/et_pb_column][et_pb_column type=\u00bb3_5&#8243; _builder_version=\u00bb4.25.1&#8243; _module_preset=\u00bbdefault\u00bb global_colors_info=\u00bb{}\u00bb][et_pb_video_slider show_image_overlay=\u00bbon\u00bb play_icon_color=\u00bb#FFFFFF\u00bb _builder_version=\u00bb4.25.1&#8243; _module_preset=\u00bbdefault\u00bb border_radii=\u00bbon|5px|5px|5px|5px\u00bb global_colors_info=\u00bb{}\u00bb][et_pb_video_slider_item src=\u00bbhttps:\/\/ecologiasdigitales.org\/wp-content\/uploads\/2024\/06\/sesion7.mp4&#8243; _builder_version=\u00bb4.25.1&#8243; _module_preset=\u00bbdefault\u00bb global_colors_info=\u00bb{}\u00bb show_image_overlay=\u00bbon\u00bb][\/et_pb_video_slider_item][et_pb_video_slider_item src=\u00bbhttps:\/\/ecologiasdigitales.org\/wp-content\/uploads\/2024\/06\/sesion-71.mp4&#8243; _builder_version=\u00bb4.25.1&#8243; _module_preset=\u00bbdefault\u00bb global_colors_info=\u00bb{}\u00bb show_image_overlay=\u00bbon\u00bb][\/et_pb_video_slider_item][et_pb_video_slider_item src=\u00bbhttps:\/\/ecologiasdigitales.org\/wp-content\/uploads\/2024\/06\/sesdion-73.mp4&#8243; _builder_version=\u00bb4.25.1&#8243; _module_preset=\u00bbdefault\u00bb global_colors_info=\u00bb{}\u00bb show_image_overlay=\u00bbon\u00bb][\/et_pb_video_slider_item][et_pb_video_slider_item src=\u00bbhttps:\/\/ecologiasdigitales.org\/wp-content\/uploads\/2024\/06\/sesdion-72.mp4&#8243; _builder_version=\u00bb4.25.1&#8243; _module_preset=\u00bbdefault\u00bb global_colors_info=\u00bb{}\u00bb show_image_overlay=\u00bbon\u00bb][\/et_pb_video_slider_item][\/et_pb_video_slider][et_pb_toggle title=\u00bbsesi\u00f3n 7&#8243; open_toggle_text_color=\u00bb#000000&#8243; open_toggle_background_color=\u00bbrgba(224,211,255,0.8)\u00bb closed_toggle_background_color=\u00bbrgba(224,211,255,0.6)\u00bb icon_color=\u00bb#000000&#8243; toggle_icon=\u00bb&#x3b;||divi||400&#8243; use_icon_font_size=\u00bbon\u00bb icon_font_size=\u00bb22px\u00bb open_icon_color=\u00bb#000000&#8243; open_toggle_icon=\u00bb&#x3a;||divi||400&#8243; open_use_icon_font_size=\u00bbon\u00bb open_icon_font_size=\u00bb22px\u00bb _builder_version=\u00bb4.25.1&#8243; _module_preset=\u00bbdefault\u00bb title_text_color=\u00bb#000000&#8243; title_font=\u00bbBebas Neue||||||||\u00bb title_font_size=\u00bb22px\u00bb body_font_size=\u00bb16px\u00bb global_colors_info=\u00bb{}\u00bb]<\/p>\n<p>La s\u00e9ptima sesi\u00f3n del taller \u00abUn Futuro Posible\u00bb invit\u00f3 a los participantes a compartir su visi\u00f3n de un futuro ideal mediante la creaci\u00f3n de collages y una mezcla de especias. Guiados a cerrar los ojos y visualizar su futuro, los participantes usaron revistas, tijeras y pegamento para crear collages que representaron sus deseos y aspiraciones, exponi\u00e9ndolos en un mural colectivo. La sesi\u00f3n, que comenz\u00f3 con canto, movimiento y abrazos grupales para fomentar un ambiente c\u00e1lido, permiti\u00f3 a los participantes expresar esperanza, miedo e inseguridad. La t\u00e9cnica del collage ayud\u00f3 a visualizar sus deseos y preocupaciones, mientras una actividad con especias evoc\u00f3 recuerdos culturales y relaj\u00f3 el ambiente. La sesi\u00f3n concluy\u00f3 con un collage grupal y una canci\u00f3n de una participante, fortaleciendo la cohesi\u00f3n del grupo y proyectando una visi\u00f3n esperanzadora del futuro de manera efectiva.<\/p>\n<p>[\/et_pb_toggle][\/et_pb_column][\/et_pb_row][\/et_pb_section][et_pb_section fb_built=\u00bb1&#8243; prev_background_color=\u00bb#000000&#8243; _builder_version=\u00bb4.25.1&#8243; _module_preset=\u00bbdefault\u00bb background_color=\u00bb#e0d3ff\u00bb background_enable_mask_style=\u00bbon\u00bb background_mask_style=\u00bbsquare-stripes\u00bb background_mask_color=\u00bbrgba(255,247,232,0.84)\u00bb top_divider_style=\u00bbwave2&#8243; bottom_divider_style=\u00bbcurve2&#8243; bottom_divider_color=\u00bbrgba(255,247,232,0.84)\u00bb da_disable_devices=\u00bboff|off|off\u00bb global_colors_info=\u00bb{}\u00bb da_is_popup=\u00bboff\u00bb da_exit_intent=\u00bboff\u00bb da_has_close=\u00bbon\u00bb da_alt_close=\u00bboff\u00bb da_dark_close=\u00bboff\u00bb da_not_modal=\u00bbon\u00bb da_is_singular=\u00bboff\u00bb da_with_loader=\u00bboff\u00bb da_has_shadow=\u00bbon\u00bb][et_pb_row _builder_version=\u00bb4.25.1&#8243; _module_preset=\u00bbdefault\u00bb global_colors_info=\u00bb{}\u00bb][et_pb_column type=\u00bb4_4&#8243; _builder_version=\u00bb4.25.1&#8243; _module_preset=\u00bbdefault\u00bb global_colors_info=\u00bb{}\u00bb][et_pb_heading title=\u00bbUN BAILE PARA AGRADECER \/\/ A DANCE TO BE THANKFUL. \u00bb _builder_version=\u00bb4.25.1&#8243; _module_preset=\u00bbdefault\u00bb title_font=\u00bbBebas Neue||||||||\u00bb title_font_size=\u00bb50px\u00bb custom_margin=\u00bb43px||||false|false\u00bb global_colors_info=\u00bb{}\u00bb][\/et_pb_heading][\/et_pb_column][\/et_pb_row][et_pb_row column_structure=\u00bb2_5,3_5&#8243; _builder_version=\u00bb4.25.1&#8243; _module_preset=\u00bbdefault\u00bb global_colors_info=\u00bb{}\u00bb][et_pb_column type=\u00bb2_5&#8243; _builder_version=\u00bb4.25.1&#8243; _module_preset=\u00bbdefault\u00bb global_colors_info=\u00bb{}\u00bb][et_pb_text _builder_version=\u00bb4.25.1&#8243; _module_preset=\u00bbdefault\u00bb text_text_color=\u00bb#000000&#8243; text_font_size=\u00bb18px\u00bb global_colors_info=\u00bb{}\u00bb]<\/p>\n<p>La \u00faltima sesi\u00f3n del taller, titulada \u00abAgradecer lo Bailado Celebrando lo Vivido,\u00bb se dedic\u00f3 a celebrar la finalizaci\u00f3n del taller mediante la danza y el movimiento. Los participantes se ubicaron en un espacio c\u00f3modo y realizaron ejercicios de respiraci\u00f3n y movilidad articular, adaptados a sus capacidades f\u00edsicas. A trav\u00e9s de una exploraci\u00f3n de movimientos individuales y colectivos, se cre\u00f3 una coreograf\u00eda final que celebr\u00f3 el cierre del taller y las experiencias compartidas. Este proceso culmin\u00f3 con un turno de palabra se expresaron sus reflexiones y agradecimientos. Durante la implementaci\u00f3n, se cambiaron los roles entre talleristas y participantes, con dos participantes que saben bailar cumbia y dan clases de baile liderando la primera parte de la sesi\u00f3n. Este cambio de roles fue clave para la Investigaci\u00f3n Creaci\u00f3n Aplicada, posibilitando la co-creaci\u00f3n de forma horizontal.<\/p>\n<p>[\/et_pb_text][\/et_pb_column][et_pb_column type=\u00bb3_5&#8243; _builder_version=\u00bb4.25.1&#8243; _module_preset=\u00bbdefault\u00bb global_colors_info=\u00bb{}\u00bb][et_pb_gallery gallery_ids=\u00bb1546,1547,1548,1549,1550,1551,1552,1555&#8243; show_title_and_caption=\u00bboff\u00bb _builder_version=\u00bb4.25.1&#8243; _module_preset=\u00bbdefault\u00bb global_colors_info=\u00bb{}\u00bb][\/et_pb_gallery][\/et_pb_column][\/et_pb_row][\/et_pb_section][et_pb_section fb_built=\u00bb1&#8243; fullwidth=\u00bbon\u00bb _builder_version=\u00bb4.25.1&#8243; _module_preset=\u00bbdefault\u00bb da_disable_devices=\u00bboff|off|off\u00bb global_colors_info=\u00bb{}\u00bb da_is_popup=\u00bboff\u00bb da_exit_intent=\u00bboff\u00bb da_has_close=\u00bbon\u00bb da_alt_close=\u00bboff\u00bb da_dark_close=\u00bboff\u00bb da_not_modal=\u00bbon\u00bb da_is_singular=\u00bboff\u00bb da_with_loader=\u00bboff\u00bb da_has_shadow=\u00bbon\u00bb][\/et_pb_section]<\/p>\n","protected":false},"excerpt":{"rendered":"<p>\u00abRespirando\u00bb es un espacio de co-creaci\u00f3n que utiliza pr\u00e1cticas performativas para fomentar la integraci\u00f3n y el apoyo mutuo entre personas en tr\u00e1nsito. A trav\u00e9s de ocho sesiones cuidadosamente dise\u00f1adas, los participantes exploraron diversas formas de expresi\u00f3n art\u00edstica, desde la danza y el movimiento hasta la cocina y la creaci\u00f3n t\u00e1ctil. Cada sesi\u00f3n fue una oportunidad [&hellip;]<\/p>\n","protected":false},"author":2,"featured_media":0,"parent":0,"menu_order":0,"comment_status":"closed","ping_status":"closed","template":"","meta":{"_et_pb_use_builder":"on","_et_pb_old_content":"","_et_gb_content_width":"","_coblocks_attr":"","_coblocks_dimensions":"","_coblocks_responsive_height":"","_coblocks_accordion_ie_support":"","om_disable_all_campaigns":false,"_monsterinsights_skip_tracking":false,"_monsterinsights_sitenote_active":false,"_monsterinsights_sitenote_note":"","_monsterinsights_sitenote_category":0,"_uf_show_specific_survey":0,"_uf_disable_surveys":false,"footnotes":""},"class_list":["post-1142","page","type-page","status-publish","hentry"],"aioseo_notices":[],"_links":{"self":[{"href":"https:\/\/ecologiasdigitales.org\/en\/wp-json\/wp\/v2\/pages\/1142","targetHints":{"allow":["GET"]}}],"collection":[{"href":"https:\/\/ecologiasdigitales.org\/en\/wp-json\/wp\/v2\/pages"}],"about":[{"href":"https:\/\/ecologiasdigitales.org\/en\/wp-json\/wp\/v2\/types\/page"}],"author":[{"embeddable":true,"href":"https:\/\/ecologiasdigitales.org\/en\/wp-json\/wp\/v2\/users\/2"}],"replies":[{"embeddable":true,"href":"https:\/\/ecologiasdigitales.org\/en\/wp-json\/wp\/v2\/comments?post=1142"}],"version-history":[{"count":76,"href":"https:\/\/ecologiasdigitales.org\/en\/wp-json\/wp\/v2\/pages\/1142\/revisions"}],"predecessor-version":[{"id":1603,"href":"https:\/\/ecologiasdigitales.org\/en\/wp-json\/wp\/v2\/pages\/1142\/revisions\/1603"}],"wp:attachment":[{"href":"https:\/\/ecologiasdigitales.org\/en\/wp-json\/wp\/v2\/media?parent=1142"}],"curies":[{"name":"wp","href":"https:\/\/api.w.org\/{rel}","templated":true}]}}